
{"id":113827,"date":"2024-01-08T15:58:16","date_gmt":"2024-01-08T14:58:16","guid":{"rendered":"https:\/\/ibecbarcelona.eu\/research-groups\/spatial-biotechnology\/"},"modified":"2026-01-16T11:45:46","modified_gmt":"2026-01-16T10:45:46","slug":"spatial-biotechnology","status":"publish","type":"page","link":"https:\/\/ibecbarcelona.eu\/ca\/research-groups\/spatial-biotechnology\/","title":{"rendered":"Spatial Biotechnology"},"content":{"rendered":"\n<p><\/p>\n\n\n<div class=\"responsive-tabs\">\n<h2 class=\"tabtitle\">About<\/h2>\n<div class=\"tabcontent\">\n\n\n\n\n<h4 class=\"wp-block-heading\">Cells continuously sense their environment by integrating multiple input signals from neighbouring cells and respond to them with a fast-flowing cascade of abundant outputs. In turn, these outputs modify the environment. <\/h4>\n\n\n\n<p>Taking a set of distinct cell types, this spatiotemporal combinatorial phenomenon can presumedly lead to a vast number of multicellular spatial patterns (Figure 1). Still, only a relatively limited number of stable multicellular spatial patterns with functions (and dysfunctions) emerge from all possible coordination events amongst multiple cell types. For these patterns to repeatedly arise in distinct organisms, a set of principles driving the spatial organization of multiple cell types must be conserved; however, these principles remain largely unknown as we have only recently begun to understand how multicellular organization works. Being able to read, anticipate the outputs, and eventually control the principles behind the spatial organization of multiple cell types are, to us, some of the most fascinating problems of modern biotechnology. Advances in this area are expected to be key to manipulate tissue function and, therefore, they will undoubtedly bring numerous benefits to society: from a deeper understanding of the natural world to better cell-based therapies, diagnostics tools, and engineered tissues for precision and regenerative medicine.<\/p>\n\n\n\n<figure class=\"wp-block-image size-full is-resized\"><img decoding=\"async\" width=\"675\" height=\"195\" data-src=\"https:\/\/ibecbarcelona.eu\/wp-content\/uploads\/2024\/01\/Imagen-1.png\" alt=\"\" class=\"wp-image-113813 lazyload\" style=\"--smush-placeholder-width: 675px; --smush-placeholder-aspect-ratio: 675\/195;width:955px;height:auto\" data-srcset=\"https:\/\/ibecbarcelona.eu\/wp-content\/uploads\/2024\/01\/Imagen-1.png 675w, https:\/\/ibecbarcelona.eu\/wp-content\/uploads\/2024\/01\/Imagen-1-300x87.png 300w\" data-sizes=\"(max-width: 675px) 100vw, 675px\" src=\"data:image\/svg+xml;base64,PHN2ZyB3aWR0aD0iMSIgaGVpZ2h0PSIxIiB4bWxucz0iaHR0cDovL3d3dy53My5vcmcvMjAwMC9zdmciPjwvc3ZnPg==\" \/><\/figure>\n\n\n\n<pre class=\"wp-block-verse\"><strong>Figure 1.<\/strong> A set of cell types can theoretically arrange in a vast number of spatial patterns.<\/pre>\n\n\n\n<p>In the Spatial Biotechnology group, we are making headway on this problem via the in-depth study of clonal behaviors in solid tumors. The number of cancer patients is expected to skyrocket in the next few decades in part due to the progressive aging of the population. Therefore, it is imperative to improve and expedite cancer management. A common reason for the failure of current therapies in solid tumors is that they are highly heterogeneous entities, and a major source fueling this heterogeneity is clonal diversity, which encompasses genetic variability and epigenetically regulated cell states. Clonal diversity significantly influences tumor growth, metastasis, and therapy response. It is increasingly clear that the spatial organization of cancer cell clones is a crucial factor in solid tumor development, as cell fate is intimately linked to the local environment. However, our understanding of the rules governing clonal spatial organization in tumors is limited, largely due to the absence of mature experimental and computational frameworks to investigate clonal behaviors in the native tissue context.<\/p>\n\n\n\n<blockquote class=\"wp-block-quote is-layout-flow wp-block-quote-is-layout-flow\">\n<p><strong>The goal of the Spatial Biotechnology group is to develop high-throughput and spatial perturbation technologies to understand how cellular clones spatially organize to drive solid tumor development, with the long-term goal of designing better cancer therapies and tools to predict clinical outcomes.<\/strong> <\/p>\n<\/blockquote>\n\n\n\n<p>To achieve this goal, our group develops experimental and computational approaches for spatial multi-omics, and it applies them to interrogate and engineer a variety of clonal behaviors in solid tumors from clinical sources, murine models, and in vitro tissues. This interdisciplinary work builds on our expertise in developing highly multiplexed tissue imaging technologies, super-resolution, mass spectrometry, and multimodal microscopy, pooled genetic screens, assay automation strategies, immune cell engineering approaches, and computational tools for deconstructing molecular and cellular spatial patterns in cells and tissues (Figure 2).<\/p>\n\n\n\n<p>In the Spatial Biotechnology group, we focus on some of the most pressing questions in the field, specifically:<\/p>\n\n\n\n<p><strong>1) How is clonal cooperation established and maintained? <\/strong><br>The widespread clonal heterogeneity of human tumors implies that several ecological interactions are in play, together with clonal competition. Indeed, recent evidence supports that tumor evolution could be also driven by clonal cooperation, where growth equilibrium of two or more clones might be a path to optimal fitness. Using genome editing tools, pooled screens, and super-resolution multiplexed imaging, we interrogate molecular signatures of tens of genetically engineered cancer cell clones in the native tissue context in <em>in vivo<\/em> murine models. This work aims to characterize molecular determinants promoting clonal cooperation in cancer, which would provide causal understanding on how genetically unique clones arrange within a tumor and regulate tumor growth.<\/p>\n\n\n\n<p><strong>2) How does metabolite accessibility regulate the growth of neighboring cancer cell clones? <\/strong><br>Distinct environmental conditions simultaneously arise in multiple regions of a tumor providing selective pressure to the variable cancer cell population at place, further increasing heterogeneity or dramatically shifting the composition of the clonal pool. For instance, metabolic reprograming of cancer cells can result in localized and differential enrichment of metabolites. Using automation strategies and highly multiplexed imaging, we characterize clonal cancer cell behaviors in hundreds of in vitro 3D tumors growing in metabolically defined environmental conditions. This work aims to identify clonal signatures in specific metabolic environments, which would provide clues on how the environment regulates clonal growth and potentially inform future therapeutic interventions.<\/p>\n\n\n\n<p><strong>3) How do clonal populations and microenvironments evolve in primary tumors? <\/strong><br>The tumor microenvironment, which includes resident immune and stromal cells as well as the extracellular matrix, is closely linked to the evolution of the cancer cell population. Using spatial transcriptomics and histopathology-grade proteomics, we correlate molecular features that are predictive of clonal growth in a variety of patient cohorts in collaboration with clinicians. This work aims to identify clonal patterns in clinical tumor samples, which would inform about spatial features correlating with clinical outcome for better disease management.<\/p>\n\n\n\n<p><strong>4) How could adoptive T-cell transfer therapies be improved for solid tumor treatment? <\/strong><br>Some of the major obstacles to increase the success of adoptive T-cell transfer therapies for solid tumors is limited T-cell infiltration, persistence, and functionality. Using immune cell engineering approaches and highly multiplexed imaging, we track the tumor location of adoptive T-cell transfer therapies and assess their functional status in the native tissue environment of models permissive to T-cell infiltration. This work aims to identify molecular determinants of productive T-cell fitness, which would provide alternative options to improve current cell-based therapies for cancer.<\/p>\n\n\n\n<div class=\"wp-block-columns is-layout-flex wp-container-core-columns-is-layout-9d6595d7 wp-block-columns-is-layout-flex\">\n<div class=\"wp-block-column is-layout-flow wp-block-column-is-layout-flow\">\n<figure class=\"wp-block-image size-full\"><img decoding=\"async\" width=\"300\" height=\"300\" data-src=\"https:\/\/ibecbarcelona.eu\/wp-content\/uploads\/2024\/01\/Imagen-2-1.png\" alt=\"\" class=\"wp-image-113803 lazyload\" data-srcset=\"https:\/\/ibecbarcelona.eu\/wp-content\/uploads\/2024\/01\/Imagen-2-1.png 300w, https:\/\/ibecbarcelona.eu\/wp-content\/uploads\/2024\/01\/Imagen-2-1-150x150.png 150w\" data-sizes=\"(max-width: 300px) 100vw, 300px\" src=\"data:image\/svg+xml;base64,PHN2ZyB3aWR0aD0iMSIgaGVpZ2h0PSIxIiB4bWxucz0iaHR0cDovL3d3dy53My5vcmcvMjAwMC9zdmciPjwvc3ZnPg==\" style=\"--smush-placeholder-width: 300px; --smush-placeholder-aspect-ratio: 300\/300;\" \/><\/figure>\n<\/div>\n\n\n\n<div class=\"wp-block-column is-layout-flow wp-block-column-is-layout-flow\">\n<figure class=\"wp-block-image size-full\"><img decoding=\"async\" width=\"461\" height=\"464\" data-src=\"https:\/\/ibecbarcelona.eu\/wp-content\/uploads\/2024\/01\/Imagen-2-2.png\" alt=\"\" class=\"wp-image-113806 lazyload\" data-srcset=\"https:\/\/ibecbarcelona.eu\/wp-content\/uploads\/2024\/01\/Imagen-2-2.png 461w, https:\/\/ibecbarcelona.eu\/wp-content\/uploads\/2024\/01\/Imagen-2-2-298x300.png 298w, https:\/\/ibecbarcelona.eu\/wp-content\/uploads\/2024\/01\/Imagen-2-2-150x150.png 150w\" data-sizes=\"(max-width: 461px) 100vw, 461px\" src=\"data:image\/svg+xml;base64,PHN2ZyB3aWR0aD0iMSIgaGVpZ2h0PSIxIiB4bWxucz0iaHR0cDovL3d3dy53My5vcmcvMjAwMC9zdmciPjwvc3ZnPg==\" style=\"--smush-placeholder-width: 461px; --smush-placeholder-aspect-ratio: 461\/464;\" \/><\/figure>\n<\/div>\n\n\n\n<div class=\"wp-block-column is-layout-flow wp-block-column-is-layout-flow\">\n<figure class=\"wp-block-image size-full\"><img decoding=\"async\" width=\"300\" height=\"300\" data-src=\"https:\/\/ibecbarcelona.eu\/wp-content\/uploads\/2024\/01\/Imagen-2-3.png\" alt=\"\" class=\"wp-image-113809 lazyload\" data-srcset=\"https:\/\/ibecbarcelona.eu\/wp-content\/uploads\/2024\/01\/Imagen-2-3.png 300w, https:\/\/ibecbarcelona.eu\/wp-content\/uploads\/2024\/01\/Imagen-2-3-150x150.png 150w\" data-sizes=\"(max-width: 300px) 100vw, 300px\" src=\"data:image\/svg+xml;base64,PHN2ZyB3aWR0aD0iMSIgaGVpZ2h0PSIxIiB4bWxucz0iaHR0cDovL3d3dy53My5vcmcvMjAwMC9zdmciPjwvc3ZnPg==\" style=\"--smush-placeholder-width: 300px; --smush-placeholder-aspect-ratio: 300\/300;\" \/><\/figure>\n<\/div>\n<\/div>\n\n\n\n<pre class=\"wp-block-verse\"><strong>Figure 2.<\/strong> Representative highly multiplex images in a variety of models analyzed by Multiplex Ion Beam Imaging (MIBI), a spatial proteomics technology that detects 40+ antibodies in tissue sections using isotopes. (Left) Histopathology-grade MIBI in a section of human squamous cell carcinoma. (Middle) Clonal tracing studies using MIBI in a tumor grown in vivo. (Right) Super-resolution multiplex imaging of the nucleus of a cisplatin-treated TYK-nu cell, an ovarian cancer cell line.<\/pre>\n\n\n\n<p><\/p>\n\n\n\n<\/div><h2 class=\"tabtitle\">Staff<\/h2>\n<div class=\"tabcontent\">\n\n\n\n\n<p><\/p>\n\n\n\n<div class=\"group-staff-member\"><a href=\"\/member\/?empID=3187\">Azorin Sancho, Jon<\/a> <\/div><div class=\"group-staff-member\"><a href=\"\/member\/?empID=2815\">Casado Garc\u00eda-Consuegra, Jaime<\/a> <\/div><div class=\"group-staff-member\"><a href=\"\/member\/?empID=2880\">Casellas Diaz, Sergi<\/a> <\/div><div class=\"group-staff-member\"><a href=\"\/member\/?empID=3129\">Espa\u00f1a Romera, Oscar<\/a> <\/div><div class=\"group-staff-member\"><a href=\"\/member\/?empID=2990\">Jal Hern\u00e1ndez, Hugo<\/a> <\/div><div class=\"group-staff-member\"><a href=\"\/member\/?empID=2817\">Lain Contato, Michela<\/a> <\/div><div class=\"group-staff-member\"><a href=\"\/member\/?empID=3244\">Marini , Michela<\/a> <\/div><div class=\"group-staff-member\"><a href=\"\/member\/?empID=2730\">Rovira Clav\u00e9, Xavier<\/a> <\/div><div class=\"group-staff-member\"><a href=\"\/member\/?empID=3037\">Stankov\u00e1 , Jarmila<\/a> <\/div><div class=\"group-staff-member\"><a href=\"\/member\/?empID=2901\">Verdaguer Ger\u00f3nimo, Carles<\/a> <\/div>\n\n\n\n<p><\/p>\n\n\n\n<\/div><h2 class=\"tabtitle\">Projects<\/h2>\n<div class=\"tabcontent\">\n\n\n\n\n<p><\/p>\n\n\n\n<\/div><h2 class=\"tabtitle\">Publications<\/h2>\n<div class=\"tabcontent\">\n\n\n\n\n<pre class=\"wp-block-preformatted\">Check for more detailed information on the <a href=\"https:\/\/outputs.ibecbarcelona.eu\/en\/ipublic\/entity\/15091\" target=\"_blank\" rel=\"noreferrer noopener\">outputs of the Group<\/a> at <strong>IBEC CRIS<\/strong> portal.<\/pre>\n\n\n\n<p><strong>Publications list:<\/strong><\/p>\n\n\n\n<div class=\"loadpubs\"><\/div><script>\n    var url=\"https:\/\/ibecbarcelona.eu\/wp-content\/plugins\/ibec\/pubs\/spatial-biotechnology.html\";\n    jQuery(document).ready(function(){\n            jQuery(\".loadpubs\").load(url);\n    });\n    <\/script>\n\n\n\n<\/div><h2 class=\"tabtitle\">Collaborations<\/h2>\n<div class=\"tabcontent\">\n\n\n\n\n<p><\/p>\n\n\n\n<ul class=\"wp-block-list\">\n<li><strong>Prof. Garry Nolan&nbsp;<\/strong><br>Department of Pathology, Stanford University, United States<\/li>\n\n\n\n<li><strong>Prof. Julien Sage&nbsp;<\/strong><br>Department of Pediatrics, Stanford University, United States<\/li>\n\n\n\n<li><strong>Dr. Alexandros Drainas&nbsp;<\/strong><br>BioMed X Institute,&nbsp;Heidelberg, Germany<\/li>\n\n\n\n<li><strong>Dr. David McIlwain<\/strong>&nbsp;<br>University of Nevada, Reno, United States<\/li>\n\n\n\n<li><strong>Dr. Sizun Jiang&nbsp;<\/strong><br>Center for Virology and Vaccine Research, Harvard Medical School, United States<\/li>\n\n\n\n<li><strong>Dr. Franzi Blaeschke<\/strong>&nbsp;<br>German Cancer Research Center (DKFZ), Heidelberg, Germany<\/li>\n\n\n\n<li><strong>Dr. John Hickey<\/strong>&nbsp;<br>Department of Biomedical Engineering, Duke University, United States<\/li>\n\n\n\n<li><strong>Dr. Jolanda Sarno<\/strong>&nbsp;<br>Tettamanti Research Center, University of Milano-Bicocca, Italy<\/li>\n\n\n\n<li><strong>Prof. Miriam Cuatrecasas<\/strong>&nbsp;<br>IDIBAPS, Barcelona<\/li>\n\n\n\n<li><strong>Dr. Jordi Camps<\/strong>&nbsp;<br>IDIBAPS, Barcelona<\/li>\n<\/ul>\n\n\n\n<\/div><h2 class=\"tabtitle\">News<\/h2>\n<div class=\"tabcontent\">\n\n\n\n<div id=\"gutentastic-grid-0\" class=\"wp-block-gutentastic-post-layouts grid_style4   gutentastic-grid\" data-layout=\"grid_style4\" data-columns=\"1\" data-readmore=\"\" style=\"--block-title-color:var(--accent);--block-text-color:var(--contrast-2);--block-hover-color:var(--contrast-2);--item-gap : 0.5px; --item-gap-negative : -0.5px; --item-margin-bottom : 1px; --item-height: 285px; --image-height:; --columns-number:1;\"><div id=\"grid-posts\" class=\"grid-posts grid-column-12\"><article id=\"grid-article-132240\" class=\"post-item  grid-column-1 grid_style4 \" data-id=\"132240\" data-category=\"98\"><div class=\"post-content-area left\"><a class=\"post-link\" target=\"_self\" href=https:\/\/ibecbarcelona.eu\/ca\/tres-investigadors-de-ibec-reben-ajudes-de-associacio-espanyola-contra-el-cancer><div class=\"hover-excerpt\">Els investigadors de l&#8217;IBEC Xavier Rovira-Clav\u00e9, David Esporr\u00edn Ubieto i Ar\u00e1nzazu Villasante lideraran tres projectes de recerca seleccionats per l&#8217;Associaci\u00f3 Espanyola Contra el C\u00e0ncer en la seva convocat\u00f2ria d&#8217;Ajuts 2025. La cerim\u00f2nia de presentaci\u00f3 dels ajuts, celebrada avui a Barcelona, va recon\u00e8ixer l&#8217;impuls d&#8217;aquestes iniciatives, que abasten des de plataformes avan\u00e7ades per a ter\u00e0pies cel\u00b7lulars fins a nanomotors intel\u00b7ligents i estrat\u00e8gies innovadores davant tumors pedi\u00e0trics.<\/div><\/a><div class=\"post-image\"><img decoding=\"async\" width=\"1024\" height=\"683\" data-src=\"https:\/\/ibecbarcelona.eu\/wp-content\/uploads\/2026\/02\/HCFjbABawAAW-sJ-1024x683.jpg\" class=\"attachment-large size-large wp-post-image lazyload\" alt=\"\" data-srcset=\"https:\/\/ibecbarcelona.eu\/wp-content\/uploads\/2026\/02\/HCFjbABawAAW-sJ-1024x683.jpg 1024w, https:\/\/ibecbarcelona.eu\/wp-content\/uploads\/2026\/02\/HCFjbABawAAW-sJ-300x200.jpg 300w, https:\/\/ibecbarcelona.eu\/wp-content\/uploads\/2026\/02\/HCFjbABawAAW-sJ-768x512.jpg 768w, https:\/\/ibecbarcelona.eu\/wp-content\/uploads\/2026\/02\/HCFjbABawAAW-sJ-1536x1025.jpg 1536w, https:\/\/ibecbarcelona.eu\/wp-content\/uploads\/2026\/02\/HCFjbABawAAW-sJ-1200x800.jpg 1200w, https:\/\/ibecbarcelona.eu\/wp-content\/uploads\/2026\/02\/HCFjbABawAAW-sJ-600x400.jpg 600w, https:\/\/ibecbarcelona.eu\/wp-content\/uploads\/2026\/02\/HCFjbABawAAW-sJ.jpg 2048w\" data-sizes=\"(max-width: 1024px) 100vw, 1024px\" src=\"data:image\/svg+xml;base64,PHN2ZyB3aWR0aD0iMSIgaGVpZ2h0PSIxIiB4bWxucz0iaHR0cDovL3d3dy53My5vcmcvMjAwMC9zdmciPjwvc3ZnPg==\" style=\"--smush-placeholder-width: 1024px; --smush-placeholder-aspect-ratio: 1024\/683;\" \/> <\/div><div class=\"inner-post-content\"><div class=\"post-meta post-meta-category below\"><div class=\"post-meta-time-author\"><div class=\"time_meta\"><time datetime=\"2026-02-26T16:55:59+01:00\">febr. 26, 2026<\/time><\/div><\/div><\/div><h2 class=\"post-title\"><a href=\"https:\/\/ibecbarcelona.eu\/ca\/tres-investigadors-de-ibec-reben-ajudes-de-associacio-espanyola-contra-el-cancer\" target=\"_self\" rel=\"bookmark\">Tres investigadors de l&#8217;IBEC reben ajudes de l&#8217;Associaci\u00f3 Espanyola Contra el C\u00e0ncer<\/a><\/h2> <div class=\"post-excerpt\"><p>Els investigadors de l&#8217;IBEC Xavier Rovira-Clav\u00e9, David Esporr\u00edn Ubieto i Ar\u00e1nzazu Villasante lideraran tres projectes de recerca seleccionats per l&#8217;Associaci\u00f3 Espanyola Contra el C\u00e0ncer en la seva convocat\u00f2ria d&#8217;Ajuts 2025. La cerim\u00f2nia de presentaci\u00f3 dels ajuts, celebrada avui a Barcelona, va recon\u00e8ixer l&#8217;impuls d&#8217;aquestes iniciatives, que abasten des de plataformes avan\u00e7ades per a ter\u00e0pies cel\u00b7lulars fins a nanomotors intel\u00b7ligents i estrat\u00e8gies innovadores davant tumors pedi\u00e0trics.<\/p><\/div><\/div><\/div><\/article><article id=\"grid-article-128363\" class=\"post-item  grid-column-1 grid_style4 \" data-id=\"128363\" data-category=\"98\"><div class=\"post-content-area left\"><a class=\"post-link\" target=\"_self\" href=https:\/\/ibecbarcelona.eu\/ca\/ibec-i-embl-barcelona-coorganitzen-una-jornada-de-colaboracio-per-explorar-sinergies><div class=\"hover-excerpt\">L&#8217;Institut de Bioenginyeria de Catalunya (IBEC) i el Laboratori Europeu de Biologia Molecular (EMBL) han celebrat avui una jornada de &#8220;matchmaking&#8221;. L&#8217;esdeveniment ha reunit investigadors i investigadores destacades d&#8217;ambd\u00f3s centres per tal de fomentar la creaci\u00f3 de noves connexions i promoure el di\u00e0leg cient\u00edfic.<\/div><\/a><div class=\"post-image\"><img decoding=\"async\" width=\"1024\" height=\"576\" data-src=\"https:\/\/ibecbarcelona.eu\/wp-content\/uploads\/2025\/09\/Contingut-multimedia-3-Editada-1024x576.jpg\" class=\"attachment-large size-large wp-post-image lazyload\" alt=\"\" data-srcset=\"https:\/\/ibecbarcelona.eu\/wp-content\/uploads\/2025\/09\/Contingut-multimedia-3-Editada-1024x576.jpg 1024w, https:\/\/ibecbarcelona.eu\/wp-content\/uploads\/2025\/09\/Contingut-multimedia-3-Editada-300x169.jpg 300w, https:\/\/ibecbarcelona.eu\/wp-content\/uploads\/2025\/09\/Contingut-multimedia-3-Editada-768x432.jpg 768w, https:\/\/ibecbarcelona.eu\/wp-content\/uploads\/2025\/09\/Contingut-multimedia-3-Editada-1536x864.jpg 1536w, https:\/\/ibecbarcelona.eu\/wp-content\/uploads\/2025\/09\/Contingut-multimedia-3-Editada.jpg 1716w\" data-sizes=\"(max-width: 1024px) 100vw, 1024px\" src=\"data:image\/svg+xml;base64,PHN2ZyB3aWR0aD0iMSIgaGVpZ2h0PSIxIiB4bWxucz0iaHR0cDovL3d3dy53My5vcmcvMjAwMC9zdmciPjwvc3ZnPg==\" style=\"--smush-placeholder-width: 1024px; --smush-placeholder-aspect-ratio: 1024\/576;\" \/> <\/div><div class=\"inner-post-content\"><div class=\"post-meta post-meta-category below\"><div class=\"post-meta-time-author\"><div class=\"time_meta\"><time datetime=\"2025-09-15T15:05:27+02:00\">set. 15, 2025<\/time><\/div><\/div><\/div><h2 class=\"post-title\"><a href=\"https:\/\/ibecbarcelona.eu\/ca\/ibec-i-embl-barcelona-coorganitzen-una-jornada-de-colaboracio-per-explorar-sinergies\" target=\"_self\" rel=\"bookmark\">L&#8217;IBEC i l&#8217;EMBL Barcelona coorganitzen una jornada de col\u00b7laboraci\u00f3 per explorar sinergies<\/a><\/h2> <div class=\"post-excerpt\"><p>L&#8217;Institut de Bioenginyeria de Catalunya (IBEC) i el Laboratori Europeu de Biologia Molecular (EMBL) han celebrat avui una jornada de &#8220;matchmaking&#8221;. L&#8217;esdeveniment ha reunit investigadors i investigadores destacades d&#8217;ambd\u00f3s centres per tal de fomentar la creaci\u00f3 de noves connexions i promoure el di\u00e0leg cient\u00edfic.<\/p><\/div><\/div><\/div><\/article><article id=\"grid-article-127384\" class=\"post-item  grid-column-1 grid_style4 \" data-id=\"127384\" data-category=\"98\"><div class=\"post-content-area left\"><a class=\"post-link\" target=\"_self\" href=https:\/\/ibecbarcelona.eu\/ca\/dos-projectes-de-ibec-reben-financament-erc-per-avancar-en-biotintes-per-a-impressio-3d-i-terapies-contra-el-cancer><div class=\"hover-excerpt\">Manuel Salmeron i Xavier Rovira, ambd\u00f3s investigadors principals de l&#8217;IBEC, han obtingut sengles &#8220;ERC Proof of Concept Grant&#8221;. Es tracta d&#8217; un prestigi\u00f3s finan\u00e7ament que concedeix el Consell Europeu de Recerca per explorar el potencial comercial i social de projectes de recerca duts a terme en institucions europees. El projecte de Salmeron, FACTORINK, s&#8217;enfoca en el disseny de biotintes funcionals amb activitat biol\u00f2gica per a la impressi\u00f3 de teixits artificials. Per la seva banda, el de Rovira, busca desenvolupar la plataforma EVOaware, dissenyada per abordar la resist\u00e8ncia dels tumors a les ter\u00e0pies i accelerar el descobriment i desenvolupament de nous tractaments contra el c\u00e0ncer.<\/div><\/a><div class=\"post-image\"><img decoding=\"async\" width=\"1024\" height=\"576\" data-src=\"https:\/\/ibecbarcelona.eu\/wp-content\/uploads\/2025\/07\/Salmeron-Rovira-1024x576.jpg\" class=\"attachment-large size-large wp-post-image lazyload\" alt=\"\" data-srcset=\"https:\/\/ibecbarcelona.eu\/wp-content\/uploads\/2025\/07\/Salmeron-Rovira-1024x576.jpg 1024w, https:\/\/ibecbarcelona.eu\/wp-content\/uploads\/2025\/07\/Salmeron-Rovira-300x169.jpg 300w, https:\/\/ibecbarcelona.eu\/wp-content\/uploads\/2025\/07\/Salmeron-Rovira-768x432.jpg 768w, https:\/\/ibecbarcelona.eu\/wp-content\/uploads\/2025\/07\/Salmeron-Rovira.jpg 1200w\" data-sizes=\"(max-width: 1024px) 100vw, 1024px\" src=\"data:image\/svg+xml;base64,PHN2ZyB3aWR0aD0iMSIgaGVpZ2h0PSIxIiB4bWxucz0iaHR0cDovL3d3dy53My5vcmcvMjAwMC9zdmciPjwvc3ZnPg==\" style=\"--smush-placeholder-width: 1024px; --smush-placeholder-aspect-ratio: 1024\/576;\" \/> <\/div><div class=\"inner-post-content\"><div class=\"post-meta post-meta-category below\"><div class=\"post-meta-time-author\"><div class=\"time_meta\"><time datetime=\"2025-07-14T12:02:00+02:00\">jul. 14, 2025<\/time><\/div><\/div><\/div><h2 class=\"post-title\"><a href=\"https:\/\/ibecbarcelona.eu\/ca\/dos-projectes-de-ibec-reben-financament-erc-per-avancar-en-biotintes-per-a-impressio-3d-i-terapies-contra-el-cancer\" target=\"_self\" rel=\"bookmark\">Dos projectes de l&#8217;IBEC reben finan\u00e7ament ERC per avan\u00e7ar en biotintes per a impressi\u00f3 3D i ter\u00e0pies contra el c\u00e0ncer<\/a><\/h2> <div class=\"post-excerpt\"><p>Manuel Salmeron i Xavier Rovira, ambd\u00f3s investigadors principals de l&#8217;IBEC, han obtingut sengles &#8220;ERC Proof of Concept Grant&#8221;. Es tracta d&#8217; un prestigi\u00f3s finan\u00e7ament que concedeix el Consell Europeu de Recerca per explorar el potencial comercial i social de projectes de recerca duts a terme en institucions europees. El projecte de Salmeron, FACTORINK, s&#8217;enfoca en el disseny de biotintes funcionals amb activitat biol\u00f2gica per a la impressi\u00f3 de teixits artificials. Per la seva banda, el de Rovira, busca desenvolupar la plataforma EVOaware, dissenyada per abordar la resist\u00e8ncia dels tumors a les ter\u00e0pies i accelerar el descobriment i desenvolupament de nous tractaments contra el c\u00e0ncer.<\/p><\/div><\/div><\/div><\/article><article id=\"grid-article-126178\" class=\"post-item  grid-column-1 grid_style4 \" data-id=\"126178\" data-category=\"96\"><div class=\"post-content-area left\"><a class=\"post-link\" target=\"_self\" href=https:\/\/ibecbarcelona.eu\/ca\/nova-tecnologia-per-a-analisi-serologica-massiva><div class=\"hover-excerpt\">Un estudi de la Universitat de Stanford i l&#8217;Institut de Bioenginyeria de Catalunya descriu el desenvolupament d&#8217;una innovadora tecnologia que permet analitzar de forma massiva la pres\u00e8ncia d&#8217;anticossos en mostres biol\u00f2giques. Gr\u00e0cies a l&#8217;\u00fas de part\u00edcules microsc\u00f2piques marcades amb is\u00f2tops estables, aquest aven\u00e7 supera les t\u00e8cniques tradicionals, accelerant l&#8217;estudi de respostes immunit\u00e0ries i obrint noves possibilitats per a la recerca biom\u00e8dica.<\/div><\/a><div class=\"post-image\"><img decoding=\"async\" width=\"1024\" height=\"683\" data-src=\"https:\/\/ibecbarcelona.eu\/wp-content\/uploads\/2025\/06\/Xavier-Rovira-2025-1_low-1024x683.jpg\" class=\"attachment-large size-large wp-post-image lazyload\" alt=\"\" data-srcset=\"https:\/\/ibecbarcelona.eu\/wp-content\/uploads\/2025\/06\/Xavier-Rovira-2025-1_low-1024x683.jpg 1024w, https:\/\/ibecbarcelona.eu\/wp-content\/uploads\/2025\/06\/Xavier-Rovira-2025-1_low-300x200.jpg 300w, https:\/\/ibecbarcelona.eu\/wp-content\/uploads\/2025\/06\/Xavier-Rovira-2025-1_low-768x512.jpg 768w, https:\/\/ibecbarcelona.eu\/wp-content\/uploads\/2025\/06\/Xavier-Rovira-2025-1_low-600x400.jpg 600w, https:\/\/ibecbarcelona.eu\/wp-content\/uploads\/2025\/06\/Xavier-Rovira-2025-1_low.jpg 1200w\" data-sizes=\"(max-width: 1024px) 100vw, 1024px\" src=\"data:image\/svg+xml;base64,PHN2ZyB3aWR0aD0iMSIgaGVpZ2h0PSIxIiB4bWxucz0iaHR0cDovL3d3dy53My5vcmcvMjAwMC9zdmciPjwvc3ZnPg==\" style=\"--smush-placeholder-width: 1024px; --smush-placeholder-aspect-ratio: 1024\/683;\" \/> <\/div><div class=\"inner-post-content\"><div class=\"post-meta post-meta-category below\"><div class=\"post-meta-time-author\"><div class=\"time_meta\"><time datetime=\"2025-06-05T12:21:54+02:00\">juny 5, 2025<\/time><\/div><\/div><\/div><h2 class=\"post-title\"><a href=\"https:\/\/ibecbarcelona.eu\/ca\/nova-tecnologia-per-a-analisi-serologica-massiva\" target=\"_self\" rel=\"bookmark\">Nova tecnologia per a l&#8217;an\u00e0lisi serol\u00f2gica massiva<\/a><\/h2> <div class=\"post-excerpt\"><p>Un estudi de la Universitat de Stanford i l&#8217;Institut de Bioenginyeria de Catalunya descriu el desenvolupament d&#8217;una innovadora tecnologia que permet analitzar de forma massiva la pres\u00e8ncia d&#8217;anticossos en mostres biol\u00f2giques. Gr\u00e0cies a l&#8217;\u00fas de part\u00edcules microsc\u00f2piques marcades amb is\u00f2tops estables, aquest aven\u00e7 supera les t\u00e8cniques tradicionals, accelerant l&#8217;estudi de respostes immunit\u00e0ries i obrint noves possibilitats per a la recerca biom\u00e8dica.<\/p><\/div><\/div><\/div><\/article><article id=\"grid-article-126073\" class=\"post-item  grid-column-1 grid_style4 \" data-id=\"126073\" data-category=\"98\"><div class=\"post-content-area left\"><a class=\"post-link\" target=\"_self\" href=https:\/\/ibecbarcelona.eu\/ca\/ibec-rep-financament-del-prestigios-human-frontier-science-program><div class=\"hover-excerpt\">L&#8217;Institut de Bioenginyeria de Catalunya participar\u00e0 com a soci en el projecte internacional SOLFEGE, que busca explorar com diferents tipus cel\u00b7lulars es coordinen a trav\u00e9s de factors solubles en el microambient tumoral. El projecte ser\u00e0 possible gr\u00e0cies al finan\u00e7ament del prestigi\u00f3s &#8220;Human Frontier Science Program&#8221;. SOLFEGE \u00e9s un consorci coordinat pel Centre Alemany d&#8217;Investigaci\u00f3 Oncol\u00f2gica (DKFZ), i compta tamb\u00e9 amb la participaci\u00f3 de la Universitat de Duke, als Estats Units.<\/div><\/a><div class=\"post-image\"><img decoding=\"async\" width=\"1024\" height=\"683\" data-src=\"https:\/\/ibecbarcelona.eu\/wp-content\/uploads\/2025\/05\/illustration-human-cancer-cell_low-1024x683.jpg\" class=\"attachment-large size-large wp-post-image lazyload\" alt=\"Illustration of a human cancer cell\" data-srcset=\"https:\/\/ibecbarcelona.eu\/wp-content\/uploads\/2025\/05\/illustration-human-cancer-cell_low-1024x683.jpg 1024w, https:\/\/ibecbarcelona.eu\/wp-content\/uploads\/2025\/05\/illustration-human-cancer-cell_low-300x200.jpg 300w, https:\/\/ibecbarcelona.eu\/wp-content\/uploads\/2025\/05\/illustration-human-cancer-cell_low-768x512.jpg 768w, https:\/\/ibecbarcelona.eu\/wp-content\/uploads\/2025\/05\/illustration-human-cancer-cell_low-600x400.jpg 600w, https:\/\/ibecbarcelona.eu\/wp-content\/uploads\/2025\/05\/illustration-human-cancer-cell_low.jpg 1200w\" data-sizes=\"(max-width: 1024px) 100vw, 1024px\" src=\"data:image\/svg+xml;base64,PHN2ZyB3aWR0aD0iMSIgaGVpZ2h0PSIxIiB4bWxucz0iaHR0cDovL3d3dy53My5vcmcvMjAwMC9zdmciPjwvc3ZnPg==\" style=\"--smush-placeholder-width: 1024px; --smush-placeholder-aspect-ratio: 1024\/683;\" \/> <\/div><div class=\"inner-post-content\"><div class=\"post-meta post-meta-category below\"><div class=\"post-meta-time-author\"><div class=\"time_meta\"><time datetime=\"2025-05-28T16:13:10+02:00\">maig 28, 2025<\/time><\/div><\/div><\/div><h2 class=\"post-title\"><a href=\"https:\/\/ibecbarcelona.eu\/ca\/ibec-rep-financament-del-prestigios-human-frontier-science-program\" target=\"_self\" rel=\"bookmark\">L&#8217;IBEC rep finan\u00e7ament del prestigi\u00f3s Human Frontier Science Program<\/a><\/h2> <div class=\"post-excerpt\"><p>L&#8217;Institut de Bioenginyeria de Catalunya participar\u00e0 com a soci en el projecte internacional SOLFEGE, que busca explorar com diferents tipus cel\u00b7lulars es coordinen a trav\u00e9s de factors solubles en el microambient tumoral. El projecte ser\u00e0 possible gr\u00e0cies al finan\u00e7ament del prestigi\u00f3s &#8220;Human Frontier Science Program&#8221;. SOLFEGE \u00e9s un consorci coordinat pel Centre Alemany d&#8217;Investigaci\u00f3 Oncol\u00f2gica (DKFZ), i compta tamb\u00e9 amb la participaci\u00f3 de la Universitat de Duke, als Estats Units.<\/p><\/div><\/div><\/div><\/article><article id=\"grid-article-121820\" class=\"post-item  grid-column-1 grid_style4 \" data-id=\"121820\" data-category=\"98\"><div class=\"post-content-area left\"><a class=\"post-link\" target=\"_self\" href=https:\/\/ibecbarcelona.eu\/ca\/ibec-i-vhir-celebren-una-jornada-de-colaboracio-per-fomentar-les-sinergies><div class=\"hover-excerpt\">La 1a Jornada Col\u00b7laborativa Translacional entre el Vall d&#8217;Hebron Institut de Recerca (VHIR) i l&#8217;Institut de Bioenginyeria de Catalunya (IBEC), celebrada el 21 de novembre, ha estat una oportunitat per con\u00e8ixer els projectes i les l\u00ednies de recerca d&#8217;ambdues institucions i promoure la interacci\u00f3 entre els professionals.<\/div><\/a><div class=\"post-image\"><img decoding=\"async\" width=\"1900\" height=\"1069\" data-src=\"https:\/\/ibecbarcelona.eu\/wp-content\/uploads\/2024\/11\/VHIR-IBEC-directors.jpg\" class=\"attachment-full size-full lazyload\" alt=\"\" data-srcset=\"https:\/\/ibecbarcelona.eu\/wp-content\/uploads\/2024\/11\/VHIR-IBEC-directors.jpg 1900w, https:\/\/ibecbarcelona.eu\/wp-content\/uploads\/2024\/11\/VHIR-IBEC-directors-300x169.jpg 300w, https:\/\/ibecbarcelona.eu\/wp-content\/uploads\/2024\/11\/VHIR-IBEC-directors-1024x576.jpg 1024w, https:\/\/ibecbarcelona.eu\/wp-content\/uploads\/2024\/11\/VHIR-IBEC-directors-768x432.jpg 768w, https:\/\/ibecbarcelona.eu\/wp-content\/uploads\/2024\/11\/VHIR-IBEC-directors-1536x864.jpg 1536w\" data-sizes=\"(max-width: 1900px) 100vw, 1900px\" src=\"data:image\/svg+xml;base64,PHN2ZyB3aWR0aD0iMSIgaGVpZ2h0PSIxIiB4bWxucz0iaHR0cDovL3d3dy53My5vcmcvMjAwMC9zdmciPjwvc3ZnPg==\" style=\"--smush-placeholder-width: 1900px; --smush-placeholder-aspect-ratio: 1900\/1069;\" \/> <\/div><div class=\"inner-post-content\"><div class=\"post-meta post-meta-category below\"><div class=\"post-meta-time-author\"><div class=\"time_meta\"><time datetime=\"2024-11-22T12:28:17+01:00\">nov. 22, 2024<\/time><\/div><\/div><\/div><h2 class=\"post-title\"><a href=\"https:\/\/ibecbarcelona.eu\/ca\/ibec-i-vhir-celebren-una-jornada-de-colaboracio-per-fomentar-les-sinergies\" target=\"_self\" rel=\"bookmark\">L&#8217;IBEC i el VHIR celebren una jornada de col\u00b7laboraci\u00f3 per fomentar les sinergies<\/a><\/h2> <div class=\"post-excerpt\"><p>La 1a Jornada Col\u00b7laborativa Translacional entre el Vall d&#8217;Hebron Institut de Recerca (VHIR) i l&#8217;Institut de Bioenginyeria de Catalunya (IBEC), celebrada el 21 de novembre, ha estat una oportunitat per con\u00e8ixer els projectes i les l\u00ednies de recerca d&#8217;ambdues institucions i promoure la interacci\u00f3 entre els professionals.<\/p><\/div><\/div><\/div><\/article><article id=\"grid-article-121329\" class=\"post-item  grid-column-1 grid_style4 \" data-id=\"121329\" data-category=\"98\"><div class=\"post-content-area left\"><a class=\"post-link\" target=\"_self\" href=https:\/\/ibecbarcelona.eu\/ca\/12a-conferencia-internacional-nanobiomed><div class=\"hover-excerpt\">La Confer\u00e8ncia Internacional NanoBio&amp;Med 2024, celebrada aquesta setmana al Parc Cient\u00edfic de Barcelona (PCB) entre els dies 5 i 7 de novembre, ha presentat els desenvolupaments m\u00e9s recents en els camps de la nanotecnologia, biotecnologia i medicina. Es tracta d&#8217;una cita anual per establir noves col\u00b7laboracions i impulsar projectes innovadors en el sector cientificoinstrindistrial.<\/div><\/a><div class=\"post-image\"><img decoding=\"async\" width=\"1732\" height=\"974\" data-src=\"https:\/\/ibecbarcelona.eu\/wp-content\/uploads\/2024\/11\/6f6e3d02-34ac-4219-9351-3c85794b012f.jpg\" class=\"attachment-full size-full lazyload\" alt=\"\" data-srcset=\"https:\/\/ibecbarcelona.eu\/wp-content\/uploads\/2024\/11\/6f6e3d02-34ac-4219-9351-3c85794b012f.jpg 1732w, https:\/\/ibecbarcelona.eu\/wp-content\/uploads\/2024\/11\/6f6e3d02-34ac-4219-9351-3c85794b012f-300x169.jpg 300w, https:\/\/ibecbarcelona.eu\/wp-content\/uploads\/2024\/11\/6f6e3d02-34ac-4219-9351-3c85794b012f-1024x576.jpg 1024w, https:\/\/ibecbarcelona.eu\/wp-content\/uploads\/2024\/11\/6f6e3d02-34ac-4219-9351-3c85794b012f-768x432.jpg 768w, https:\/\/ibecbarcelona.eu\/wp-content\/uploads\/2024\/11\/6f6e3d02-34ac-4219-9351-3c85794b012f-1536x864.jpg 1536w\" data-sizes=\"(max-width: 1732px) 100vw, 1732px\" src=\"data:image\/svg+xml;base64,PHN2ZyB3aWR0aD0iMSIgaGVpZ2h0PSIxIiB4bWxucz0iaHR0cDovL3d3dy53My5vcmcvMjAwMC9zdmciPjwvc3ZnPg==\" style=\"--smush-placeholder-width: 1732px; --smush-placeholder-aspect-ratio: 1732\/974;\" \/> <\/div><div class=\"inner-post-content\"><div class=\"post-meta post-meta-category below\"><div class=\"post-meta-time-author\"><div class=\"time_meta\"><time datetime=\"2024-11-07T16:35:55+01:00\">nov. 7, 2024<\/time><\/div><\/div><\/div><h2 class=\"post-title\"><a href=\"https:\/\/ibecbarcelona.eu\/ca\/12a-conferencia-internacional-nanobiomed\" target=\"_self\" rel=\"bookmark\">Explorant els aven\u00e7os de la nanobiotecnologia i nanomedicina en la 12a Confer\u00e8ncia Internacional NanoBio&amp;Med<\/a><\/h2> <div class=\"post-excerpt\"><p>La Confer\u00e8ncia Internacional NanoBio&amp;Med 2024, celebrada aquesta setmana al Parc Cient\u00edfic de Barcelona (PCB) entre els dies 5 i 7 de novembre, ha presentat els desenvolupaments m\u00e9s recents en els camps de la nanotecnologia, biotecnologia i medicina. Es tracta d&#8217;una cita anual per establir noves col\u00b7laboracions i impulsar projectes innovadors en el sector cientificoinstrindistrial.<\/p><\/div><\/div><\/div><\/article><article id=\"grid-article-121969\" class=\"post-item  grid-column-1 grid_style4 \" data-id=\"121969\" data-category=\"98\"><div class=\"post-content-area left\"><a class=\"post-link\" target=\"_self\" href=https:\/\/ibecbarcelona.eu\/ca\/ibec-i-el-banc-de-sang-i-teixits-enforteixen-llacos-amb-una-jornada-de-colaboracio-translacional><div class=\"hover-excerpt\">L&#8217;IBEC i el Banc de Sang i Teixits han celebrat una jornada per explorar noves col\u00b7laboracions en bioenginyeria i medicina translacional. La trobada, celebrada ahir a l&#8217;IBEC, va destacar projectes innovadors, va presentar un programa de doctorat conjunt i va refor\u00e7ar la connexi\u00f3 entre recerca biom\u00e8dica i aplicacions cl\u00edniques.<\/div><\/a><div class=\"post-image\"><img decoding=\"async\" width=\"1024\" height=\"576\" data-src=\"https:\/\/ibecbarcelona.eu\/wp-content\/uploads\/2024\/11\/IBEC-BTS_edit-1024x576.jpg\" class=\"attachment-large size-large wp-post-image lazyload\" alt=\"\" data-srcset=\"https:\/\/ibecbarcelona.eu\/wp-content\/uploads\/2024\/11\/IBEC-BTS_edit-1024x576.jpg 1024w, https:\/\/ibecbarcelona.eu\/wp-content\/uploads\/2024\/11\/IBEC-BTS_edit-300x169.jpg 300w, https:\/\/ibecbarcelona.eu\/wp-content\/uploads\/2024\/11\/IBEC-BTS_edit-768x432.jpg 768w, https:\/\/ibecbarcelona.eu\/wp-content\/uploads\/2024\/11\/IBEC-BTS_edit-1536x864.jpg 1536w, https:\/\/ibecbarcelona.eu\/wp-content\/uploads\/2024\/11\/IBEC-BTS_edit-2048x1152.jpg 2048w\" data-sizes=\"(max-width: 1024px) 100vw, 1024px\" src=\"data:image\/svg+xml;base64,PHN2ZyB3aWR0aD0iMSIgaGVpZ2h0PSIxIiB4bWxucz0iaHR0cDovL3d3dy53My5vcmcvMjAwMC9zdmciPjwvc3ZnPg==\" style=\"--smush-placeholder-width: 1024px; --smush-placeholder-aspect-ratio: 1024\/576;\" \/> <\/div><div class=\"inner-post-content\"><div class=\"post-meta post-meta-category below\"><div class=\"post-meta-time-author\"><div class=\"time_meta\"><time datetime=\"2024-11-01T09:00:00+01:00\">nov. 1, 2024<\/time><\/div><\/div><\/div><h2 class=\"post-title\"><a href=\"https:\/\/ibecbarcelona.eu\/ca\/ibec-i-el-banc-de-sang-i-teixits-enforteixen-llacos-amb-una-jornada-de-colaboracio-translacional\" target=\"_self\" rel=\"bookmark\">L&#8217;IBEC i el Banc de Sang i Teixits enforteixen lla\u00e7os amb una jornada de col\u00b7laboraci\u00f3 translacional<\/a><\/h2> <div class=\"post-excerpt\"><p>L&#8217;IBEC i el Banc de Sang i Teixits han celebrat una jornada per explorar noves col\u00b7laboracions en bioenginyeria i medicina translacional. La trobada, celebrada ahir a l&#8217;IBEC, va destacar projectes innovadors, va presentar un programa de doctorat conjunt i va refor\u00e7ar la connexi\u00f3 entre recerca biom\u00e8dica i aplicacions cl\u00edniques.<\/p><\/div><\/div><\/div><\/article><article id=\"grid-article-115039\" class=\"post-item  grid-column-1 grid_style4 \" data-id=\"115039\" data-category=\"98\"><div class=\"post-content-area left\"><a class=\"post-link\" target=\"_self\" href=https:\/\/ibecbarcelona.eu\/ca\/ibec-es-reforca-amb-tres-nous-grups-de-recerca-en-terapies-avancades-i-emergents><div class=\"hover-excerpt\">L&#8217;IBEC estrena el 2024 amb la incorporaci\u00f3 de tres nous grups de recerca que seran liderats per Manuel Salmer\u00f3n S\u00e1nchez, Zaida \u00c1lvarez Pinto i Xavier Rovira Clav\u00e9. Amb aquestes incorporacions, l&#8217;IBEC enforteix el seu posicionament en el camp de les ter\u00e0pies avan\u00e7ades i emergents. <\/div><\/a><div class=\"post-image\"><img decoding=\"async\" width=\"1024\" height=\"576\" data-src=\"https:\/\/ibecbarcelona.eu\/wp-content\/uploads\/2024\/01\/Salmeron-Alvarez-Rovira_GLs-1024x576.jpg\" class=\"attachment-large size-large wp-post-image lazyload\" alt=\"\" data-srcset=\"https:\/\/ibecbarcelona.eu\/wp-content\/uploads\/2024\/01\/Salmeron-Alvarez-Rovira_GLs-1024x576.jpg 1024w, https:\/\/ibecbarcelona.eu\/wp-content\/uploads\/2024\/01\/Salmeron-Alvarez-Rovira_GLs-300x169.jpg 300w, https:\/\/ibecbarcelona.eu\/wp-content\/uploads\/2024\/01\/Salmeron-Alvarez-Rovira_GLs-768x432.jpg 768w, https:\/\/ibecbarcelona.eu\/wp-content\/uploads\/2024\/01\/Salmeron-Alvarez-Rovira_GLs-1536x864.jpg 1536w, https:\/\/ibecbarcelona.eu\/wp-content\/uploads\/2024\/01\/Salmeron-Alvarez-Rovira_GLs.jpg 1920w\" data-sizes=\"(max-width: 1024px) 100vw, 1024px\" src=\"data:image\/svg+xml;base64,PHN2ZyB3aWR0aD0iMSIgaGVpZ2h0PSIxIiB4bWxucz0iaHR0cDovL3d3dy53My5vcmcvMjAwMC9zdmciPjwvc3ZnPg==\" style=\"--smush-placeholder-width: 1024px; --smush-placeholder-aspect-ratio: 1024\/576;\" \/> <\/div><div class=\"inner-post-content\"><div class=\"post-meta post-meta-category below\"><div class=\"post-meta-time-author\"><div class=\"time_meta\"><time datetime=\"2024-01-26T13:00:00+01:00\">gen. 26, 2024<\/time><\/div><\/div><\/div><h2 class=\"post-title\"><a href=\"https:\/\/ibecbarcelona.eu\/ca\/ibec-es-reforca-amb-tres-nous-grups-de-recerca-en-terapies-avancades-i-emergents\" target=\"_self\" rel=\"bookmark\">L&#8217;IBEC es refor\u00e7a amb tres nous grups de recerca en ter\u00e0pies avan\u00e7ades i emergents<\/a><\/h2> <div class=\"post-excerpt\"><p>L&#8217;IBEC estrena el 2024 amb la incorporaci\u00f3 de tres nous grups de recerca que seran liderats per Manuel Salmer\u00f3n S\u00e1nchez, Zaida \u00c1lvarez Pinto i Xavier Rovira Clav\u00e9. Amb aquestes incorporacions, l&#8217;IBEC enforteix el seu posicionament en el camp de les ter\u00e0pies avan\u00e7ades i emergents. <\/p><\/div><\/div><\/div><\/article><article id=\"grid-article-110699\" class=\"post-item  grid-column-1 grid_style4 \" data-id=\"110699\" data-category=\"98\"><div class=\"post-content-area left\"><a class=\"post-link\" target=\"_self\" href=https:\/\/ibecbarcelona.eu\/ca\/erc-aposta-pel-projecte-spaceclones-per-comprendre-levolucio-dels-tumors><div class=\"hover-excerpt\">Xavier Rovira Clav\u00e9, actualment investigador a la Facultat de Medicina de Stanford, ha estat seleccionat en la convocat\u00f2ria &#8220;Starting Grant&#8221; del Consell Europeu de Recerca (ERC) per dur a terme &#8230; Read more<\/div><\/a><div class=\"post-image\"><img decoding=\"async\" width=\"865\" height=\"612\" data-src=\"https:\/\/ibecbarcelona.eu\/wp-content\/uploads\/2023\/09\/xavier_rovira_w.jpg\" class=\"attachment-large size-large wp-post-image lazyload\" alt=\"\" data-srcset=\"https:\/\/ibecbarcelona.eu\/wp-content\/uploads\/2023\/09\/xavier_rovira_w.jpg 865w, https:\/\/ibecbarcelona.eu\/wp-content\/uploads\/2023\/09\/xavier_rovira_w-300x212.jpg 300w, https:\/\/ibecbarcelona.eu\/wp-content\/uploads\/2023\/09\/xavier_rovira_w-768x543.jpg 768w\" data-sizes=\"(max-width: 865px) 100vw, 865px\" src=\"data:image\/svg+xml;base64,PHN2ZyB3aWR0aD0iMSIgaGVpZ2h0PSIxIiB4bWxucz0iaHR0cDovL3d3dy53My5vcmcvMjAwMC9zdmciPjwvc3ZnPg==\" style=\"--smush-placeholder-width: 865px; --smush-placeholder-aspect-ratio: 865\/612;\" \/> <\/div><div class=\"inner-post-content\"><div class=\"post-meta post-meta-category below\"><div class=\"post-meta-time-author\"><div class=\"time_meta\"><time datetime=\"2023-09-06T15:02:50+02:00\">set. 6, 2023<\/time><\/div><\/div><\/div><h2 class=\"post-title\"><a href=\"https:\/\/ibecbarcelona.eu\/ca\/erc-aposta-pel-projecte-spaceclones-per-comprendre-levolucio-dels-tumors\" target=\"_self\" rel=\"bookmark\">L&#8217;ERC aposta pel projecte &#8220;SpaceClones&#8221; per comprendre l&#8217;evoluci\u00f3 dels tumors\u00a0<\/a><\/h2> <div class=\"post-excerpt\"><p>Xavier Rovira Clav\u00e9, actualment investigador a la Facultat de Medicina de Stanford, ha estat seleccionat en la convocat\u00f2ria &#8220;Starting Grant&#8221; del Consell Europeu de Recerca (ERC) per dur a terme &#8230; Read more<\/p><\/div><\/div><\/div><\/article><div class=\"gutentastic-pagination-loading-container\"><\/div><\/div><div class=\"gutentastic-pagination center gutentastic-navigation gutentastic-pagination-style1 ajax 0\" data-paged=\"1\"><\/div><\/div>\n\n\n<p><\/p>\n\n\n\n<\/div><h2 class=\"tabtitle\">Jobs<\/h2>\n<div class=\"tabcontent\">\n\n\n\n\n<p><\/p>\n\n\n<div id=\"gutentastic-grid-0\" class=\"wp-block-gutentastic-post-layouts grid_style4   gutentastic-grid\" data-layout=\"grid_style4\" data-columns=\"1\" data-readmore=\"\" style=\"--block-title-color:var(--accent);--block-text-color:var(--contrast-2);--block-hover-color:var(--contrast-2);--item-gap : 0.5px; --item-gap-negative : -0.5px; --item-margin-bottom : 1px; --item-height: 285px; --image-height:; --columns-number:1;\"><div id=\"grid-posts\" class=\"grid-posts grid-column-12\"><article id=\"grid-article-128463\" class=\"post-item  grid-column-1 grid_style4 \" data-id=\"128463\" data-category=\"45\"><div class=\"post-content-area left\"><a class=\"post-link\" target=\"_self\" href=https:\/\/ibecbarcelona.eu\/ca\/postdoctoral-researcher-at-the-spatial-biotechnology-research-group-2\/><div class=\"hover-excerpt\">Ref: PD_XR \/\/ Deadline: 23\/10\/2025<\/div><\/a><div class=\"inner-post-content\"><div class=\"post-meta post-meta-category below\"><div class=\"post-meta-time-author\"><div class=\"time_meta\"><time datetime=\"2025-09-23T15:05:00+02:00\">set. 23, 2025<\/time><\/div><\/div><\/div><h2 class=\"post-title\"><a href=\"https:\/\/ibecbarcelona.eu\/ca\/postdoctoral-researcher-at-the-spatial-biotechnology-research-group-2\/\" target=\"_self\" rel=\"bookmark\">Postdoctoral Researcher at the Spatial Biotechnology Research Group<\/a><\/h2> <div class=\"post-excerpt\"><p>Ref: PD_XR \/\/ Deadline: 23\/10\/2025<\/p><\/div><\/div><\/div><\/article><article id=\"grid-article-128290\" class=\"post-item  grid-column-1 grid_style4 \" data-id=\"128290\" data-category=\"45\"><div class=\"post-content-area left\"><a class=\"post-link\" target=\"_self\" href=https:\/\/ibecbarcelona.eu\/ca\/lab-assistant-at-the-spatial-biotechnology-research-group\/><div class=\"hover-excerpt\">Ref: LA-XR \/\/ Deadline: 18\/09\/2025<\/div><\/a><div class=\"inner-post-content\"><div class=\"post-meta post-meta-category below\"><div class=\"post-meta-time-author\"><div class=\"time_meta\"><time datetime=\"2025-09-05T11:34:17+02:00\">set. 5, 2025<\/time><\/div><\/div><\/div><h2 class=\"post-title\"><a href=\"https:\/\/ibecbarcelona.eu\/ca\/lab-assistant-at-the-spatial-biotechnology-research-group\/\" target=\"_self\" rel=\"bookmark\">Lab Assistant at the Spatial Biotechnology Research Group<\/a><\/h2> <div class=\"post-excerpt\"><p>Ref: LA-XR \/\/ Deadline: 18\/09\/2025<\/p><\/div><\/div><\/div><\/article><article id=\"grid-article-127470\" class=\"post-item  grid-column-1 grid_style4 \" data-id=\"127470\" data-category=\"45\"><div class=\"post-content-area left\"><a class=\"post-link\" target=\"_self\" href=https:\/\/ibecbarcelona.eu\/ca\/laboratory-assistant-at-the-spatial-biotechnology-research-group\/><div class=\"hover-excerpt\">Ref : LA_XR \/\/ Deadline 27\/07\/2025<\/div><\/a><div class=\"inner-post-content\"><div class=\"post-meta post-meta-category below\"><div class=\"post-meta-time-author\"><div class=\"time_meta\"><time datetime=\"2025-07-17T10:56:53+02:00\">jul. 17, 2025<\/time><\/div><\/div><\/div><h2 class=\"post-title\"><a href=\"https:\/\/ibecbarcelona.eu\/ca\/laboratory-assistant-at-the-spatial-biotechnology-research-group\/\" target=\"_self\" rel=\"bookmark\">Laboratory Assistant at the Spatial Biotechnology Research Group<\/a><\/h2> <div class=\"post-excerpt\"><p>Ref : LA_XR \/\/ Deadline 27\/07\/2025<\/p><\/div><\/div><\/div><\/article><article id=\"grid-article-125809\" class=\"post-item  grid-column-1 grid_style4 \" data-id=\"125809\" data-category=\"45\"><div class=\"post-content-area left\"><a class=\"post-link\" target=\"_self\" href=https:\/\/ibecbarcelona.eu\/ca\/predoctoral-researcher-at-the-spatial-biotechnology-research-group-3\/><div class=\"hover-excerpt\">Ref: PhD_XR \/\/ Deadline: 2\/06\/2025<\/div><\/a><div class=\"inner-post-content\"><div class=\"post-meta post-meta-category below\"><div class=\"post-meta-time-author\"><div class=\"time_meta\"><time datetime=\"2025-05-16T14:24:39+02:00\">maig 16, 2025<\/time><\/div><\/div><\/div><h2 class=\"post-title\"><a href=\"https:\/\/ibecbarcelona.eu\/ca\/predoctoral-researcher-at-the-spatial-biotechnology-research-group-3\/\" target=\"_self\" rel=\"bookmark\">Predoctoral Researcher at the Spatial Biotechnology Research Group<\/a><\/h2> <div class=\"post-excerpt\"><p>Ref: PhD_XR \/\/ Deadline: 2\/06\/2025<\/p><\/div><\/div><\/div><\/article><article id=\"grid-article-123036\" class=\"post-item  grid-column-1 grid_style4 \" data-id=\"123036\" data-category=\"45\"><div class=\"post-content-area left\"><a class=\"post-link\" target=\"_self\" href=https:\/\/ibecbarcelona.eu\/ca\/postdoctoral-researcher-at-the-spatial-biotechnology-research-group\/><div class=\"hover-excerpt\">Ref: PR_XR\/\/21\/02\/2025<\/div><\/a><div class=\"inner-post-content\"><div class=\"post-meta post-meta-category below\"><div class=\"post-meta-time-author\"><div class=\"time_meta\"><time datetime=\"2025-01-21T09:50:52+01:00\">gen. 21, 2025<\/time><\/div><\/div><\/div><h2 class=\"post-title\"><a href=\"https:\/\/ibecbarcelona.eu\/ca\/postdoctoral-researcher-at-the-spatial-biotechnology-research-group\/\" target=\"_self\" rel=\"bookmark\">Postdoctoral researcher at the Spatial Biotechnology Research Group<\/a><\/h2> <div class=\"post-excerpt\"><p>Ref: PR_XR\/\/21\/02\/2025<\/p><\/div><\/div><\/div><\/article><article id=\"grid-article-120128\" class=\"post-item  grid-column-1 grid_style4 \" data-id=\"120128\" data-category=\"45\"><div class=\"post-content-area left\"><a class=\"post-link\" target=\"_self\" href=https:\/\/ibecbarcelona.eu\/ca\/predoctoral-researcher-at-the-spatial-biotechnology-research-group-2\/><div class=\"hover-excerpt\">Ref: PhD-XR \/\/ Deadline: 28\/08\/2024<\/div><\/a><div class=\"inner-post-content\"><div class=\"post-meta post-meta-category below\"><div class=\"post-meta-time-author\"><div class=\"time_meta\"><time datetime=\"2024-08-21T11:49:26+02:00\">ag. 21, 2024<\/time><\/div><\/div><\/div><h2 class=\"post-title\"><a href=\"https:\/\/ibecbarcelona.eu\/ca\/predoctoral-researcher-at-the-spatial-biotechnology-research-group-2\/\" target=\"_self\" rel=\"bookmark\">Predoctoral Researcher at the Spatial Biotechnology Research Group<\/a><\/h2> <div class=\"post-excerpt\"><p>Ref: PhD-XR \/\/ Deadline: 28\/08\/2024<\/p><\/div><\/div><\/div><\/article><article id=\"grid-article-115639\" class=\"post-item  grid-column-1 grid_style4 \" data-id=\"115639\" data-category=\"45\"><div class=\"post-content-area left\"><a class=\"post-link\" target=\"_self\" href=https:\/\/ibecbarcelona.eu\/ca\/predoctoral-researcher-at-the-spatial-biotechnology-research-group\/><div class=\"hover-excerpt\">Ref: PhD_XR\/\/Deadline: 22\/03\/2024<\/div><\/a><div class=\"inner-post-content\"><div class=\"post-meta post-meta-category below\"><div class=\"post-meta-time-author\"><div class=\"time_meta\"><time datetime=\"2024-02-22T15:38:35+01:00\">febr. 22, 2024<\/time><\/div><\/div><\/div><h2 class=\"post-title\"><a href=\"https:\/\/ibecbarcelona.eu\/ca\/predoctoral-researcher-at-the-spatial-biotechnology-research-group\/\" target=\"_self\" rel=\"bookmark\">Predoctoral Researcher at the Spatial Biotechnology Research Group<\/a><\/h2> <div class=\"post-excerpt\"><p>Ref: PhD_XR\/\/Deadline: 22\/03\/2024<\/p><\/div><\/div><\/div><\/article><div class=\"gutentastic-pagination-loading-container\"><\/div><\/div><div class=\"gutentastic-pagination center gutentastic-navigation gutentastic-pagination-style1 ajax 0\" data-paged=\"1\"><\/div><\/div>\n\n\n<p><\/p>\n\n\n<\/div><\/div>\n","protected":false},"excerpt":{"rendered":"<p>Cells continuously sense their environment by integrating multiple input signals from neighbouring cells and respond to them with a fast-flowing cascade of abundant outputs. In turn, these outputs modify the &#8230; <a title=\"Spatial Biotechnology\" class=\"read-more\" href=\"https:\/\/ibecbarcelona.eu\/ca\/research-groups\/spatial-biotechnology\/\" aria-label=\"More on Spatial Biotechnology\">Read more<\/a><\/p>\n","protected":false},"author":4,"featured_media":0,"parent":129410,"menu_order":0,"comment_status":"closed","ping_status":"closed","template":"","meta":{"footnotes":""},"tags":[],"class_list":["post-113827","page","type-page","status-publish"],"yoast_head":"<!-- This site is optimized with the Yoast SEO plugin v27.5 - https:\/\/yoast.com\/product\/yoast-seo-wordpress\/ -->\n<title>Spatial Biotechnology - Institute for Bioengineering of Catalonia<\/title>\n<meta name=\"robots\" content=\"index, follow, max-snippet:-1, max-image-preview:large, max-video-preview:-1\" \/>\n<link rel=\"canonical\" href=\"https:\/\/ibecbarcelona.eu\/ca\/research-groups\/spatial-biotechnology\/\" \/>\n<meta property=\"og:locale\" content=\"ca_ES\" \/>\n<meta property=\"og:type\" content=\"article\" \/>\n<meta property=\"og:title\" content=\"Spatial Biotechnology - Institute for Bioengineering of Catalonia\" \/>\n<meta property=\"og:description\" content=\"Cells continuously sense their environment by integrating multiple input signals from neighbouring cells and respond to them with a fast-flowing cascade of abundant outputs. In turn, these outputs modify the ... Read more\" \/>\n<meta property=\"og:url\" content=\"https:\/\/ibecbarcelona.eu\/ca\/research-groups\/spatial-biotechnology\/\" \/>\n<meta property=\"og:site_name\" content=\"Institute for Bioengineering of Catalonia\" \/>\n<meta property=\"article:modified_time\" content=\"2026-01-16T10:45:46+00:00\" \/>\n<meta property=\"og:image\" content=\"https:\/\/ibecbarcelona.eu\/wp-content\/uploads\/2024\/01\/Imagen-1.png\" \/>\n\t<meta property=\"og:image:width\" content=\"675\" \/>\n\t<meta property=\"og:image:height\" content=\"195\" \/>\n\t<meta property=\"og:image:type\" content=\"image\/png\" \/>\n<meta name=\"twitter:card\" content=\"summary_large_image\" \/>\n<meta name=\"twitter:label1\" content=\"Temps estimat de lectura\" \/>\n\t<meta name=\"twitter:data1\" content=\"6 minuts\" \/>\n<script type=\"application\/ld+json\" class=\"yoast-schema-graph\">{\"@context\":\"https:\\\/\\\/schema.org\",\"@graph\":[{\"@type\":\"WebPage\",\"@id\":\"https:\\\/\\\/ibecbarcelona.eu\\\/ca\\\/research-groups\\\/spatial-biotechnology\\\/\",\"url\":\"https:\\\/\\\/ibecbarcelona.eu\\\/ca\\\/research-groups\\\/spatial-biotechnology\\\/\",\"name\":\"Spatial Biotechnology - Institute for Bioengineering of Catalonia\",\"isPartOf\":{\"@id\":\"https:\\\/\\\/ibecbarcelona.eu\\\/#website\"},\"primaryImageOfPage\":{\"@id\":\"https:\\\/\\\/ibecbarcelona.eu\\\/ca\\\/research-groups\\\/spatial-biotechnology\\\/#primaryimage\"},\"image\":{\"@id\":\"https:\\\/\\\/ibecbarcelona.eu\\\/ca\\\/research-groups\\\/spatial-biotechnology\\\/#primaryimage\"},\"thumbnailUrl\":\"https:\\\/\\\/ibecbarcelona.eu\\\/wp-content\\\/uploads\\\/2024\\\/01\\\/Imagen-1.png\",\"datePublished\":\"2024-01-08T14:58:16+00:00\",\"dateModified\":\"2026-01-16T10:45:46+00:00\",\"breadcrumb\":{\"@id\":\"https:\\\/\\\/ibecbarcelona.eu\\\/ca\\\/research-groups\\\/spatial-biotechnology\\\/#breadcrumb\"},\"inLanguage\":\"ca\",\"potentialAction\":[{\"@type\":\"ReadAction\",\"target\":[\"https:\\\/\\\/ibecbarcelona.eu\\\/ca\\\/research-groups\\\/spatial-biotechnology\\\/\"]}]},{\"@type\":\"ImageObject\",\"inLanguage\":\"ca\",\"@id\":\"https:\\\/\\\/ibecbarcelona.eu\\\/ca\\\/research-groups\\\/spatial-biotechnology\\\/#primaryimage\",\"url\":\"https:\\\/\\\/ibecbarcelona.eu\\\/wp-content\\\/uploads\\\/2024\\\/01\\\/Imagen-1.png\",\"contentUrl\":\"https:\\\/\\\/ibecbarcelona.eu\\\/wp-content\\\/uploads\\\/2024\\\/01\\\/Imagen-1.png\"},{\"@type\":\"BreadcrumbList\",\"@id\":\"https:\\\/\\\/ibecbarcelona.eu\\\/ca\\\/research-groups\\\/spatial-biotechnology\\\/#breadcrumb\",\"itemListElement\":[{\"@type\":\"ListItem\",\"position\":1,\"name\":\"Home\",\"item\":\"https:\\\/\\\/ibecbarcelona.eu\\\/ca\\\/\"},{\"@type\":\"ListItem\",\"position\":2,\"name\":\"Research groups\",\"item\":\"https:\\\/\\\/ibecbarcelona.eu\\\/ca\\\/research-groups\\\/\"},{\"@type\":\"ListItem\",\"position\":3,\"name\":\"Spatial Biotechnology\"}]},{\"@type\":\"WebSite\",\"@id\":\"https:\\\/\\\/ibecbarcelona.eu\\\/#website\",\"url\":\"https:\\\/\\\/ibecbarcelona.eu\\\/\",\"name\":\"Institute for Bioengineering of Catalonia\",\"description\":\"Bioengineering Solutions for Health\",\"publisher\":{\"@id\":\"https:\\\/\\\/ibecbarcelona.eu\\\/#organization\"},\"potentialAction\":[{\"@type\":\"SearchAction\",\"target\":{\"@type\":\"EntryPoint\",\"urlTemplate\":\"https:\\\/\\\/ibecbarcelona.eu\\\/?s={search_term_string}\"},\"query-input\":{\"@type\":\"PropertyValueSpecification\",\"valueRequired\":true,\"valueName\":\"search_term_string\"}}],\"inLanguage\":\"ca\"},{\"@type\":\"Organization\",\"@id\":\"https:\\\/\\\/ibecbarcelona.eu\\\/#organization\",\"name\":\"Institute for Bioengineering of Catalonia\",\"url\":\"https:\\\/\\\/ibecbarcelona.eu\\\/\",\"logo\":{\"@type\":\"ImageObject\",\"inLanguage\":\"ca\",\"@id\":\"https:\\\/\\\/ibecbarcelona.eu\\\/#\\\/schema\\\/logo\\\/image\\\/\",\"url\":\"https:\\\/\\\/ibecbarcelona.eu\\\/wp-content\\\/uploads\\\/2026\\\/01\\\/cropped-IBEC_20ANYS_GRIS.png\",\"contentUrl\":\"https:\\\/\\\/ibecbarcelona.eu\\\/wp-content\\\/uploads\\\/2026\\\/01\\\/cropped-IBEC_20ANYS_GRIS.png\",\"width\":696,\"height\":257,\"caption\":\"Institute for Bioengineering of Catalonia\"},\"image\":{\"@id\":\"https:\\\/\\\/ibecbarcelona.eu\\\/#\\\/schema\\\/logo\\\/image\\\/\"}}]}<\/script>\n<!-- \/ Yoast SEO plugin. -->","yoast_head_json":{"title":"Spatial Biotechnology - Institute for Bioengineering of Catalonia","robots":{"index":"index","follow":"follow","max-snippet":"max-snippet:-1","max-image-preview":"max-image-preview:large","max-video-preview":"max-video-preview:-1"},"canonical":"https:\/\/ibecbarcelona.eu\/ca\/research-groups\/spatial-biotechnology\/","og_locale":"ca_ES","og_type":"article","og_title":"Spatial Biotechnology - Institute for Bioengineering of Catalonia","og_description":"Cells continuously sense their environment by integrating multiple input signals from neighbouring cells and respond to them with a fast-flowing cascade of abundant outputs. In turn, these outputs modify the ... Read more","og_url":"https:\/\/ibecbarcelona.eu\/ca\/research-groups\/spatial-biotechnology\/","og_site_name":"Institute for Bioengineering of Catalonia","article_modified_time":"2026-01-16T10:45:46+00:00","og_image":[{"width":675,"height":195,"url":"https:\/\/ibecbarcelona.eu\/wp-content\/uploads\/2024\/01\/Imagen-1.png","type":"image\/png"}],"twitter_card":"summary_large_image","twitter_misc":{"Temps estimat de lectura":"6 minuts"},"schema":{"@context":"https:\/\/schema.org","@graph":[{"@type":"WebPage","@id":"https:\/\/ibecbarcelona.eu\/ca\/research-groups\/spatial-biotechnology\/","url":"https:\/\/ibecbarcelona.eu\/ca\/research-groups\/spatial-biotechnology\/","name":"Spatial Biotechnology - Institute for Bioengineering of Catalonia","isPartOf":{"@id":"https:\/\/ibecbarcelona.eu\/#website"},"primaryImageOfPage":{"@id":"https:\/\/ibecbarcelona.eu\/ca\/research-groups\/spatial-biotechnology\/#primaryimage"},"image":{"@id":"https:\/\/ibecbarcelona.eu\/ca\/research-groups\/spatial-biotechnology\/#primaryimage"},"thumbnailUrl":"https:\/\/ibecbarcelona.eu\/wp-content\/uploads\/2024\/01\/Imagen-1.png","datePublished":"2024-01-08T14:58:16+00:00","dateModified":"2026-01-16T10:45:46+00:00","breadcrumb":{"@id":"https:\/\/ibecbarcelona.eu\/ca\/research-groups\/spatial-biotechnology\/#breadcrumb"},"inLanguage":"ca","potentialAction":[{"@type":"ReadAction","target":["https:\/\/ibecbarcelona.eu\/ca\/research-groups\/spatial-biotechnology\/"]}]},{"@type":"ImageObject","inLanguage":"ca","@id":"https:\/\/ibecbarcelona.eu\/ca\/research-groups\/spatial-biotechnology\/#primaryimage","url":"https:\/\/ibecbarcelona.eu\/wp-content\/uploads\/2024\/01\/Imagen-1.png","contentUrl":"https:\/\/ibecbarcelona.eu\/wp-content\/uploads\/2024\/01\/Imagen-1.png"},{"@type":"BreadcrumbList","@id":"https:\/\/ibecbarcelona.eu\/ca\/research-groups\/spatial-biotechnology\/#breadcrumb","itemListElement":[{"@type":"ListItem","position":1,"name":"Home","item":"https:\/\/ibecbarcelona.eu\/ca\/"},{"@type":"ListItem","position":2,"name":"Research groups","item":"https:\/\/ibecbarcelona.eu\/ca\/research-groups\/"},{"@type":"ListItem","position":3,"name":"Spatial Biotechnology"}]},{"@type":"WebSite","@id":"https:\/\/ibecbarcelona.eu\/#website","url":"https:\/\/ibecbarcelona.eu\/","name":"Institute for Bioengineering of Catalonia","description":"Bioengineering Solutions for Health","publisher":{"@id":"https:\/\/ibecbarcelona.eu\/#organization"},"potentialAction":[{"@type":"SearchAction","target":{"@type":"EntryPoint","urlTemplate":"https:\/\/ibecbarcelona.eu\/?s={search_term_string}"},"query-input":{"@type":"PropertyValueSpecification","valueRequired":true,"valueName":"search_term_string"}}],"inLanguage":"ca"},{"@type":"Organization","@id":"https:\/\/ibecbarcelona.eu\/#organization","name":"Institute for Bioengineering of Catalonia","url":"https:\/\/ibecbarcelona.eu\/","logo":{"@type":"ImageObject","inLanguage":"ca","@id":"https:\/\/ibecbarcelona.eu\/#\/schema\/logo\/image\/","url":"https:\/\/ibecbarcelona.eu\/wp-content\/uploads\/2026\/01\/cropped-IBEC_20ANYS_GRIS.png","contentUrl":"https:\/\/ibecbarcelona.eu\/wp-content\/uploads\/2026\/01\/cropped-IBEC_20ANYS_GRIS.png","width":696,"height":257,"caption":"Institute for Bioengineering of Catalonia"},"image":{"@id":"https:\/\/ibecbarcelona.eu\/#\/schema\/logo\/image\/"}}]}},"AFP_featured_media_urls":{"full":false,"thumbnail":false,"medium":false,"medium_large":false,"large":false},"AFP_attachments":[],"AFP_videos":[],"AFP_video_blocks":"","AFP_category_names":[],"_links":{"self":[{"href":"https:\/\/ibecbarcelona.eu\/ca\/wp-json\/wp\/v2\/pages\/113827","targetHints":{"allow":["GET"]}}],"collection":[{"href":"https:\/\/ibecbarcelona.eu\/ca\/wp-json\/wp\/v2\/pages"}],"about":[{"href":"https:\/\/ibecbarcelona.eu\/ca\/wp-json\/wp\/v2\/types\/page"}],"author":[{"embeddable":true,"href":"https:\/\/ibecbarcelona.eu\/ca\/wp-json\/wp\/v2\/users\/4"}],"replies":[{"embeddable":true,"href":"https:\/\/ibecbarcelona.eu\/ca\/wp-json\/wp\/v2\/comments?post=113827"}],"version-history":[{"count":23,"href":"https:\/\/ibecbarcelona.eu\/ca\/wp-json\/wp\/v2\/pages\/113827\/revisions"}],"predecessor-version":[{"id":131371,"href":"https:\/\/ibecbarcelona.eu\/ca\/wp-json\/wp\/v2\/pages\/113827\/revisions\/131371"}],"up":[{"embeddable":true,"href":"https:\/\/ibecbarcelona.eu\/ca\/wp-json\/wp\/v2\/pages\/129410"}],"wp:attachment":[{"href":"https:\/\/ibecbarcelona.eu\/ca\/wp-json\/wp\/v2\/media?parent=113827"}],"wp:term":[{"taxonomy":"post_tag","embeddable":true,"href":"https:\/\/ibecbarcelona.eu\/ca\/wp-json\/wp\/v2\/tags?post=113827"}],"curies":[{"name":"wp","href":"https:\/\/api.w.org\/{rel}","templated":true}]}}