
{"id":17111,"date":"2014-12-10T16:11:08","date_gmt":"2014-12-10T15:11:08","guid":{"rendered":"http:\/\/ibecbarcelona.eu\/?page_id=17111"},"modified":"2017-02-01T11:42:03","modified_gmt":"2017-02-01T10:42:03","slug":"microbial-biotechnology-and-host-pathogen-interaction","status":"publish","type":"page","link":"https:\/\/ibecbarcelona.eu\/ca\/research-groups\/former-groups\/microbial-biotechnology-and-host-pathogen-interaction\/","title":{"rendered":"Microbial biotechnology and host-pathogen interaction"},"content":{"rendered":"<hr \/>\n<p><img decoding=\"async\" class=\"alignright wp-image-14637 size-full lazyload\" data-src=\"https:\/\/ibecbarcelona.eu\/wp-content\/uploads\/2016\/01\/AJuarez_500x250.jpg\" alt=\"\" width=\"500\" height=\"250\" src=\"data:image\/svg+xml;base64,PHN2ZyB3aWR0aD0iMSIgaGVpZ2h0PSIxIiB4bWxucz0iaHR0cDovL3d3dy53My5vcmcvMjAwMC9zdmciPjwvc3ZnPg==\" style=\"--smush-placeholder-width: 500px; --smush-placeholder-aspect-ratio: 500\/250;\" \/>  <div class=\"responsive-tabs\">\n<h2 class=\"tabtitle\">Descripci\u00f3<\/h2>\n<div class=\"tabcontent\">\n <\/p>\n<p><strong>1. Estructura i funci\u00f3 de les prote\u00efnes bacterianes que regulen l\u2019expressi\u00f3 de la virul\u00e8ncia<\/strong><br \/>\nLes interaccions prote\u00efna-prote\u00efna i prote\u00efna-ADN tenen un paper important en la capacitat dels bacteris virulents d\u2019adaptar-se a l\u2019entorn de l\u2019hoste i causar malalties. Actualment, la nostra recerca se centra en un grup de prote\u00efnes: les prote\u00efnes associades al nucleoide (NAP), que contribueixen a l\u2019estructura de l\u2019ADN i regulen l\u2019expressi\u00f3 g\u00e8nica. <\/p>\n<figure id=\"attachment_9579\" aria-describedby=\"caption-attachment-9579\" style=\"width: 390px\" class=\"wp-caption alignleft\"><a href=\"https:\/\/ibecbarcelona.eu\/wp-content\/uploads\/2015\/01\/juarez2014_1.jpg\"><img decoding=\"async\" class=\"wp-image-9579 size-full lazyload\" data-src=\"https:\/\/ibecbarcelona.eu\/wp-content\/uploads\/2015\/01\/juarez2014_1.jpg\" alt=\"juarez2014_1\" width=\"400\" height=\"166\" data-srcset=\"https:\/\/ibecbarcelona.eu\/wp-content\/uploads\/2015\/01\/juarez2014_1.jpg 400w, https:\/\/ibecbarcelona.eu\/wp-content\/uploads\/2015\/01\/juarez2014_1-300x124.jpg 300w, https:\/\/ibecbarcelona.eu\/wp-content\/uploads\/2015\/01\/juarez2014_1-250x103.jpg 250w, https:\/\/ibecbarcelona.eu\/wp-content\/uploads\/2015\/01\/juarez2014_1-150x62.jpg 150w\" data-sizes=\"(max-width: 400px) 100vw, 400px\" src=\"data:image\/svg+xml;base64,PHN2ZyB3aWR0aD0iMSIgaGVpZ2h0PSIxIiB4bWxucz0iaHR0cDovL3d3dy53My5vcmcvMjAwMC9zdmciPjwvc3ZnPg==\" style=\"--smush-placeholder-width: 400px; --smush-placeholder-aspect-ratio: 400\/166;\" \/><\/a><figcaption id=\"caption-attachment-9579\" class=\"wp-caption-text\">Retenci\u00f3 de c\u00e8l\u00b7lules d\u2019Escherichia coli en un xip de dielectroforesi.<\/figcaption><\/figure>\n<p>Ens interessa aclarir el paper que tenen dues d\u2019aquestes prote\u00efnes (Hha i H-NS) en la regulaci\u00f3 de la virul\u00e8ncia i en la transfer\u00e8ncia de plasmidis. Les variants patog\u00e8niques d\u2019Escherichia coli, com E. coli enteroagregatiu, s\u00f3n el subjecte de la nostra recerca. A causa de la seva funci\u00f3 essencial, aquestes prote\u00efnes mostren un potencial excel\u00b7lent per combatre la infecci\u00f3 bacteriana.<\/p>\n<p><strong>2. Plasmidis bacterians i el seu paper en la transmissi\u00f3 de marcadors de resist\u00e8ncia a m\u00faltiples f\u00e0rmacs<\/strong><br \/>\nUna de les preocupacions principals en relaci\u00f3 amb les infeccions bacterianes \u00e9s la selecci\u00f3 d\u2019a\u00efllats que siguin resistents a diversos f\u00e0rmacs antimicrobians. En molts casos, la transmissi\u00f3 de la capacitat de les c\u00e8l\u00b7lules bacterianes de resistir simult\u00e0niament a diversos f\u00e0rmacs \u00e9s deguda als plasmidis. Aquests elements gen\u00e8tics es poden transmetre d\u2019una c\u00e8l\u00b7lula a una altra i poden modificar el fenotip de la c\u00e8l\u00b7lula receptora. <\/p>\n<p>Recentment, hem demostrat que els plasmidis presents en la resist\u00e8ncia a m\u00faltiples f\u00e0rmacs de la Salmonella requereixen que es mantinguin de manera estable prote\u00efnes de plasmidi espec\u00edfiques en aquest microorganisme. Aquestes prote\u00efnes es podrien considerar dianes per combatre la resist\u00e8ncia a m\u00faltiples f\u00e0rmacs.<\/p>\n<p><strong>3. Aplicaci\u00f3 de nanoeines de biotecnologia bacteriana<\/strong><\/p>\n<figure id=\"attachment_9582\" aria-describedby=\"caption-attachment-9582\" style=\"width: 390px\" class=\"wp-caption alignright\"><a href=\"https:\/\/ibecbarcelona.eu\/wp-content\/uploads\/2015\/01\/juarez2014_2.jpg\"><img decoding=\"async\" class=\"wp-image-9582 size-full lazyload\" data-src=\"https:\/\/ibecbarcelona.eu\/wp-content\/uploads\/2015\/01\/juarez2014_2.jpg\" alt=\"Hha perturbing H-NS structure\" width=\"400\" height=\"236\" data-srcset=\"https:\/\/ibecbarcelona.eu\/wp-content\/uploads\/2015\/01\/juarez2014_2.jpg 400w, https:\/\/ibecbarcelona.eu\/wp-content\/uploads\/2015\/01\/juarez2014_2-300x177.jpg 300w, https:\/\/ibecbarcelona.eu\/wp-content\/uploads\/2015\/01\/juarez2014_2-250x147.jpg 250w, https:\/\/ibecbarcelona.eu\/wp-content\/uploads\/2015\/01\/juarez2014_2-150x88.jpg 150w\" data-sizes=\"(max-width: 400px) 100vw, 400px\" src=\"data:image\/svg+xml;base64,PHN2ZyB3aWR0aD0iMSIgaGVpZ2h0PSIxIiB4bWxucz0iaHR0cDovL3d3dy53My5vcmcvMjAwMC9zdmciPjwvc3ZnPg==\" style=\"--smush-placeholder-width: 400px; --smush-placeholder-aspect-ratio: 400\/236;\" \/><\/a><figcaption id=\"caption-attachment-9582\" class=\"wp-caption-text\">Hha perturbant l\u2019estructura d\u2019H-NS<\/figcaption><\/figure>\n<p>3.1. Dielectrophoresis. Ja hem mostrat que la dielectroforesi pot ser una eina valuosa per a la classificaci\u00f3 i la caracteritzaci\u00f3 dels bacteris. Actualment usem diferents dissenys de xips (el\u00e8ctrodes de carb\u00f3 2D i 3D) per: a) estudiar l\u2019efecte dels camps el\u00e8ctrics en la fisiologia cel\u00b7lular bacteriana; b) combinar la DEP amb altres protocols moleculars per a la detecci\u00f3 i identificaci\u00f3 de diversos tipus de c\u00e8l\u00b7lules. Els resultats recents han demostrat que els xips de la DEP es poden utilitzar per incrementar la detecci\u00f3 de la PCR de les c\u00e8l\u00b7lules de llevats. <\/p>\n<p>3.2. Microsc\u00f2pia de forces at\u00f2miques (AFM). Els enfocaments convencionals d\u2019AFM han mostrat que s\u00f3n t\u00e8cniques potents per caracteritzar els biomaterials i les biomol\u00e8cules. En un projecte conjunt amb el grup de Caracteritzaci\u00f3 bioel\u00e8ctrica a la nanoescala (p\u00e0gina 56), tenim la intenci\u00f3 d\u2019emprar l\u2019AFM el\u00e8ctrica per caracteritzar l\u2019embolcall de les c\u00e8l\u00b7lules bacterianes. Tamb\u00e9 planegem usar aquest enfocament per analitzar les propietats estructurals i fisiol\u00f2giques de les c\u00e8l\u00b7lules bacterianes vives.\u00a0 <\/p>\n\n<\/div><h2 class=\"tabtitle\">Not\u00edcies<\/h2>\n<div class=\"tabcontent\">\n\n<h5><a title=\"IBEC internal collaboration succeeds in measuring bacterial cell response to electrical fields\" href=\"https:\/\/ibecbarcelona.eu\/ibec-internal-collaboration-succeeds-in-measuring-bacterial-cell-response-to-electrical-fields\/\">IBEC internal collaboration succeeds in measuring bacterial cell response to electrical fields<\/a><\/h5>\n<h6 style=\"color: #aaa;\">17\/09\/14<\/h6>\n<p>Two groups working together at IBEC demonstrate the potential of electrical studies of single bacterial cells in a paper published in ACS Nano. Gabriel Gomila\u2019s Nanoscale Bioelectrical Characterization group and that of Antonio Ju\u00e1rez, Microbial Biotechnology and Host-pathogen Interaction, combined their expertise on microscopic electrical measurements and bacteria respectively to come up with a way to study the response to external electrical fields of just a single bacterial cell.<\/p>\n<hr \/>\n<h5><a title=\"Antibiotic resistance: a \u2018devastating\u2019 public health issue\" href=\"https:\/\/ibecbarcelona.eu\/antibiotic-resistance-a-devastating-public-health-issue\/\">Antibiotic resistance: a \u2018devastating\u2019 public health issue<\/a><\/h5>\n<h6 style=\"color: #aaa;\">27\/11\/2013<\/h6>\n<p>A researcher\u2019s paper published in the journal Environmental Microbiology is just one step in the right direction to tackle a major public health issue that he and other experts say could soon be devastating.<\/p>\n<hr \/>\n<h5><a title=\"\u201cEl combate contra la pseudomona en manos del Dr. Torrents\u201d\" href=\"https:\/\/ibecbarcelona.eu\/qel-combate-contra-la-pseudomona-en-manos-del-dr-torrentsq\/\">&#8220;El combate contra la pseudomona en manos del Dr. Torrents&#8221;<\/a><\/h5>\n<h6 style=\"color: #aaa;\">27\/09\/2012<\/h6>\n<p>Senior researcher Eduard Torrents appears several times in the July edition of the newspaper of the Associaci\u00f3 Catalana de Fibrosi Qu\u00edstica, Per a V\u00e8ncer la Fibrosi Qu\u00edstica.<\/p>\n<hr \/>\n<h5><a title=\"Continuing the fight against cystic fibrosis\" href=\"https:\/\/ibecbarcelona.eu\/continuing-the-fight-against-cystic-fibrosis\/\">Continuing the fight against cystic fibrosis<\/a><\/h5>\n<h6 style=\"color: #aaa;\">03\/05\/2012<\/h6>\n<p>IBEC Senior Researcher Eduard Torrents participated in a conference to mark the National Day for Cystic Fibrosis last Wednesday 25 April. This event, which took place at the Spanish Society of Pneumology and Thoracic Surgery (SEPAR), also included the official presentation of funds from the Associaci\u00f3 Catalana de Fibrosis Qu\u00edstica (Catalan Association of Cystic Fibrosis) to research groups specializing in the disease.<\/p>\n<hr \/>\n<h5>Joining forces to beat Salmonella<\/h5>\n<h6 style=\"color: #aaa;\">13\/06\/2011<\/h6>\n<p>An IBEC group has embarked on a technology transfer venture together with two biopharmaceutical companies. Antonio Ju\u00e1rez\u2019s Microbial Technology and Host-Pathogen Interaction lab has formed a consortium with CZV Veterinaria, a leader in the manufacture of veterinary products based in Porri\u00f1o, Galicia, and Valls Companys\u2019 pharmaceutical arm MEVET in Lleida. Their two-year project aims to obtain strains of Salmonella with weakened virulence, which can then be used to develop a vaccine to reduce the incidence of the infection in poultry farms. Salmonella, a leading cause of food poisoning, is zoonotic, able to spread to man through contaminated animal food products.<\/p>\n<hr \/>\n<h5><a title=\"Opening new doors to combat bacterial infections\" href=\"https:\/\/ibecbarcelona.eu\/opening-new-doors-to-combat-bacterial-infections\/\">Opening new doors to combat bacterial infections<\/a><\/h5>\n<h6 style=\"color: #aaa;\">26\/04\/2011<\/h6>\n<p>We may be several steps closer to understanding one of the major pathologies that affects sufferers of cystic fibrosis, thanks to Senior researcher Eduard Torrents of IBEC\u2019s Microbial biotechnology and host-pathogen interaction group<\/p>\n<hr \/>\n<h5><a title=\"IBEC researcher receives Pablo Motos award\" href=\"https:\/\/ibecbarcelona.eu\/ibec-researcher-receives-pablo-motos-award\/\">IBEC researcher receives Pablo Motos award<\/a><\/h5>\n<h6 style=\"color: #aaa;\">12\/01\/2011<\/h6>\n<p>Eduard Torrents, senior researcher in IBEC\u2019s Microbial Biotechnology and Host-pathogen Interaction group, has been announced as a recipient of the 2010 Pablo Motos award from the Federaci\u00f3n Espa\u00f1ola de Fibrosis Qu\u00edstica (Spanish Association of Cystic Fibrosis) this week.<\/p>\n<hr \/>\n<h5><a title=\"IBEC to host Sociedad Espa\u00f1ola de Microbiolog\u00eda group congress\" href=\"https:\/\/ibecbarcelona.eu\/bec-to-host-sociedad-espanola-de-microbiologia-group-congress\/\">IBEC to host Sociedad Espa\u00f1ola de Microbiolog\u00eda group congress<\/a><\/h5>\n<h6 style=\"color: #aaa;\">08\/11\/2010<\/h6>\n<p>This week IBEC will be hosting the 8th meeting of the Molecular Microbiology group of the Sociedad Espa\u00f1ola de Microbiolog\u00eda (SEM). The congress will offer the chance for participants to learn about noteworthy advances in the field and to discuss the particular trends and challenges in this area.<\/p>\n<hr \/>\n<h5><a title=\"Discovery of the key to the success of some of the most virulent bacteria\" href=\"https:\/\/ibecbarcelona.eu\/discovery-of-the-key-to-the-success-of-some-of-the-most-virulent-bacteria\/\">Discovery of the key to the success of some of the most virulent bacteria<\/a><\/h5>\n<h6 style=\"color: #aaa;\">02\/07\/2009<\/h6>\n<p>Researchers at IBEC, IRB Barcelona and the UB identify the strategy used by enterobacteria to acquire resistance and pathogenicity.<\/p>\n<hr \/>\n<h5><a title=\"The Cystic Fibrosis Association of Catalonia supports research study at IBEC\" href=\"https:\/\/ibecbarcelona.eu\/the-cystic-fibrosis-association-of-catalonia-supports-research-study-at-ibec\/\">The Cystic Fibrosis Association of Catalonia supports research study at IBEC<\/a><\/h5>\n<h6 style=\"color: #aaa;\">17\/06\/2009<\/h6>\n<p>The Cystic Fibrosis Association of Catalonia (Asociaci\u00f3n Catalana de Fibrosis Qu\u00edstica) provides active support to the research conducted by Doctor Eduard Torrents, a member of IBEC\u00b4s Microbial Biotechnology and Host-Pathogen Interaction Group, into the enzyme that promotes the growth of the bacteria linked to this disease. \n<\/div><h2 class=\"tabtitle\">Projectes<\/h2>\n<div class=\"tabcontent\">\n<\/p>\n<h5>Projectes nacionals<\/h5>\n<table style=\"width: 765px;\">\n<tbody>\n<tr>\n<td><strong>Regulaci\u00f3n de la virulencia bacteriana por prote\u00ednas que reconocen conformaciones locales del ADN<\/strong><\/td>\n<td>REGVIRBAC<\/td>\n<td>Antonio Ju\u00e1rez<\/td>\n<\/tr>\n<tr>\n<td><strong>INTERMODS Interconexiones de M\u00f3dulos plasm\u00eddicos y los Genomas de Bacterias Pat\u00f3genas<\/strong><\/td>\n<td>MINECO-CSIC<\/td>\n<td>Antonio Ju\u00e1rez (managed by UB)<\/td>\n<\/tr>\n<\/tbody>\n<\/table>\n<h5>Projectes finan\u00e7ats amb fons privats<\/h5>\n<table style=\"width: 765px;\">\n<tbody>\n<tr class=\"even\">\n<td><strong>MEJORAVE1 Mejora sanitaria y de productos c\u00e1rmicos de ave<\/strong><\/td>\n<td>Industrial project with Mevet, S.A &#8211; CZ Veterinaria, S.A<\/td>\n<td>Antonio Ju\u00e1rez<\/td>\n<\/tr>\n<\/tbody>\n<\/table>\n<p>\n<\/div><h2 class=\"tabtitle\">Publicacions<\/h2>\n<div class=\"tabcontent\">\n <div class=\"loadpubs\"><\/div><script>\n    var url=\"https:\/\/ibecbarcelona.eu\/wp-content\/plugins\/ibec\/pubs\/microbial-biotechnology-and-host-pathogen-interaction.html\";\n    jQuery(document).ready(function(){\n            jQuery(\".loadpubs\").load(url);\n    });\n    <\/script> \n<\/div><h2 class=\"tabtitle\">Equipament<\/h2>\n<div class=\"tabcontent\">\n<\/p>\n<ul>\n<li>Equipament de dielectroforesi<\/li>\n<li>Termociclador (PCR)<\/li>\n<li>Aparell per a l\u2019electroforesi de prote\u00efnes i DNA<\/li>\n<li>Proc\u00e9s de producci\u00f3 de biomol\u00e8cules<\/li>\n<li>Sistemes d\u2019expressi\u00f3 i purificaci\u00f3 de prote\u00efnes<\/li>\n<li>Instal\u00b7lacions per al cultiu microbi\u00e0<\/li>\n<\/ul>\n\n<\/div><h2 class=\"tabtitle\">Col\u00b7laboracions<\/h2>\n<div class=\"tabcontent\">\n\n<ul>\n<li>Prof. Charles Dorman <em>Trinity College, Dublin<\/em><\/li>\n<li>Dr. Eduard Torrents <em>IBEC<\/em><\/li>\n<li>Dr. Rodrigo Mart\u00ednez-Duarte <em>\u00c9cole Polytechnique F\u00e9d\u00e9rale de Lausanne<\/em><\/li>\n<li>Prof. Josep Casades\u00fas <em>Universidad de Sevilla<\/em><\/li>\n<li>Prof. F. Garc\u00eda del Portillo <em>Centro Nacional de Biotecnolog\u00eda, Madrid<\/em><\/li>\n<li>Dr. Gabriel Gomila <em>IBEC<\/em><\/li>\n<li>Prof. Mike Hughes <em>University of Surrey (UK)<\/em><\/li>\n<li>Prof. Josep Samitier <em>IBEC<\/em><\/li>\n<li>Prof. Miquel Pons <em>Organic Chemistry Dept., University of Barcelona, Spain<\/em><\/li>\n<\/ul>\n<\/div><\/div>\n","protected":false},"excerpt":{"rendered":"<p>1. Estructura i funci\u00f3 de les prote\u00efnes bacterianes que regulen l\u2019expressi\u00f3 de la virul\u00e8ncia Les interaccions prote\u00efna-prote\u00efna i prote\u00efna-ADN tenen un paper important en la capacitat dels bacteris virulents d\u2019adaptar-se &#8230; <a title=\"Microbial biotechnology and host-pathogen interaction\" class=\"read-more\" href=\"https:\/\/ibecbarcelona.eu\/ca\/research-groups\/former-groups\/microbial-biotechnology-and-host-pathogen-interaction\/\" aria-label=\"More on Microbial biotechnology and host-pathogen interaction\">Read more<\/a><\/p>\n","protected":false},"author":4,"featured_media":0,"parent":94494,"menu_order":0,"comment_status":"closed","ping_status":"closed","template":"","meta":{"footnotes":""},"tags":[],"class_list":["post-17111","page","type-page","status-publish"],"yoast_head":"<!-- This site is optimized with the Yoast SEO plugin v27.5 - https:\/\/yoast.com\/product\/yoast-seo-wordpress\/ -->\n<title>Microbial biotechnology and host-pathogen interaction - Institute for Bioengineering of Catalonia<\/title>\n<meta name=\"robots\" content=\"index, follow, max-snippet:-1, max-image-preview:large, max-video-preview:-1\" \/>\n<link rel=\"canonical\" href=\"https:\/\/ibecbarcelona.eu\/ca\/research-groups__trashed\/former-groups\/microbial-biotechnology-and-host-pathogen-interaction\/\" \/>\n<meta property=\"og:locale\" content=\"ca_ES\" \/>\n<meta property=\"og:type\" content=\"article\" \/>\n<meta property=\"og:title\" content=\"Microbial biotechnology and host-pathogen interaction - Institute for Bioengineering of Catalonia\" \/>\n<meta property=\"og:description\" content=\"1. Estructura i funci\u00f3 de les prote\u00efnes bacterianes que regulen l\u2019expressi\u00f3 de la virul\u00e8ncia Les interaccions prote\u00efna-prote\u00efna i prote\u00efna-ADN tenen un paper important en la capacitat dels bacteris virulents d\u2019adaptar-se ... Read more\" \/>\n<meta property=\"og:url\" content=\"https:\/\/ibecbarcelona.eu\/ca\/research-groups__trashed\/former-groups\/microbial-biotechnology-and-host-pathogen-interaction\/\" \/>\n<meta property=\"og:site_name\" content=\"Institute for Bioengineering of Catalonia\" \/>\n<meta property=\"article:modified_time\" content=\"2017-02-01T10:42:03+00:00\" \/>\n<meta property=\"og:image\" content=\"https:\/\/ibecbarcelona.eu\/wp-content\/uploads\/2016\/01\/AJuarez_500x250.jpg\" \/>\n<meta name=\"twitter:card\" content=\"summary_large_image\" \/>\n<meta name=\"twitter:label1\" content=\"Temps estimat de lectura\" \/>\n\t<meta name=\"twitter:data1\" content=\"6 minuts\" \/>\n<script type=\"application\/ld+json\" class=\"yoast-schema-graph\">{\"@context\":\"https:\\\/\\\/schema.org\",\"@graph\":[{\"@type\":\"WebPage\",\"@id\":\"https:\\\/\\\/ibecbarcelona.eu\\\/ca\\\/research-groups__trashed\\\/former-groups\\\/microbial-biotechnology-and-host-pathogen-interaction\\\/\",\"url\":\"https:\\\/\\\/ibecbarcelona.eu\\\/ca\\\/research-groups__trashed\\\/former-groups\\\/microbial-biotechnology-and-host-pathogen-interaction\\\/\",\"name\":\"Microbial biotechnology and host-pathogen interaction - Institute for Bioengineering of Catalonia\",\"isPartOf\":{\"@id\":\"https:\\\/\\\/ibecbarcelona.eu\\\/#website\"},\"primaryImageOfPage\":{\"@id\":\"https:\\\/\\\/ibecbarcelona.eu\\\/ca\\\/research-groups__trashed\\\/former-groups\\\/microbial-biotechnology-and-host-pathogen-interaction\\\/#primaryimage\"},\"image\":{\"@id\":\"https:\\\/\\\/ibecbarcelona.eu\\\/ca\\\/research-groups__trashed\\\/former-groups\\\/microbial-biotechnology-and-host-pathogen-interaction\\\/#primaryimage\"},\"thumbnailUrl\":\"https:\\\/\\\/ibecbarcelona.eu\\\/wp-content\\\/uploads\\\/2016\\\/01\\\/AJuarez_500x250.jpg\",\"datePublished\":\"2014-12-10T15:11:08+00:00\",\"dateModified\":\"2017-02-01T10:42:03+00:00\",\"breadcrumb\":{\"@id\":\"https:\\\/\\\/ibecbarcelona.eu\\\/ca\\\/research-groups__trashed\\\/former-groups\\\/microbial-biotechnology-and-host-pathogen-interaction\\\/#breadcrumb\"},\"inLanguage\":\"ca\",\"potentialAction\":[{\"@type\":\"ReadAction\",\"target\":[\"https:\\\/\\\/ibecbarcelona.eu\\\/ca\\\/research-groups__trashed\\\/former-groups\\\/microbial-biotechnology-and-host-pathogen-interaction\\\/\"]}]},{\"@type\":\"ImageObject\",\"inLanguage\":\"ca\",\"@id\":\"https:\\\/\\\/ibecbarcelona.eu\\\/ca\\\/research-groups__trashed\\\/former-groups\\\/microbial-biotechnology-and-host-pathogen-interaction\\\/#primaryimage\",\"url\":\"https:\\\/\\\/ibecbarcelona.eu\\\/wp-content\\\/uploads\\\/2016\\\/01\\\/AJuarez_500x250.jpg\",\"contentUrl\":\"https:\\\/\\\/ibecbarcelona.eu\\\/wp-content\\\/uploads\\\/2016\\\/01\\\/AJuarez_500x250.jpg\"},{\"@type\":\"BreadcrumbList\",\"@id\":\"https:\\\/\\\/ibecbarcelona.eu\\\/ca\\\/research-groups__trashed\\\/former-groups\\\/microbial-biotechnology-and-host-pathogen-interaction\\\/#breadcrumb\",\"itemListElement\":[{\"@type\":\"ListItem\",\"position\":1,\"name\":\"Home\",\"item\":\"https:\\\/\\\/ibecbarcelona.eu\\\/ca\\\/\"},{\"@type\":\"ListItem\",\"position\":2,\"name\":\"Former groups\",\"item\":\"https:\\\/\\\/ibecbarcelona.eu\\\/ca\\\/research-groups__trashed\\\/former-groups\\\/\"},{\"@type\":\"ListItem\",\"position\":3,\"name\":\"Microbial biotechnology and host-pathogen interaction\"}]},{\"@type\":\"WebSite\",\"@id\":\"https:\\\/\\\/ibecbarcelona.eu\\\/#website\",\"url\":\"https:\\\/\\\/ibecbarcelona.eu\\\/\",\"name\":\"Institute for Bioengineering of Catalonia\",\"description\":\"Bioengineering Solutions for Health\",\"publisher\":{\"@id\":\"https:\\\/\\\/ibecbarcelona.eu\\\/#organization\"},\"potentialAction\":[{\"@type\":\"SearchAction\",\"target\":{\"@type\":\"EntryPoint\",\"urlTemplate\":\"https:\\\/\\\/ibecbarcelona.eu\\\/?s={search_term_string}\"},\"query-input\":{\"@type\":\"PropertyValueSpecification\",\"valueRequired\":true,\"valueName\":\"search_term_string\"}}],\"inLanguage\":\"ca\"},{\"@type\":\"Organization\",\"@id\":\"https:\\\/\\\/ibecbarcelona.eu\\\/#organization\",\"name\":\"Institute for Bioengineering of Catalonia\",\"url\":\"https:\\\/\\\/ibecbarcelona.eu\\\/\",\"logo\":{\"@type\":\"ImageObject\",\"inLanguage\":\"ca\",\"@id\":\"https:\\\/\\\/ibecbarcelona.eu\\\/#\\\/schema\\\/logo\\\/image\\\/\",\"url\":\"https:\\\/\\\/ibecbarcelona.eu\\\/wp-content\\\/uploads\\\/2026\\\/01\\\/cropped-IBEC_20ANYS_GRIS.png\",\"contentUrl\":\"https:\\\/\\\/ibecbarcelona.eu\\\/wp-content\\\/uploads\\\/2026\\\/01\\\/cropped-IBEC_20ANYS_GRIS.png\",\"width\":696,\"height\":257,\"caption\":\"Institute for Bioengineering of Catalonia\"},\"image\":{\"@id\":\"https:\\\/\\\/ibecbarcelona.eu\\\/#\\\/schema\\\/logo\\\/image\\\/\"}}]}<\/script>\n<!-- \/ Yoast SEO plugin. -->","yoast_head_json":{"title":"Microbial biotechnology and host-pathogen interaction - Institute for Bioengineering of Catalonia","robots":{"index":"index","follow":"follow","max-snippet":"max-snippet:-1","max-image-preview":"max-image-preview:large","max-video-preview":"max-video-preview:-1"},"canonical":"https:\/\/ibecbarcelona.eu\/ca\/research-groups__trashed\/former-groups\/microbial-biotechnology-and-host-pathogen-interaction\/","og_locale":"ca_ES","og_type":"article","og_title":"Microbial biotechnology and host-pathogen interaction - Institute for Bioengineering of Catalonia","og_description":"1. Estructura i funci\u00f3 de les prote\u00efnes bacterianes que regulen l\u2019expressi\u00f3 de la virul\u00e8ncia Les interaccions prote\u00efna-prote\u00efna i prote\u00efna-ADN tenen un paper important en la capacitat dels bacteris virulents d\u2019adaptar-se ... Read more","og_url":"https:\/\/ibecbarcelona.eu\/ca\/research-groups__trashed\/former-groups\/microbial-biotechnology-and-host-pathogen-interaction\/","og_site_name":"Institute for Bioengineering of Catalonia","article_modified_time":"2017-02-01T10:42:03+00:00","og_image":[{"url":"https:\/\/ibecbarcelona.eu\/wp-content\/uploads\/2016\/01\/AJuarez_500x250.jpg","type":"","width":"","height":""}],"twitter_card":"summary_large_image","twitter_misc":{"Temps estimat de lectura":"6 minuts"},"schema":{"@context":"https:\/\/schema.org","@graph":[{"@type":"WebPage","@id":"https:\/\/ibecbarcelona.eu\/ca\/research-groups__trashed\/former-groups\/microbial-biotechnology-and-host-pathogen-interaction\/","url":"https:\/\/ibecbarcelona.eu\/ca\/research-groups__trashed\/former-groups\/microbial-biotechnology-and-host-pathogen-interaction\/","name":"Microbial biotechnology and host-pathogen interaction - Institute for Bioengineering of Catalonia","isPartOf":{"@id":"https:\/\/ibecbarcelona.eu\/#website"},"primaryImageOfPage":{"@id":"https:\/\/ibecbarcelona.eu\/ca\/research-groups__trashed\/former-groups\/microbial-biotechnology-and-host-pathogen-interaction\/#primaryimage"},"image":{"@id":"https:\/\/ibecbarcelona.eu\/ca\/research-groups__trashed\/former-groups\/microbial-biotechnology-and-host-pathogen-interaction\/#primaryimage"},"thumbnailUrl":"https:\/\/ibecbarcelona.eu\/wp-content\/uploads\/2016\/01\/AJuarez_500x250.jpg","datePublished":"2014-12-10T15:11:08+00:00","dateModified":"2017-02-01T10:42:03+00:00","breadcrumb":{"@id":"https:\/\/ibecbarcelona.eu\/ca\/research-groups__trashed\/former-groups\/microbial-biotechnology-and-host-pathogen-interaction\/#breadcrumb"},"inLanguage":"ca","potentialAction":[{"@type":"ReadAction","target":["https:\/\/ibecbarcelona.eu\/ca\/research-groups__trashed\/former-groups\/microbial-biotechnology-and-host-pathogen-interaction\/"]}]},{"@type":"ImageObject","inLanguage":"ca","@id":"https:\/\/ibecbarcelona.eu\/ca\/research-groups__trashed\/former-groups\/microbial-biotechnology-and-host-pathogen-interaction\/#primaryimage","url":"https:\/\/ibecbarcelona.eu\/wp-content\/uploads\/2016\/01\/AJuarez_500x250.jpg","contentUrl":"https:\/\/ibecbarcelona.eu\/wp-content\/uploads\/2016\/01\/AJuarez_500x250.jpg"},{"@type":"BreadcrumbList","@id":"https:\/\/ibecbarcelona.eu\/ca\/research-groups__trashed\/former-groups\/microbial-biotechnology-and-host-pathogen-interaction\/#breadcrumb","itemListElement":[{"@type":"ListItem","position":1,"name":"Home","item":"https:\/\/ibecbarcelona.eu\/ca\/"},{"@type":"ListItem","position":2,"name":"Former groups","item":"https:\/\/ibecbarcelona.eu\/ca\/research-groups__trashed\/former-groups\/"},{"@type":"ListItem","position":3,"name":"Microbial biotechnology and host-pathogen interaction"}]},{"@type":"WebSite","@id":"https:\/\/ibecbarcelona.eu\/#website","url":"https:\/\/ibecbarcelona.eu\/","name":"Institute for Bioengineering of Catalonia","description":"Bioengineering Solutions for Health","publisher":{"@id":"https:\/\/ibecbarcelona.eu\/#organization"},"potentialAction":[{"@type":"SearchAction","target":{"@type":"EntryPoint","urlTemplate":"https:\/\/ibecbarcelona.eu\/?s={search_term_string}"},"query-input":{"@type":"PropertyValueSpecification","valueRequired":true,"valueName":"search_term_string"}}],"inLanguage":"ca"},{"@type":"Organization","@id":"https:\/\/ibecbarcelona.eu\/#organization","name":"Institute for Bioengineering of Catalonia","url":"https:\/\/ibecbarcelona.eu\/","logo":{"@type":"ImageObject","inLanguage":"ca","@id":"https:\/\/ibecbarcelona.eu\/#\/schema\/logo\/image\/","url":"https:\/\/ibecbarcelona.eu\/wp-content\/uploads\/2026\/01\/cropped-IBEC_20ANYS_GRIS.png","contentUrl":"https:\/\/ibecbarcelona.eu\/wp-content\/uploads\/2026\/01\/cropped-IBEC_20ANYS_GRIS.png","width":696,"height":257,"caption":"Institute for Bioengineering of Catalonia"},"image":{"@id":"https:\/\/ibecbarcelona.eu\/#\/schema\/logo\/image\/"}}]}},"AFP_featured_media_urls":{"full":false,"thumbnail":false,"medium":false,"medium_large":false,"large":false},"AFP_attachments":{"full":["https:\/\/ibecbarcelona.eu\/wp-content\/uploads\/2014\/12\/ibec_microbial.jpg",500,200,false],"thumbnail":["https:\/\/ibecbarcelona.eu\/wp-content\/uploads\/2014\/12\/ibec_microbial-150x150.jpg",150,150,true],"medium":["https:\/\/ibecbarcelona.eu\/wp-content\/uploads\/2014\/12\/ibec_microbial-300x120.jpg",300,120,true],"medium_large":["https:\/\/ibecbarcelona.eu\/wp-content\/uploads\/2014\/12\/ibec_microbial.jpg",500,200,false],"large":["https:\/\/ibecbarcelona.eu\/wp-content\/uploads\/2014\/12\/ibec_microbial.jpg",500,200,false]},"AFP_videos":[],"AFP_video_blocks":"","AFP_category_names":[],"_links":{"self":[{"href":"https:\/\/ibecbarcelona.eu\/ca\/wp-json\/wp\/v2\/pages\/17111","targetHints":{"allow":["GET"]}}],"collection":[{"href":"https:\/\/ibecbarcelona.eu\/ca\/wp-json\/wp\/v2\/pages"}],"about":[{"href":"https:\/\/ibecbarcelona.eu\/ca\/wp-json\/wp\/v2\/types\/page"}],"author":[{"embeddable":true,"href":"https:\/\/ibecbarcelona.eu\/ca\/wp-json\/wp\/v2\/users\/4"}],"replies":[{"embeddable":true,"href":"https:\/\/ibecbarcelona.eu\/ca\/wp-json\/wp\/v2\/comments?post=17111"}],"version-history":[{"count":0,"href":"https:\/\/ibecbarcelona.eu\/ca\/wp-json\/wp\/v2\/pages\/17111\/revisions"}],"up":[{"embeddable":true,"href":"https:\/\/ibecbarcelona.eu\/ca\/wp-json\/wp\/v2\/pages\/94494"}],"wp:attachment":[{"href":"https:\/\/ibecbarcelona.eu\/ca\/wp-json\/wp\/v2\/media?parent=17111"}],"wp:term":[{"taxonomy":"post_tag","embeddable":true,"href":"https:\/\/ibecbarcelona.eu\/ca\/wp-json\/wp\/v2\/tags?post=17111"}],"curies":[{"name":"wp","href":"https:\/\/api.w.org\/{rel}","templated":true}]}}