
{"id":17193,"date":"2014-08-08T11:29:25","date_gmt":"2014-08-08T09:29:25","guid":{"rendered":"http:\/\/ibecbarcelona.eu\/?page_id=17193"},"modified":"2022-07-15T15:59:46","modified_gmt":"2022-07-15T13:59:46","slug":"clinical-translation","status":"publish","type":"page","link":"https:\/\/ibecbarcelona.eu\/ca\/industria-i-hospitals\/collaboracions-cliniques","title":{"rendered":"Col\u00b7laboracions cl\u00edniques"},"content":{"rendered":"\n<h4 class=\"wp-block-heading\"><strong>La investigaci\u00f3 de l&#8217;IBEC&nbsp;se centra en les noves tecnologies aplicades a les ci\u00e8ncies de la vida i la salut. Per tant, \u00e9s crucial desenvolupar col\u00b7laboracions estretes i compromeses amb els metges i els hospitals. Aix\u00f2 permet als nostres investigadors adaptar els projectes a necessitats cl\u00edniques reals i no cobertes. A m\u00e9s, involucrem els nostres col\u00b7laboradors cl\u00ednics en les proves i la validaci\u00f3 de les nostres solucions, per tal de&nbsp;desenvolupar-les i dissenyar-les tenint en compte els entorns reals pertinents.<\/strong><\/h4>\n\n\n\n<p><b>L&#8217;IBEC es proposa contribuir a la medicina del segle XXI basada en la bioenginyeria, capa\u00e7 de proporcionar millors resultats sanitaris i contribuir a la sostenibilitat de sistemes sanitaris rendibles.<\/b><\/p>\n\n\n\n<p>Els aven\u00e7os digitals i biotecnol\u00f2gics impulsaran la medicina preventiva i de precisi\u00f3, la cirurgia digital i l&#8217;autogesti\u00f3 de malalties cr\u00f2niques mitjan\u00e7ant l&#8217;anal\u00edtica de dades sanit\u00e0ries, la IA, la <em>cloud computing<\/em>, els dispositius port\u00e0tils, els sensors, la rob\u00f2tica, la realitat augmentada i virtual, la biologia sint\u00e8tica, la impressi\u00f3 3D i la nanotecnologia. Per aconseguir-ho cal avan\u00e7ar en un model d&#8217;innovaci\u00f3 oberta, creant un espai compartit entre cient\u00edfics, enginyers i metges i fomentant un marc de relaci\u00f3 amb els cl\u00ednics i les empreses de bio\/medicina.<\/p>\n\n\n\n<p>L&#8217;estrat\u00e8gia de l&#8217;IBEC&nbsp;\u00e9s guiada pel nostre Comit\u00e8 de Translaci\u00f3 Cl\u00ednica, compost per metges amb responsabilitats en la gesti\u00f3 d&#8217;hospitals, que assessora l&#8217;IBEC&nbsp;sobre com satisfer les necessitats del sector hospitalari. A m\u00e9s, l&#8217;IBEC&nbsp;fomenta les col\u00b7laboracions amb els metges per abordar les necessitats cl\u00edniques no cobertes. L&#8217;IBEC&nbsp;\u00e9s la contrapart tecnol\u00f2gica dels principals hospitals de Barcelona&nbsp;en l&#8217;\u00e0mbit internacional, cosa que permet un f\u00e0cil acc\u00e9s a les mostres cl\u00edniques i als pacients.<\/p>\n\n\n\n<p>Addicionalment, hem implementat les accions seg\u00fcents:<\/p>\n\n\n\n<p><strong>Programa de metges associats: <\/strong>els metges seleccionats poden participar&nbsp;en els&nbsp;programes de formaci\u00f3 i contractaci\u00f3 de l&#8217;IBEC&nbsp;i establir projectes translacionals conjunts amb els caps de grup de l&#8217;IBEC.<\/p>\n\n\n\n<p><b>Incorporaci\u00f3&nbsp;de metges als grups de recerca de l&#8217;IBEC&nbsp;<\/b>a trav\u00e9s de diferents mecanismes:<\/p>\n\n\n\n<ul class=\"wp-block-list\"><li>Programa de visites per a professionals consolidats<\/li><li>Metges en pr\u00e0ctiques posthospitalaris (MIR)<\/li><\/ul>\n\n\n\n<p><b>Programa d&#8217;immersi\u00f3 cl\u00ednica <\/b>per a estudiants de doctorat en col\u00b7laboraci\u00f3 amb el Col\u00b7legi Oficial de Metges de Barcelona (CoMB). Cada estudiant t\u00e9 la possibilitat de ser assessorat per mentors cl\u00ednics nacionals i internacionals per proporcionar als investigadors predoctorals un coneixement m\u00e9s profund de la seva \u00e0rea de recerca des del punt de vista cl\u00ednic.<\/p>\n\n\n\n<p>Activitats actuals:<\/p>\n\n\n<div id=\"gutentastic-grid-8\" class=\"wp-block-gutentastic-post-layouts grid_style4   gutentastic-grid\" data-layout=\"grid_style4\" data-columns=\"2\" data-readmore=\"\" style=\"--item-gap : 48.5px; --item-gap-negative : -48.5px; --item-margin-bottom : 97px; --item-height: 101.5px; --image-height:300px; --columns-number:2;\"><div id=\"grid-posts\" class=\"grid-posts grid-column-12\"><article id=\"grid-article-128667\" class=\"post-item  grid-column-2 grid_style4 \" data-id=\"128667\" data-category=\"98\"><div class=\"post-content-area center\"><a class=\"post-link\" target=\"_self\" href=https:\/\/ibecbarcelona.eu\/ca\/ibec-codirigira-dos-projectes-guardonats-amb-les-beques-torro-solidari-de-rac1-i-torrons-vicens><div class=\"hover-excerpt\"><\/div><\/a><div class=\"post-image\"><img decoding=\"async\" width=\"1024\" height=\"819\" data-src=\"https:\/\/ibecbarcelona.eu\/wp-content\/uploads\/2025\/09\/WhatsApp-Image-2025-09-29-at-12.42.47-1-Editada-1024x819.jpg\" class=\"attachment-large size-large wp-post-image lazyload\" alt=\"\" data-srcset=\"https:\/\/ibecbarcelona.eu\/wp-content\/uploads\/2025\/09\/WhatsApp-Image-2025-09-29-at-12.42.47-1-Editada-1024x819.jpg 1024w, https:\/\/ibecbarcelona.eu\/wp-content\/uploads\/2025\/09\/WhatsApp-Image-2025-09-29-at-12.42.47-1-Editada-300x240.jpg 300w, https:\/\/ibecbarcelona.eu\/wp-content\/uploads\/2025\/09\/WhatsApp-Image-2025-09-29-at-12.42.47-1-Editada-768x614.jpg 768w, https:\/\/ibecbarcelona.eu\/wp-content\/uploads\/2025\/09\/WhatsApp-Image-2025-09-29-at-12.42.47-1-Editada.jpg 1200w\" data-sizes=\"(max-width: 1024px) 100vw, 1024px\" src=\"data:image\/svg+xml;base64,PHN2ZyB3aWR0aD0iMSIgaGVpZ2h0PSIxIiB4bWxucz0iaHR0cDovL3d3dy53My5vcmcvMjAwMC9zdmciPjwvc3ZnPg==\" style=\"--smush-placeholder-width: 1024px; --smush-placeholder-aspect-ratio: 1024\/819;\" \/> <\/div><div class=\"inner-post-content\"><div class=\"post-meta post-meta-category below\"><div class=\"post-meta-time-author\"><\/div><\/div><h2 class=\"post-title\"><a href=\"https:\/\/ibecbarcelona.eu\/ca\/ibec-codirigira-dos-projectes-guardonats-amb-les-beques-torro-solidari-de-rac1-i-torrons-vicens\" target=\"_self\" rel=\"bookmark\">L\u2019IBEC codirigir\u00e0 dos projectes guardonats amb les Beques Torr\u00f3 Solidari de RAC1 i Torrons Vicens<\/a><\/h2><\/div><\/div><\/article><article id=\"grid-article-127771\" class=\"post-item  grid-column-2 grid_style4 \" data-id=\"127771\" data-category=\"98\"><div class=\"post-content-area center\"><a class=\"post-link\" target=\"_self\" href=https:\/\/ibecbarcelona.eu\/ca\/ibec-i-ics-signen-un-acord-marc-per-impulsar-la-recerca-biomedica-i-la-transferencia-clinica><div class=\"hover-excerpt\"><\/div><\/a><div class=\"post-image\"><img decoding=\"async\" width=\"1024\" height=\"683\" data-src=\"https:\/\/ibecbarcelona.eu\/wp-content\/uploads\/2025\/07\/20250725_104850-Editada_low-1024x683.jpg\" class=\"attachment-large size-large wp-post-image lazyload\" alt=\"\" data-srcset=\"https:\/\/ibecbarcelona.eu\/wp-content\/uploads\/2025\/07\/20250725_104850-Editada_low-1024x683.jpg 1024w, https:\/\/ibecbarcelona.eu\/wp-content\/uploads\/2025\/07\/20250725_104850-Editada_low-300x200.jpg 300w, https:\/\/ibecbarcelona.eu\/wp-content\/uploads\/2025\/07\/20250725_104850-Editada_low-768x512.jpg 768w, https:\/\/ibecbarcelona.eu\/wp-content\/uploads\/2025\/07\/20250725_104850-Editada_low-600x400.jpg 600w, https:\/\/ibecbarcelona.eu\/wp-content\/uploads\/2025\/07\/20250725_104850-Editada_low.jpg 1200w\" data-sizes=\"(max-width: 1024px) 100vw, 1024px\" src=\"data:image\/svg+xml;base64,PHN2ZyB3aWR0aD0iMSIgaGVpZ2h0PSIxIiB4bWxucz0iaHR0cDovL3d3dy53My5vcmcvMjAwMC9zdmciPjwvc3ZnPg==\" style=\"--smush-placeholder-width: 1024px; --smush-placeholder-aspect-ratio: 1024\/683;\" \/> <\/div><div class=\"inner-post-content\"><div class=\"post-meta post-meta-category below\"><div class=\"post-meta-time-author\"><\/div><\/div><h2 class=\"post-title\"><a href=\"https:\/\/ibecbarcelona.eu\/ca\/ibec-i-ics-signen-un-acord-marc-per-impulsar-la-recerca-biomedica-i-la-transferencia-clinica\" target=\"_self\" rel=\"bookmark\">L&#8217;IBEC i l&#8217;ICS signen un acord marc per impulsar la recerca biom\u00e8dica i la transfer\u00e8ncia cl\u00ednica<\/a><\/h2><\/div><\/div><\/article><article id=\"grid-article-127458\" class=\"post-item  grid-column-2 grid_style4 \" data-id=\"127458\" data-category=\"98\"><div class=\"post-content-area center\"><a class=\"post-link\" target=\"_self\" href=https:\/\/ibecbarcelona.eu\/ca\/ibec-i-hospital-del-mar-formalitzen-una-nova-etapa-de-colaboracio><div class=\"hover-excerpt\"><\/div><\/a><div class=\"post-image\"><img decoding=\"async\" width=\"1024\" height=\"576\" data-src=\"https:\/\/ibecbarcelona.eu\/wp-content\/uploads\/2025\/07\/IMG_2655-Editada-1024x576.jpg\" class=\"attachment-large size-large wp-post-image lazyload\" alt=\"\" data-srcset=\"https:\/\/ibecbarcelona.eu\/wp-content\/uploads\/2025\/07\/IMG_2655-Editada-1024x576.jpg 1024w, https:\/\/ibecbarcelona.eu\/wp-content\/uploads\/2025\/07\/IMG_2655-Editada-300x169.jpg 300w, https:\/\/ibecbarcelona.eu\/wp-content\/uploads\/2025\/07\/IMG_2655-Editada-768x432.jpg 768w, https:\/\/ibecbarcelona.eu\/wp-content\/uploads\/2025\/07\/IMG_2655-Editada-1536x864.jpg 1536w, https:\/\/ibecbarcelona.eu\/wp-content\/uploads\/2025\/07\/IMG_2655-Editada-2048x1152.jpg 2048w\" data-sizes=\"(max-width: 1024px) 100vw, 1024px\" src=\"data:image\/svg+xml;base64,PHN2ZyB3aWR0aD0iMSIgaGVpZ2h0PSIxIiB4bWxucz0iaHR0cDovL3d3dy53My5vcmcvMjAwMC9zdmciPjwvc3ZnPg==\" style=\"--smush-placeholder-width: 1024px; --smush-placeholder-aspect-ratio: 1024\/576;\" \/> <\/div><div class=\"inner-post-content\"><div class=\"post-meta post-meta-category below\"><div class=\"post-meta-time-author\"><\/div><\/div><h2 class=\"post-title\"><a href=\"https:\/\/ibecbarcelona.eu\/ca\/ibec-i-hospital-del-mar-formalitzen-una-nova-etapa-de-colaboracio\" target=\"_self\" rel=\"bookmark\">L\u2019IBEC i l\u2019Hospital del Mar formalitzen una nova etapa de col\u00b7laboraci\u00f3<\/a><\/h2><\/div><\/div><\/article><article id=\"grid-article-126568\" class=\"post-item  grid-column-2 grid_style4 \" data-id=\"126568\" data-category=\"96\"><div class=\"post-content-area center\"><a class=\"post-link\" target=\"_self\" href=https:\/\/ibecbarcelona.eu\/ca\/descobreixen-que-els-embrions-poden-eliminar-infeccions-bacterianes-abans-de-formar-el-seu-sistema-immune><div class=\"hover-excerpt\"><\/div><\/a><div class=\"post-image\"><img decoding=\"async\" width=\"1024\" height=\"768\" data-src=\"https:\/\/ibecbarcelona.eu\/wp-content\/uploads\/2025\/06\/Imatge_recorte-1024x768.png\" class=\"attachment-large size-large wp-post-image lazyload\" alt=\"\" data-srcset=\"https:\/\/ibecbarcelona.eu\/wp-content\/uploads\/2025\/06\/Imatge_recorte-1024x768.png 1024w, https:\/\/ibecbarcelona.eu\/wp-content\/uploads\/2025\/06\/Imatge_recorte-300x225.png 300w, https:\/\/ibecbarcelona.eu\/wp-content\/uploads\/2025\/06\/Imatge_recorte-768x576.png 768w, https:\/\/ibecbarcelona.eu\/wp-content\/uploads\/2025\/06\/Imatge_recorte.png 1200w\" data-sizes=\"(max-width: 1024px) 100vw, 1024px\" src=\"data:image\/svg+xml;base64,PHN2ZyB3aWR0aD0iMSIgaGVpZ2h0PSIxIiB4bWxucz0iaHR0cDovL3d3dy53My5vcmcvMjAwMC9zdmciPjwvc3ZnPg==\" style=\"--smush-placeholder-width: 1024px; --smush-placeholder-aspect-ratio: 1024\/768;\" \/> <\/div><div class=\"inner-post-content\"><div class=\"post-meta post-meta-category below\"><div class=\"post-meta-time-author\"><\/div><\/div><h2 class=\"post-title\"><a href=\"https:\/\/ibecbarcelona.eu\/ca\/descobreixen-que-els-embrions-poden-eliminar-infeccions-bacterianes-abans-de-formar-el-seu-sistema-immune\" target=\"_self\" rel=\"bookmark\">Descobreixen que els embrions poden eliminar infeccions bacterianes abans de formar el seu sistema immune<\/a><\/h2><\/div><\/div><\/article><article id=\"grid-article-126504\" class=\"post-item  grid-column-2 grid_style4 \" data-id=\"126504\" data-category=\"98\"><div class=\"post-content-area center\"><a class=\"post-link\" target=\"_self\" href=https:\/\/ibecbarcelona.eu\/ca\/ibec-i-el-gips-lideren-una-jornada-estrategica-que-connecta-ciencia-i-clinica-per-avancar-en-investigacio-translacional-en-salut><div class=\"hover-excerpt\"><\/div><\/a><div class=\"post-image\"><img decoding=\"async\" width=\"1024\" height=\"768\" data-src=\"https:\/\/ibecbarcelona.eu\/wp-content\/uploads\/2025\/06\/GtpByldWUAAvIAl-1024x768.jpg\" class=\"attachment-large size-large wp-post-image lazyload\" alt=\"\" data-srcset=\"https:\/\/ibecbarcelona.eu\/wp-content\/uploads\/2025\/06\/GtpByldWUAAvIAl-1024x768.jpg 1024w, https:\/\/ibecbarcelona.eu\/wp-content\/uploads\/2025\/06\/GtpByldWUAAvIAl-300x225.jpg 300w, https:\/\/ibecbarcelona.eu\/wp-content\/uploads\/2025\/06\/GtpByldWUAAvIAl-768x576.jpg 768w, https:\/\/ibecbarcelona.eu\/wp-content\/uploads\/2025\/06\/GtpByldWUAAvIAl-1536x1152.jpg 1536w, https:\/\/ibecbarcelona.eu\/wp-content\/uploads\/2025\/06\/GtpByldWUAAvIAl.jpg 2048w\" data-sizes=\"(max-width: 1024px) 100vw, 1024px\" src=\"data:image\/svg+xml;base64,PHN2ZyB3aWR0aD0iMSIgaGVpZ2h0PSIxIiB4bWxucz0iaHR0cDovL3d3dy53My5vcmcvMjAwMC9zdmciPjwvc3ZnPg==\" style=\"--smush-placeholder-width: 1024px; --smush-placeholder-aspect-ratio: 1024\/768;\" \/> <\/div><div class=\"inner-post-content\"><div class=\"post-meta post-meta-category below\"><div class=\"post-meta-time-author\"><\/div><\/div><h2 class=\"post-title\"><a href=\"https:\/\/ibecbarcelona.eu\/ca\/ibec-i-el-gips-lideren-una-jornada-estrategica-que-connecta-ciencia-i-clinica-per-avancar-en-investigacio-translacional-en-salut\" target=\"_self\" rel=\"bookmark\">L&#8217;IBEC i el GIPS lideren una jornada estrat\u00e8gica que connecta ci\u00e8ncia i cl\u00ednica per avan\u00e7ar en investigaci\u00f3 translacional en salut<\/a><\/h2><\/div><\/div><\/article><div class=\"gutentastic-pagination-loading-container\"><\/div><\/div><\/div>\n\n<div class=\"responsive-tabs\">\n<h2 class=\"tabtitle\">ADVANCED SOCIETAL HEALTH CHALLENGES<\/h2>\n<div class=\"tabcontent\">\n\n\n\n\n<div class=\"wp-block-columns is-layout-flex wp-container-core-columns-is-layout-9d6595d7 wp-block-columns-is-layout-flex\">\n<div class=\"wp-block-column is-layout-flow wp-block-column-is-layout-flow\">\n<figure class=\"wp-block-image size-full is-style-default\"><a href=\"https:\/\/ibecbarcelona.eu\/wp-content\/uploads\/2021\/02\/IBEC-Bioengineering-against-Cancer.pdf\" target=\"_blank\" rel=\"noopener\"><img decoding=\"async\" width=\"425\" height=\"624\" data-src=\"https:\/\/ibecbarcelona.eu\/wp-content\/uploads\/2021\/02\/cancer.png\" alt=\"\" class=\"wp-image-81943 lazyload\" data-srcset=\"https:\/\/ibecbarcelona.eu\/wp-content\/uploads\/2021\/02\/cancer.png 425w, https:\/\/ibecbarcelona.eu\/wp-content\/uploads\/2021\/02\/cancer-204x300.png 204w, https:\/\/ibecbarcelona.eu\/wp-content\/uploads\/2021\/02\/cancer-102x150.png 102w\" data-sizes=\"(max-width: 425px) 100vw, 425px\" src=\"data:image\/svg+xml;base64,PHN2ZyB3aWR0aD0iMSIgaGVpZ2h0PSIxIiB4bWxucz0iaHR0cDovL3d3dy53My5vcmcvMjAwMC9zdmciPjwvc3ZnPg==\" style=\"--smush-placeholder-width: 425px; --smush-placeholder-aspect-ratio: 425\/624;\" \/><\/a><\/figure>\n<\/div>\n\n\n\n<div class=\"wp-block-column is-layout-flow wp-block-column-is-layout-flow\">\n<figure class=\"wp-block-image size-full is-style-default\"><a href=\"https:\/\/ibecbarcelona.eu\/wp-content\/uploads\/2021\/02\/IBEC-Bioengineering-for-rare-diseases-treatments.pdf\" target=\"_blank\" rel=\"noopener\"><img decoding=\"async\" width=\"425\" height=\"624\" data-src=\"https:\/\/ibecbarcelona.eu\/wp-content\/uploads\/2021\/02\/rarediseases.png\" alt=\"\" class=\"wp-image-81940 lazyload\" data-srcset=\"https:\/\/ibecbarcelona.eu\/wp-content\/uploads\/2021\/02\/rarediseases.png 425w, https:\/\/ibecbarcelona.eu\/wp-content\/uploads\/2021\/02\/rarediseases-204x300.png 204w, https:\/\/ibecbarcelona.eu\/wp-content\/uploads\/2021\/02\/rarediseases-102x150.png 102w\" data-sizes=\"(max-width: 425px) 100vw, 425px\" src=\"data:image\/svg+xml;base64,PHN2ZyB3aWR0aD0iMSIgaGVpZ2h0PSIxIiB4bWxucz0iaHR0cDovL3d3dy53My5vcmcvMjAwMC9zdmciPjwvc3ZnPg==\" style=\"--smush-placeholder-width: 425px; --smush-placeholder-aspect-ratio: 425\/624;\" \/><\/a><\/figure>\n<\/div>\n<\/div>\n\n\n<\/div><\/div>\n","protected":false},"excerpt":{"rendered":"<p>La investigaci\u00f3 de l&#8217;IBEC&nbsp;se centra en les noves tecnologies aplicades a les ci\u00e8ncies de la vida i la salut. Per tant, \u00e9s crucial desenvolupar col\u00b7laboracions estretes i compromeses amb els &#8230; <a title=\"Col\u00b7laboracions cl\u00edniques\" class=\"read-more\" href=\"https:\/\/ibecbarcelona.eu\/ca\/industria-i-hospitals\/collaboracions-cliniques\" aria-label=\"More on Col\u00b7laboracions cl\u00edniques\">Read more<\/a><\/p>\n","protected":false},"author":4,"featured_media":94963,"parent":95521,"menu_order":0,"comment_status":"closed","ping_status":"closed","template":"","meta":{"footnotes":""},"tags":[],"class_list":["post-17193","page","type-page","status-publish","has-post-thumbnail"],"yoast_head":"<!-- This site is optimized with the Yoast SEO plugin v27.5 - https:\/\/yoast.com\/product\/yoast-seo-wordpress\/ -->\n<title>Col\u00b7laboracions cl\u00edniques - Institute for Bioengineering of Catalonia<\/title>\n<meta name=\"robots\" content=\"index, follow, max-snippet:-1, max-image-preview:large, max-video-preview:-1\" \/>\n<link rel=\"canonical\" href=\"https:\/\/ibecbarcelona.eu\/ca\/industria-i-hospitals\/collaboracions-cliniques\/\" \/>\n<meta property=\"og:locale\" content=\"ca_ES\" \/>\n<meta property=\"og:type\" content=\"article\" \/>\n<meta property=\"og:title\" content=\"Col\u00b7laboracions cl\u00edniques - Institute for Bioengineering of Catalonia\" \/>\n<meta property=\"og:description\" content=\"La investigaci\u00f3 de l&#8217;IBEC&nbsp;se centra en les noves tecnologies aplicades a les ci\u00e8ncies de la vida i la salut. Per tant, \u00e9s crucial desenvolupar col\u00b7laboracions estretes i compromeses amb els ... Read more\" \/>\n<meta property=\"og:url\" content=\"https:\/\/ibecbarcelona.eu\/ca\/industria-i-hospitals\/collaboracions-cliniques\/\" \/>\n<meta property=\"og:site_name\" content=\"Institute for Bioengineering of Catalonia\" \/>\n<meta property=\"article:modified_time\" content=\"2022-07-15T13:59:46+00:00\" \/>\n<meta property=\"og:image\" content=\"https:\/\/ibecbarcelona.eu\/wp-content\/uploads\/2022\/07\/4x1_clinical.jpg\" \/>\n\t<meta property=\"og:image:width\" content=\"2000\" \/>\n\t<meta property=\"og:image:height\" content=\"500\" \/>\n\t<meta property=\"og:image:type\" content=\"image\/jpeg\" \/>\n<meta name=\"twitter:card\" content=\"summary_large_image\" \/>\n<meta name=\"twitter:label1\" content=\"Temps estimat de lectura\" \/>\n\t<meta name=\"twitter:data1\" content=\"3 minuts\" \/>\n<script type=\"application\/ld+json\" class=\"yoast-schema-graph\">{\"@context\":\"https:\\\/\\\/schema.org\",\"@graph\":[{\"@type\":\"WebPage\",\"@id\":\"https:\\\/\\\/ibecbarcelona.eu\\\/ca\\\/industria-i-hospitals\\\/collaboracions-cliniques\\\/\",\"url\":\"https:\\\/\\\/ibecbarcelona.eu\\\/ca\\\/industria-i-hospitals\\\/collaboracions-cliniques\\\/\",\"name\":\"Col\u00b7laboracions cl\u00edniques - Institute for Bioengineering of Catalonia\",\"isPartOf\":{\"@id\":\"https:\\\/\\\/ibecbarcelona.eu\\\/#website\"},\"primaryImageOfPage\":{\"@id\":\"https:\\\/\\\/ibecbarcelona.eu\\\/ca\\\/industria-i-hospitals\\\/collaboracions-cliniques\\\/#primaryimage\"},\"image\":{\"@id\":\"https:\\\/\\\/ibecbarcelona.eu\\\/ca\\\/industria-i-hospitals\\\/collaboracions-cliniques\\\/#primaryimage\"},\"thumbnailUrl\":\"https:\\\/\\\/ibecbarcelona.eu\\\/wp-content\\\/uploads\\\/2022\\\/07\\\/4x1_clinical.jpg\",\"datePublished\":\"2014-08-08T09:29:25+00:00\",\"dateModified\":\"2022-07-15T13:59:46+00:00\",\"breadcrumb\":{\"@id\":\"https:\\\/\\\/ibecbarcelona.eu\\\/ca\\\/industria-i-hospitals\\\/collaboracions-cliniques\\\/#breadcrumb\"},\"inLanguage\":\"ca\",\"potentialAction\":[{\"@type\":\"ReadAction\",\"target\":[\"https:\\\/\\\/ibecbarcelona.eu\\\/ca\\\/industria-i-hospitals\\\/collaboracions-cliniques\\\/\"]}]},{\"@type\":\"ImageObject\",\"inLanguage\":\"ca\",\"@id\":\"https:\\\/\\\/ibecbarcelona.eu\\\/ca\\\/industria-i-hospitals\\\/collaboracions-cliniques\\\/#primaryimage\",\"url\":\"https:\\\/\\\/ibecbarcelona.eu\\\/wp-content\\\/uploads\\\/2022\\\/07\\\/4x1_clinical.jpg\",\"contentUrl\":\"https:\\\/\\\/ibecbarcelona.eu\\\/wp-content\\\/uploads\\\/2022\\\/07\\\/4x1_clinical.jpg\",\"width\":2000,\"height\":500},{\"@type\":\"BreadcrumbList\",\"@id\":\"https:\\\/\\\/ibecbarcelona.eu\\\/ca\\\/industria-i-hospitals\\\/collaboracions-cliniques\\\/#breadcrumb\",\"itemListElement\":[{\"@type\":\"ListItem\",\"position\":1,\"name\":\"Home\",\"item\":\"https:\\\/\\\/ibecbarcelona.eu\\\/ca\\\/\"},{\"@type\":\"ListItem\",\"position\":2,\"name\":\"Industria i Hospitals\",\"item\":\"https:\\\/\\\/ibecbarcelona.eu\\\/ca\\\/industria-i-hospitals\\\/\"},{\"@type\":\"ListItem\",\"position\":3,\"name\":\"Col\u00b7laboracions cl\u00edniques\"}]},{\"@type\":\"WebSite\",\"@id\":\"https:\\\/\\\/ibecbarcelona.eu\\\/#website\",\"url\":\"https:\\\/\\\/ibecbarcelona.eu\\\/\",\"name\":\"Institute for Bioengineering of Catalonia\",\"description\":\"Bioengineering Solutions for Health\",\"publisher\":{\"@id\":\"https:\\\/\\\/ibecbarcelona.eu\\\/#organization\"},\"potentialAction\":[{\"@type\":\"SearchAction\",\"target\":{\"@type\":\"EntryPoint\",\"urlTemplate\":\"https:\\\/\\\/ibecbarcelona.eu\\\/?s={search_term_string}\"},\"query-input\":{\"@type\":\"PropertyValueSpecification\",\"valueRequired\":true,\"valueName\":\"search_term_string\"}}],\"inLanguage\":\"ca\"},{\"@type\":\"Organization\",\"@id\":\"https:\\\/\\\/ibecbarcelona.eu\\\/#organization\",\"name\":\"Institute for Bioengineering of Catalonia\",\"url\":\"https:\\\/\\\/ibecbarcelona.eu\\\/\",\"logo\":{\"@type\":\"ImageObject\",\"inLanguage\":\"ca\",\"@id\":\"https:\\\/\\\/ibecbarcelona.eu\\\/#\\\/schema\\\/logo\\\/image\\\/\",\"url\":\"https:\\\/\\\/ibecbarcelona.eu\\\/wp-content\\\/uploads\\\/2026\\\/01\\\/cropped-IBEC_20ANYS_GRIS.png\",\"contentUrl\":\"https:\\\/\\\/ibecbarcelona.eu\\\/wp-content\\\/uploads\\\/2026\\\/01\\\/cropped-IBEC_20ANYS_GRIS.png\",\"width\":696,\"height\":257,\"caption\":\"Institute for Bioengineering of Catalonia\"},\"image\":{\"@id\":\"https:\\\/\\\/ibecbarcelona.eu\\\/#\\\/schema\\\/logo\\\/image\\\/\"}}]}<\/script>\n<!-- \/ Yoast SEO plugin. -->","yoast_head_json":{"title":"Col\u00b7laboracions cl\u00edniques - Institute for Bioengineering of Catalonia","robots":{"index":"index","follow":"follow","max-snippet":"max-snippet:-1","max-image-preview":"max-image-preview:large","max-video-preview":"max-video-preview:-1"},"canonical":"https:\/\/ibecbarcelona.eu\/ca\/industria-i-hospitals\/collaboracions-cliniques\/","og_locale":"ca_ES","og_type":"article","og_title":"Col\u00b7laboracions cl\u00edniques - Institute for Bioengineering of Catalonia","og_description":"La investigaci\u00f3 de l&#8217;IBEC&nbsp;se centra en les noves tecnologies aplicades a les ci\u00e8ncies de la vida i la salut. Per tant, \u00e9s crucial desenvolupar col\u00b7laboracions estretes i compromeses amb els ... Read more","og_url":"https:\/\/ibecbarcelona.eu\/ca\/industria-i-hospitals\/collaboracions-cliniques\/","og_site_name":"Institute for Bioengineering of Catalonia","article_modified_time":"2022-07-15T13:59:46+00:00","og_image":[{"width":2000,"height":500,"url":"https:\/\/ibecbarcelona.eu\/wp-content\/uploads\/2022\/07\/4x1_clinical.jpg","type":"image\/jpeg"}],"twitter_card":"summary_large_image","twitter_misc":{"Temps estimat de lectura":"3 minuts"},"schema":{"@context":"https:\/\/schema.org","@graph":[{"@type":"WebPage","@id":"https:\/\/ibecbarcelona.eu\/ca\/industria-i-hospitals\/collaboracions-cliniques\/","url":"https:\/\/ibecbarcelona.eu\/ca\/industria-i-hospitals\/collaboracions-cliniques\/","name":"Col\u00b7laboracions cl\u00edniques - Institute for Bioengineering of Catalonia","isPartOf":{"@id":"https:\/\/ibecbarcelona.eu\/#website"},"primaryImageOfPage":{"@id":"https:\/\/ibecbarcelona.eu\/ca\/industria-i-hospitals\/collaboracions-cliniques\/#primaryimage"},"image":{"@id":"https:\/\/ibecbarcelona.eu\/ca\/industria-i-hospitals\/collaboracions-cliniques\/#primaryimage"},"thumbnailUrl":"https:\/\/ibecbarcelona.eu\/wp-content\/uploads\/2022\/07\/4x1_clinical.jpg","datePublished":"2014-08-08T09:29:25+00:00","dateModified":"2022-07-15T13:59:46+00:00","breadcrumb":{"@id":"https:\/\/ibecbarcelona.eu\/ca\/industria-i-hospitals\/collaboracions-cliniques\/#breadcrumb"},"inLanguage":"ca","potentialAction":[{"@type":"ReadAction","target":["https:\/\/ibecbarcelona.eu\/ca\/industria-i-hospitals\/collaboracions-cliniques\/"]}]},{"@type":"ImageObject","inLanguage":"ca","@id":"https:\/\/ibecbarcelona.eu\/ca\/industria-i-hospitals\/collaboracions-cliniques\/#primaryimage","url":"https:\/\/ibecbarcelona.eu\/wp-content\/uploads\/2022\/07\/4x1_clinical.jpg","contentUrl":"https:\/\/ibecbarcelona.eu\/wp-content\/uploads\/2022\/07\/4x1_clinical.jpg","width":2000,"height":500},{"@type":"BreadcrumbList","@id":"https:\/\/ibecbarcelona.eu\/ca\/industria-i-hospitals\/collaboracions-cliniques\/#breadcrumb","itemListElement":[{"@type":"ListItem","position":1,"name":"Home","item":"https:\/\/ibecbarcelona.eu\/ca\/"},{"@type":"ListItem","position":2,"name":"Industria i Hospitals","item":"https:\/\/ibecbarcelona.eu\/ca\/industria-i-hospitals\/"},{"@type":"ListItem","position":3,"name":"Col\u00b7laboracions cl\u00edniques"}]},{"@type":"WebSite","@id":"https:\/\/ibecbarcelona.eu\/#website","url":"https:\/\/ibecbarcelona.eu\/","name":"Institute for Bioengineering of Catalonia","description":"Bioengineering Solutions for Health","publisher":{"@id":"https:\/\/ibecbarcelona.eu\/#organization"},"potentialAction":[{"@type":"SearchAction","target":{"@type":"EntryPoint","urlTemplate":"https:\/\/ibecbarcelona.eu\/?s={search_term_string}"},"query-input":{"@type":"PropertyValueSpecification","valueRequired":true,"valueName":"search_term_string"}}],"inLanguage":"ca"},{"@type":"Organization","@id":"https:\/\/ibecbarcelona.eu\/#organization","name":"Institute for Bioengineering of Catalonia","url":"https:\/\/ibecbarcelona.eu\/","logo":{"@type":"ImageObject","inLanguage":"ca","@id":"https:\/\/ibecbarcelona.eu\/#\/schema\/logo\/image\/","url":"https:\/\/ibecbarcelona.eu\/wp-content\/uploads\/2026\/01\/cropped-IBEC_20ANYS_GRIS.png","contentUrl":"https:\/\/ibecbarcelona.eu\/wp-content\/uploads\/2026\/01\/cropped-IBEC_20ANYS_GRIS.png","width":696,"height":257,"caption":"Institute for Bioengineering of Catalonia"},"image":{"@id":"https:\/\/ibecbarcelona.eu\/#\/schema\/logo\/image\/"}}]}},"AFP_featured_media_urls":{"full":["https:\/\/ibecbarcelona.eu\/wp-content\/uploads\/2022\/07\/4x1_clinical.jpg",2000,500,false],"thumbnail":["https:\/\/ibecbarcelona.eu\/wp-content\/uploads\/2022\/07\/4x1_clinical-150x150.jpg",150,150,true],"medium":["https:\/\/ibecbarcelona.eu\/wp-content\/uploads\/2022\/07\/4x1_clinical-300x75.jpg",300,75,true],"medium_large":["https:\/\/ibecbarcelona.eu\/wp-content\/uploads\/2022\/07\/4x1_clinical-768x192.jpg",768,192,true],"large":["https:\/\/ibecbarcelona.eu\/wp-content\/uploads\/2022\/07\/4x1_clinical-1024x256.jpg",1024,256,true]},"AFP_attachments":{"full":["https:\/\/ibecbarcelona.eu\/wp-content\/uploads\/2014\/08\/clinicheader.jpg",810,197,false],"thumbnail":["https:\/\/ibecbarcelona.eu\/wp-content\/uploads\/2014\/08\/clinicheader-150x150.jpg",150,150,true],"medium":["https:\/\/ibecbarcelona.eu\/wp-content\/uploads\/2014\/08\/clinicheader-300x73.jpg",300,73,true],"medium_large":["https:\/\/ibecbarcelona.eu\/wp-content\/uploads\/2014\/08\/clinicheader-768x187.jpg",768,187,true],"large":["https:\/\/ibecbarcelona.eu\/wp-content\/uploads\/2014\/08\/clinicheader.jpg",810,197,false]},"AFP_videos":[],"AFP_video_blocks":"","AFP_category_names":[],"_links":{"self":[{"href":"https:\/\/ibecbarcelona.eu\/ca\/wp-json\/wp\/v2\/pages\/17193","targetHints":{"allow":["GET"]}}],"collection":[{"href":"https:\/\/ibecbarcelona.eu\/ca\/wp-json\/wp\/v2\/pages"}],"about":[{"href":"https:\/\/ibecbarcelona.eu\/ca\/wp-json\/wp\/v2\/types\/page"}],"author":[{"embeddable":true,"href":"https:\/\/ibecbarcelona.eu\/ca\/wp-json\/wp\/v2\/users\/4"}],"replies":[{"embeddable":true,"href":"https:\/\/ibecbarcelona.eu\/ca\/wp-json\/wp\/v2\/comments?post=17193"}],"version-history":[{"count":14,"href":"https:\/\/ibecbarcelona.eu\/ca\/wp-json\/wp\/v2\/pages\/17193\/revisions"}],"predecessor-version":[{"id":95544,"href":"https:\/\/ibecbarcelona.eu\/ca\/wp-json\/wp\/v2\/pages\/17193\/revisions\/95544"}],"up":[{"embeddable":true,"href":"https:\/\/ibecbarcelona.eu\/ca\/wp-json\/wp\/v2\/pages\/95521"}],"wp:featuredmedia":[{"embeddable":true,"href":"https:\/\/ibecbarcelona.eu\/ca\/wp-json\/wp\/v2\/media\/94963"}],"wp:attachment":[{"href":"https:\/\/ibecbarcelona.eu\/ca\/wp-json\/wp\/v2\/media?parent=17193"}],"wp:term":[{"taxonomy":"post_tag","embeddable":true,"href":"https:\/\/ibecbarcelona.eu\/ca\/wp-json\/wp\/v2\/tags?post=17193"}],"curies":[{"name":"wp","href":"https:\/\/api.w.org\/{rel}","templated":true}]}}