
{"id":91998,"date":"2022-01-19T17:36:29","date_gmt":"2022-01-19T16:36:29","guid":{"rendered":"https:\/\/testweb.ibecbarcelona.eu\/news\/"},"modified":"2022-07-16T14:10:48","modified_gmt":"2022-07-16T12:10:48","slug":"news","status":"publish","type":"page","link":"https:\/\/ibecbarcelona.eu\/ca\/news\/","title":{"rendered":"Not\u00edcies"},"content":{"rendered":"<div id=\"gutentastic-grid-6\" class=\"wp-block-gutentastic-post-layouts grid_style4   gutentastic-grid\" data-layout=\"grid_style4\" data-columns=\"3\" data-readmore=\"\" style=\"--block-hover-color:var(--accent);--item-gap : 20px; --item-gap-negative : -20px; --item-margin-bottom : 40px; --item-height: 110px; --image-height:260px; --columns-number:3;\"><div id=\"grid-posts\" class=\"grid-posts grid-column-12\"><article id=\"grid-article-133358\" class=\"post-item  grid-column-3 grid_style4 \" data-id=\"133358\" data-category=\"98\"><div class=\"post-content-area left\"><a class=\"post-link\" target=\"_self\" href=https:\/\/ibecbarcelona.eu\/ca\/ibec-destaca-a-termis-eu-2026-amb-una-amplia-participacio-cientifica-i-un-paper-clau-en-el-lideratge-del-congres><div class=\"hover-excerpt\"><\/div><\/a><div class=\"post-image\"><img decoding=\"async\" width=\"1024\" height=\"768\" data-src=\"https:\/\/ibecbarcelona.eu\/wp-content\/uploads\/2026\/04\/MSalmeron-TERMIS26-1024x768.jpg\" class=\"attachment-large size-large wp-post-image lazyload\" alt=\"\" data-srcset=\"https:\/\/ibecbarcelona.eu\/wp-content\/uploads\/2026\/04\/MSalmeron-TERMIS26-1024x768.jpg 1024w, https:\/\/ibecbarcelona.eu\/wp-content\/uploads\/2026\/04\/MSalmeron-TERMIS26-300x225.jpg 300w, https:\/\/ibecbarcelona.eu\/wp-content\/uploads\/2026\/04\/MSalmeron-TERMIS26-768x576.jpg 768w, https:\/\/ibecbarcelona.eu\/wp-content\/uploads\/2026\/04\/MSalmeron-TERMIS26.jpg 1498w\" data-sizes=\"(max-width: 1024px) 100vw, 1024px\" src=\"data:image\/svg+xml;base64,PHN2ZyB3aWR0aD0iMSIgaGVpZ2h0PSIxIiB4bWxucz0iaHR0cDovL3d3dy53My5vcmcvMjAwMC9zdmciPjwvc3ZnPg==\" style=\"--smush-placeholder-width: 1024px; --smush-placeholder-aspect-ratio: 1024\/768;\" \/> <\/div><div class=\"inner-post-content\"><div class=\"post-meta post-meta-category below\"><div class=\"post-meta-time-author\"><div class=\"time_meta\"><time datetime=\"2026-04-27T16:47:02+02:00\">abr. 27, 2026<\/time><\/div><\/div><\/div><h2 class=\"post-title\"><a href=\"https:\/\/ibecbarcelona.eu\/ca\/ibec-destaca-a-termis-eu-2026-amb-una-amplia-participacio-cientifica-i-un-paper-clau-en-el-lideratge-del-congres\" target=\"_self\" rel=\"bookmark\">L\u2019IBEC destaca a TERMIS\u2011EU 2026 amb una \u00e0mplia participaci\u00f3 cient\u00edfica i un paper clau en el lideratge del congr\u00e9s<\/a><\/h2><\/div><\/div><\/article><article id=\"grid-article-133198\" class=\"post-item  grid-column-3 grid_style4 \" data-id=\"133198\" data-category=\"96\"><div class=\"post-content-area left\"><a class=\"post-link\" target=\"_self\" href=https:\/\/ibecbarcelona.eu\/ca\/creen-teixits-vius-capacos-de-canviar-de-forma-de-manera-programada><div class=\"hover-excerpt\"><\/div><\/a><div class=\"post-image\"><img decoding=\"async\" width=\"1024\" height=\"683\" data-src=\"https:\/\/ibecbarcelona.eu\/wp-content\/uploads\/2026\/04\/XTrepat-PGuillamat-MArroyo-1024x683.jpg\" class=\"attachment-large size-large wp-post-image lazyload\" alt=\"\" data-srcset=\"https:\/\/ibecbarcelona.eu\/wp-content\/uploads\/2026\/04\/XTrepat-PGuillamat-MArroyo-1024x683.jpg 1024w, https:\/\/ibecbarcelona.eu\/wp-content\/uploads\/2026\/04\/XTrepat-PGuillamat-MArroyo-300x200.jpg 300w, https:\/\/ibecbarcelona.eu\/wp-content\/uploads\/2026\/04\/XTrepat-PGuillamat-MArroyo-768x512.jpg 768w, https:\/\/ibecbarcelona.eu\/wp-content\/uploads\/2026\/04\/XTrepat-PGuillamat-MArroyo-1536x1024.jpg 1536w, https:\/\/ibecbarcelona.eu\/wp-content\/uploads\/2026\/04\/XTrepat-PGuillamat-MArroyo-2048x1365.jpg 2048w, https:\/\/ibecbarcelona.eu\/wp-content\/uploads\/2026\/04\/XTrepat-PGuillamat-MArroyo-1200x800.jpg 1200w, https:\/\/ibecbarcelona.eu\/wp-content\/uploads\/2026\/04\/XTrepat-PGuillamat-MArroyo-600x400.jpg 600w\" data-sizes=\"(max-width: 1024px) 100vw, 1024px\" src=\"data:image\/svg+xml;base64,PHN2ZyB3aWR0aD0iMSIgaGVpZ2h0PSIxIiB4bWxucz0iaHR0cDovL3d3dy53My5vcmcvMjAwMC9zdmciPjwvc3ZnPg==\" style=\"--smush-placeholder-width: 1024px; --smush-placeholder-aspect-ratio: 1024\/683;\" \/> <\/div><div class=\"inner-post-content\"><div class=\"post-meta post-meta-category below\"><div class=\"post-meta-time-author\"><div class=\"time_meta\"><time datetime=\"2026-04-16T20:01:00+02:00\">abr. 16, 2026<\/time><\/div><\/div><\/div><h2 class=\"post-title\"><a href=\"https:\/\/ibecbarcelona.eu\/ca\/creen-teixits-vius-capacos-de-canviar-de-forma-de-manera-programada\" target=\"_self\" rel=\"bookmark\">Creen teixits vius capa\u00e7os de canviar de forma de manera programada<\/a><\/h2><\/div><\/div><\/article><article id=\"grid-article-133041\" class=\"post-item  grid-column-3 grid_style4 \" data-id=\"133041\" data-category=\"96\"><div class=\"post-content-area left\"><a class=\"post-link\" target=\"_self\" href=https:\/\/ibecbarcelona.eu\/ca\/un-mapa-mutacional-sense-precedents-revela-com-les-mutacions-de-l%27amilina-influeixen-en-la-diabetis-tipus-2><div class=\"hover-excerpt\"><\/div><\/a><div class=\"post-image\"><img decoding=\"async\" width=\"1024\" height=\"683\" data-src=\"https:\/\/ibecbarcelona.eu\/wp-content\/uploads\/2026\/03\/BBolognesi-MBadia_recorte-1024x683.jpg\" class=\"attachment-large size-large wp-post-image lazyload\" alt=\"\" data-srcset=\"https:\/\/ibecbarcelona.eu\/wp-content\/uploads\/2026\/03\/BBolognesi-MBadia_recorte-1024x683.jpg 1024w, https:\/\/ibecbarcelona.eu\/wp-content\/uploads\/2026\/03\/BBolognesi-MBadia_recorte-300x200.jpg 300w, https:\/\/ibecbarcelona.eu\/wp-content\/uploads\/2026\/03\/BBolognesi-MBadia_recorte-768x512.jpg 768w, https:\/\/ibecbarcelona.eu\/wp-content\/uploads\/2026\/03\/BBolognesi-MBadia_recorte-1536x1024.jpg 1536w, https:\/\/ibecbarcelona.eu\/wp-content\/uploads\/2026\/03\/BBolognesi-MBadia_recorte-2048x1366.jpg 2048w, https:\/\/ibecbarcelona.eu\/wp-content\/uploads\/2026\/03\/BBolognesi-MBadia_recorte-1200x800.jpg 1200w, https:\/\/ibecbarcelona.eu\/wp-content\/uploads\/2026\/03\/BBolognesi-MBadia_recorte-600x400.jpg 600w\" data-sizes=\"(max-width: 1024px) 100vw, 1024px\" src=\"data:image\/svg+xml;base64,PHN2ZyB3aWR0aD0iMSIgaGVpZ2h0PSIxIiB4bWxucz0iaHR0cDovL3d3dy53My5vcmcvMjAwMC9zdmciPjwvc3ZnPg==\" style=\"--smush-placeholder-width: 1024px; --smush-placeholder-aspect-ratio: 1024\/683;\" \/> <\/div><div class=\"inner-post-content\"><div class=\"post-meta post-meta-category below\"><div class=\"post-meta-time-author\"><div class=\"time_meta\"><time datetime=\"2026-03-30T13:17:29+02:00\">mar\u00e7 30, 2026<\/time><\/div><\/div><\/div><h2 class=\"post-title\"><a href=\"https:\/\/ibecbarcelona.eu\/ca\/un-mapa-mutacional-sense-precedents-revela-com-les-mutacions-de-l%27amilina-influeixen-en-la-diabetis-tipus-2\" target=\"_self\" rel=\"bookmark\">Un mapa mutacional sense precedents revela com les mutacions de l&#8217;amilina influeixen en la diabetis tipus 2<\/a><\/h2><\/div><\/div><\/article><article id=\"grid-article-132949\" class=\"post-item  grid-column-3 grid_style4 \" data-id=\"132949\" data-category=\"98\"><div class=\"post-content-area left\"><a class=\"post-link\" target=\"_self\" href=https:\/\/ibecbarcelona.eu\/ca\/una-nova-generacio-de-nanorobots-terapeutics-per-transformar-la-medicina-del-futur><div class=\"hover-excerpt\"><\/div><\/a><div class=\"post-image\"><img decoding=\"async\" width=\"1024\" height=\"682\" data-src=\"https:\/\/ibecbarcelona.eu\/wp-content\/uploads\/2026\/03\/WhatsApp-Image-2026-03-04-at-15.52.55-1024x682.webp\" class=\"attachment-large size-large wp-post-image lazyload\" alt=\"Samuel S\u00e1nchez\" data-srcset=\"https:\/\/ibecbarcelona.eu\/wp-content\/uploads\/2026\/03\/WhatsApp-Image-2026-03-04-at-15.52.55-1024x682.webp 1024w, https:\/\/ibecbarcelona.eu\/wp-content\/uploads\/2026\/03\/WhatsApp-Image-2026-03-04-at-15.52.55-300x200.webp 300w, https:\/\/ibecbarcelona.eu\/wp-content\/uploads\/2026\/03\/WhatsApp-Image-2026-03-04-at-15.52.55-768x512.webp 768w, https:\/\/ibecbarcelona.eu\/wp-content\/uploads\/2026\/03\/WhatsApp-Image-2026-03-04-at-15.52.55-1200x800.webp 1200w, https:\/\/ibecbarcelona.eu\/wp-content\/uploads\/2026\/03\/WhatsApp-Image-2026-03-04-at-15.52.55-600x400.webp 600w, https:\/\/ibecbarcelona.eu\/wp-content\/uploads\/2026\/03\/WhatsApp-Image-2026-03-04-at-15.52.55.webp 1421w\" data-sizes=\"(max-width: 1024px) 100vw, 1024px\" src=\"data:image\/svg+xml;base64,PHN2ZyB3aWR0aD0iMSIgaGVpZ2h0PSIxIiB4bWxucz0iaHR0cDovL3d3dy53My5vcmcvMjAwMC9zdmciPjwvc3ZnPg==\" style=\"--smush-placeholder-width: 1024px; --smush-placeholder-aspect-ratio: 1024\/682;\" \/> <\/div><div class=\"inner-post-content\"><div class=\"post-meta post-meta-category below\"><div class=\"post-meta-time-author\"><div class=\"time_meta\"><time datetime=\"2026-03-20T13:26:43+01:00\">mar\u00e7 20, 2026<\/time><\/div><\/div><\/div><h2 class=\"post-title\"><a href=\"https:\/\/ibecbarcelona.eu\/ca\/una-nova-generacio-de-nanorobots-terapeutics-per-transformar-la-medicina-del-futur\" target=\"_self\" rel=\"bookmark\">Una nova generaci\u00f3 de nanorobots terap\u00e8utics per transformar la medicina del futur<\/a><\/h2><\/div><\/div><\/article><article id=\"grid-article-132867\" class=\"post-item  grid-column-3 grid_style4 \" data-id=\"132867\" data-category=\"98\"><div class=\"post-content-area left\"><a class=\"post-link\" target=\"_self\" href=https:\/\/ibecbarcelona.eu\/ca\/ibec-participa-en-el-primer-pla-de-desplacament-empresa-impulsat-pel-parc-cientific-de-barcelona-per-fomentar-una-mobilitat-mes-sostenible><div class=\"hover-excerpt\"><\/div><\/a><div class=\"post-image\"><img decoding=\"async\" width=\"900\" height=\"330\" data-src=\"https:\/\/ibecbarcelona.eu\/wp-content\/uploads\/2026\/03\/Reportatge_PCB-177-1-1.jpg\" class=\"attachment-large size-large wp-post-image lazyload\" alt=\"\" data-srcset=\"https:\/\/ibecbarcelona.eu\/wp-content\/uploads\/2026\/03\/Reportatge_PCB-177-1-1.jpg 900w, https:\/\/ibecbarcelona.eu\/wp-content\/uploads\/2026\/03\/Reportatge_PCB-177-1-1-300x110.jpg 300w, https:\/\/ibecbarcelona.eu\/wp-content\/uploads\/2026\/03\/Reportatge_PCB-177-1-1-768x282.jpg 768w\" data-sizes=\"(max-width: 900px) 100vw, 900px\" src=\"data:image\/svg+xml;base64,PHN2ZyB3aWR0aD0iMSIgaGVpZ2h0PSIxIiB4bWxucz0iaHR0cDovL3d3dy53My5vcmcvMjAwMC9zdmciPjwvc3ZnPg==\" style=\"--smush-placeholder-width: 900px; --smush-placeholder-aspect-ratio: 900\/330;\" \/> <\/div><div class=\"inner-post-content\"><div class=\"post-meta post-meta-category below\"><div class=\"post-meta-time-author\"><div class=\"time_meta\"><time datetime=\"2026-03-19T09:35:48+01:00\">mar\u00e7 19, 2026<\/time><\/div><\/div><\/div><h2 class=\"post-title\"><a href=\"https:\/\/ibecbarcelona.eu\/ca\/ibec-participa-en-el-primer-pla-de-desplacament-empresa-impulsat-pel-parc-cientific-de-barcelona-per-fomentar-una-mobilitat-mes-sostenible\" target=\"_self\" rel=\"bookmark\">L\u2019IBEC participa en el primer Pla de Despla\u00e7ament d\u2019Empresa impulsat pel Parc Cient\u00edfic de Barcelona per fomentar una mobilitat m\u00e9s sostenible<\/a><\/h2><\/div><\/div><\/article><article id=\"grid-article-132739\" class=\"post-item  grid-column-3 grid_style4 \" data-id=\"132739\" data-category=\"98\"><div class=\"post-content-area left\"><a class=\"post-link\" target=\"_self\" href=https:\/\/ibecbarcelona.eu\/ca\/se-celebra-a-barcelona-la-quarta-edicio-de-la-conferencia-embl-ibec><div class=\"hover-excerpt\"><\/div><\/a><div class=\"post-image\"><img decoding=\"async\" width=\"1024\" height=\"576\" data-src=\"https:\/\/ibecbarcelona.eu\/wp-content\/uploads\/2026\/03\/1-1024x576.png\" class=\"attachment-large size-large wp-post-image lazyload\" alt=\"\" data-srcset=\"https:\/\/ibecbarcelona.eu\/wp-content\/uploads\/2026\/03\/1-1024x576.png 1024w, https:\/\/ibecbarcelona.eu\/wp-content\/uploads\/2026\/03\/1-300x169.png 300w, https:\/\/ibecbarcelona.eu\/wp-content\/uploads\/2026\/03\/1-768x432.png 768w, https:\/\/ibecbarcelona.eu\/wp-content\/uploads\/2026\/03\/1-1536x864.png 1536w, https:\/\/ibecbarcelona.eu\/wp-content\/uploads\/2026\/03\/1.png 1920w\" data-sizes=\"(max-width: 1024px) 100vw, 1024px\" src=\"data:image\/svg+xml;base64,PHN2ZyB3aWR0aD0iMSIgaGVpZ2h0PSIxIiB4bWxucz0iaHR0cDovL3d3dy53My5vcmcvMjAwMC9zdmciPjwvc3ZnPg==\" style=\"--smush-placeholder-width: 1024px; --smush-placeholder-aspect-ratio: 1024\/576;\" \/> <\/div><div class=\"inner-post-content\"><div class=\"post-meta post-meta-category below\"><div class=\"post-meta-time-author\"><div class=\"time_meta\"><time datetime=\"2026-03-13T13:03:03+01:00\">mar\u00e7 13, 2026<\/time><\/div><\/div><\/div><h2 class=\"post-title\"><a href=\"https:\/\/ibecbarcelona.eu\/ca\/se-celebra-a-barcelona-la-quarta-edicio-de-la-conferencia-embl-ibec\" target=\"_self\" rel=\"bookmark\">Se celebra a Barcelona la quarta edici\u00f3 de la Confer\u00e8ncia EMBL-IBEC<\/a><\/h2><\/div><\/div><\/article><article id=\"grid-article-132575\" class=\"post-item  grid-column-3 grid_style4 \" data-id=\"132575\" data-category=\"98\"><div class=\"post-content-area left\"><a class=\"post-link\" target=\"_self\" href=https:\/\/ibecbarcelona.eu\/ca\/ibec-incorpora-una-nova-promocio-internacional-de-doctorands-en-colaboracio-amb-hospitals-i-centres-excelencia><div class=\"hover-excerpt\"><\/div><\/a><div class=\"post-image\"><img decoding=\"async\" width=\"1024\" height=\"576\" data-src=\"https:\/\/ibecbarcelona.eu\/wp-content\/uploads\/2026\/03\/20260305_155033-Editada-1024x576.jpg\" class=\"attachment-large size-large wp-post-image lazyload\" alt=\"\" data-srcset=\"https:\/\/ibecbarcelona.eu\/wp-content\/uploads\/2026\/03\/20260305_155033-Editada-1024x576.jpg 1024w, https:\/\/ibecbarcelona.eu\/wp-content\/uploads\/2026\/03\/20260305_155033-Editada-300x169.jpg 300w, https:\/\/ibecbarcelona.eu\/wp-content\/uploads\/2026\/03\/20260305_155033-Editada-768x432.jpg 768w, https:\/\/ibecbarcelona.eu\/wp-content\/uploads\/2026\/03\/20260305_155033-Editada-1536x864.jpg 1536w, https:\/\/ibecbarcelona.eu\/wp-content\/uploads\/2026\/03\/20260305_155033-Editada-2048x1152.jpg 2048w\" data-sizes=\"(max-width: 1024px) 100vw, 1024px\" src=\"data:image\/svg+xml;base64,PHN2ZyB3aWR0aD0iMSIgaGVpZ2h0PSIxIiB4bWxucz0iaHR0cDovL3d3dy53My5vcmcvMjAwMC9zdmciPjwvc3ZnPg==\" style=\"--smush-placeholder-width: 1024px; --smush-placeholder-aspect-ratio: 1024\/576;\" \/> <\/div><div class=\"inner-post-content\"><div class=\"post-meta post-meta-category below\"><div class=\"post-meta-time-author\"><div class=\"time_meta\"><time datetime=\"2026-03-10T16:38:51+01:00\">mar\u00e7 10, 2026<\/time><\/div><\/div><\/div><h2 class=\"post-title\"><a href=\"https:\/\/ibecbarcelona.eu\/ca\/ibec-incorpora-una-nova-promocio-internacional-de-doctorands-en-colaboracio-amb-hospitals-i-centres-excelencia\" target=\"_self\" rel=\"bookmark\">L\u2019IBEC incorpora una nova promoci\u00f3 internacional de doctorands en col\u00b7laboraci\u00f3 amb hospitals i centres d\u2019excel\u00b7l\u00e8ncia<\/a><\/h2><\/div><\/div><\/article><article id=\"grid-article-132515\" class=\"post-item  grid-column-3 grid_style4 \" data-id=\"132515\" data-category=\"98\"><div class=\"post-content-area left\"><a class=\"post-link\" target=\"_self\" href=https:\/\/ibecbarcelona.eu\/ca\/ibec-mostra-el-seu-lideratge-en-innovacio-biomedica-al-mwc26-amb-tres-projectes-disruptius><div class=\"hover-excerpt\"><\/div><\/a><div class=\"post-image\"><img decoding=\"async\" width=\"1024\" height=\"768\" data-src=\"https:\/\/ibecbarcelona.eu\/wp-content\/uploads\/2026\/03\/61cc3c8d-4eec-4a7d-88bf-470e89960646-1024x768.jpg\" class=\"attachment-large size-large wp-post-image lazyload\" alt=\"\" data-srcset=\"https:\/\/ibecbarcelona.eu\/wp-content\/uploads\/2026\/03\/61cc3c8d-4eec-4a7d-88bf-470e89960646-1024x768.jpg 1024w, https:\/\/ibecbarcelona.eu\/wp-content\/uploads\/2026\/03\/61cc3c8d-4eec-4a7d-88bf-470e89960646-300x225.jpg 300w, https:\/\/ibecbarcelona.eu\/wp-content\/uploads\/2026\/03\/61cc3c8d-4eec-4a7d-88bf-470e89960646-768x576.jpg 768w, https:\/\/ibecbarcelona.eu\/wp-content\/uploads\/2026\/03\/61cc3c8d-4eec-4a7d-88bf-470e89960646-1536x1152.jpg 1536w, https:\/\/ibecbarcelona.eu\/wp-content\/uploads\/2026\/03\/61cc3c8d-4eec-4a7d-88bf-470e89960646.jpg 1920w\" data-sizes=\"(max-width: 1024px) 100vw, 1024px\" src=\"data:image\/svg+xml;base64,PHN2ZyB3aWR0aD0iMSIgaGVpZ2h0PSIxIiB4bWxucz0iaHR0cDovL3d3dy53My5vcmcvMjAwMC9zdmciPjwvc3ZnPg==\" style=\"--smush-placeholder-width: 1024px; --smush-placeholder-aspect-ratio: 1024\/768;\" \/> <\/div><div class=\"inner-post-content\"><div class=\"post-meta post-meta-category below\"><div class=\"post-meta-time-author\"><div class=\"time_meta\"><time datetime=\"2026-03-09T17:10:47+01:00\">mar\u00e7 9, 2026<\/time><\/div><\/div><\/div><h2 class=\"post-title\"><a href=\"https:\/\/ibecbarcelona.eu\/ca\/ibec-mostra-el-seu-lideratge-en-innovacio-biomedica-al-mwc26-amb-tres-projectes-disruptius\" target=\"_self\" rel=\"bookmark\">L&#8217;IBEC mostra el seu lideratge en innovaci\u00f3 biom\u00e8dica al MWC26 amb tres projectes disruptius<\/a><\/h2><\/div><\/div><\/article><article id=\"grid-article-132823\" class=\"post-item  grid-column-3 grid_style4 \" data-id=\"132823\" data-category=\"98\"><div class=\"post-content-area left\"><a class=\"post-link\" target=\"_self\" href=https:\/\/ibecbarcelona.eu\/ca\/el-bist-advoca-per-reformes-per-convertir-els-descobriments-cientifics-en-industria-europea><div class=\"hover-excerpt\"><\/div><\/a><div class=\"post-image\"><img decoding=\"async\" width=\"1024\" height=\"683\" data-src=\"https:\/\/ibecbarcelona.eu\/wp-content\/uploads\/2026\/03\/55137659161_e33510cfa5_k-1024x683.jpg\" class=\"attachment-large size-large wp-post-image lazyload\" alt=\"\" data-srcset=\"https:\/\/ibecbarcelona.eu\/wp-content\/uploads\/2026\/03\/55137659161_e33510cfa5_k-1024x683.jpg 1024w, https:\/\/ibecbarcelona.eu\/wp-content\/uploads\/2026\/03\/55137659161_e33510cfa5_k-300x200.jpg 300w, https:\/\/ibecbarcelona.eu\/wp-content\/uploads\/2026\/03\/55137659161_e33510cfa5_k-768x512.jpg 768w, https:\/\/ibecbarcelona.eu\/wp-content\/uploads\/2026\/03\/55137659161_e33510cfa5_k-1536x1024.jpg 1536w, https:\/\/ibecbarcelona.eu\/wp-content\/uploads\/2026\/03\/55137659161_e33510cfa5_k-1200x800.jpg 1200w, https:\/\/ibecbarcelona.eu\/wp-content\/uploads\/2026\/03\/55137659161_e33510cfa5_k-600x400.jpg 600w, https:\/\/ibecbarcelona.eu\/wp-content\/uploads\/2026\/03\/55137659161_e33510cfa5_k.jpg 2048w\" data-sizes=\"(max-width: 1024px) 100vw, 1024px\" src=\"data:image\/svg+xml;base64,PHN2ZyB3aWR0aD0iMSIgaGVpZ2h0PSIxIiB4bWxucz0iaHR0cDovL3d3dy53My5vcmcvMjAwMC9zdmciPjwvc3ZnPg==\" style=\"--smush-placeholder-width: 1024px; --smush-placeholder-aspect-ratio: 1024\/683;\" \/> <\/div><div class=\"inner-post-content\"><div class=\"post-meta post-meta-category below\"><div class=\"post-meta-time-author\"><div class=\"time_meta\"><time datetime=\"2026-03-09T12:00:00+01:00\">mar\u00e7 9, 2026<\/time><\/div><\/div><\/div><h2 class=\"post-title\"><a href=\"https:\/\/ibecbarcelona.eu\/ca\/el-bist-advoca-per-reformes-per-convertir-els-descobriments-cientifics-en-industria-europea\" target=\"_self\" rel=\"bookmark\">El BIST advoca per reformes per convertir els descobriments cient\u00edfics en ind\u00fastria europea<\/a><\/h2><\/div><\/div><\/article><article id=\"grid-article-132463\" class=\"post-item  grid-column-3 grid_style4 \" data-id=\"132463\" data-category=\"98\"><div class=\"post-content-area left\"><a class=\"post-link\" target=\"_self\" href=https:\/\/ibecbarcelona.eu\/ca\/nanomedicina-per-a-malalties-rares-experts-analitzen-nous-enfocaments-en-el-nano-rare-diseases-day\/><div class=\"hover-excerpt\"><\/div><\/a><div class=\"post-image\"><img decoding=\"async\" width=\"1024\" height=\"644\" data-src=\"https:\/\/ibecbarcelona.eu\/wp-content\/uploads\/2026\/03\/Para-portada_OK-1024x644.jpg\" class=\"attachment-large size-large wp-post-image lazyload\" alt=\"\" data-srcset=\"https:\/\/ibecbarcelona.eu\/wp-content\/uploads\/2026\/03\/Para-portada_OK-1024x644.jpg 1024w, https:\/\/ibecbarcelona.eu\/wp-content\/uploads\/2026\/03\/Para-portada_OK-300x189.jpg 300w, https:\/\/ibecbarcelona.eu\/wp-content\/uploads\/2026\/03\/Para-portada_OK-768x483.jpg 768w, https:\/\/ibecbarcelona.eu\/wp-content\/uploads\/2026\/03\/Para-portada_OK-1536x966.jpg 1536w, https:\/\/ibecbarcelona.eu\/wp-content\/uploads\/2026\/03\/Para-portada_OK-2048x1289.jpg 2048w\" data-sizes=\"(max-width: 1024px) 100vw, 1024px\" src=\"data:image\/svg+xml;base64,PHN2ZyB3aWR0aD0iMSIgaGVpZ2h0PSIxIiB4bWxucz0iaHR0cDovL3d3dy53My5vcmcvMjAwMC9zdmciPjwvc3ZnPg==\" style=\"--smush-placeholder-width: 1024px; --smush-placeholder-aspect-ratio: 1024\/644;\" \/> <\/div><div class=\"inner-post-content\"><div class=\"post-meta post-meta-category below\"><div class=\"post-meta-time-author\"><div class=\"time_meta\"><time datetime=\"2026-03-05T13:17:16+01:00\">mar\u00e7 5, 2026<\/time><\/div><\/div><\/div><h2 class=\"post-title\"><a href=\"https:\/\/ibecbarcelona.eu\/ca\/nanomedicina-per-a-malalties-rares-experts-analitzen-nous-enfocaments-en-el-nano-rare-diseases-day\/\" target=\"_self\" rel=\"bookmark\">Nanomedicina per a malalties rares: experts analitzen nous enfocaments en el Nano Rare Diseases Day<\/a><\/h2><\/div><\/div><\/article><article id=\"grid-article-132368\" class=\"post-item  grid-column-3 grid_style4 \" data-id=\"132368\" data-category=\"96\"><div class=\"post-content-area left\"><a class=\"post-link\" target=\"_self\" href=https:\/\/ibecbarcelona.eu\/ca\/una-fita-en-el-monitoratge-del-metabolisme-a-temps-real-lequip-de-rmn-del-projecte-bloc-surt-a-la-llum\/><div class=\"hover-excerpt\"><\/div><\/a><div class=\"post-image\"><img decoding=\"async\" width=\"494\" height=\"430\" data-src=\"https:\/\/ibecbarcelona.eu\/wp-content\/uploads\/2026\/03\/imagen-equipo.png\" class=\"attachment-large size-large wp-post-image lazyload\" alt=\"\" data-srcset=\"https:\/\/ibecbarcelona.eu\/wp-content\/uploads\/2026\/03\/imagen-equipo.png 494w, https:\/\/ibecbarcelona.eu\/wp-content\/uploads\/2026\/03\/imagen-equipo-300x261.png 300w\" data-sizes=\"(max-width: 494px) 100vw, 494px\" src=\"data:image\/svg+xml;base64,PHN2ZyB3aWR0aD0iMSIgaGVpZ2h0PSIxIiB4bWxucz0iaHR0cDovL3d3dy53My5vcmcvMjAwMC9zdmciPjwvc3ZnPg==\" style=\"--smush-placeholder-width: 494px; --smush-placeholder-aspect-ratio: 494\/430;\" \/> <\/div><div class=\"inner-post-content\"><div class=\"post-meta post-meta-category below\"><div class=\"post-meta-time-author\"><div class=\"time_meta\"><time datetime=\"2026-03-02T17:14:11+01:00\">mar\u00e7 2, 2026<\/time><\/div><\/div><\/div><h2 class=\"post-title\"><a href=\"https:\/\/ibecbarcelona.eu\/ca\/una-fita-en-el-monitoratge-del-metabolisme-a-temps-real-lequip-de-rmn-del-projecte-bloc-surt-a-la-llum\/\" target=\"_self\" rel=\"bookmark\">Una fita en el monitoratge del metabolisme a temps real: l&#8217;equip de RMN del Projecte BLOC surt a la llum<\/a><\/h2><\/div><\/div><\/article><article id=\"grid-article-132240\" class=\"post-item  grid-column-3 grid_style4 \" data-id=\"132240\" data-category=\"98\"><div class=\"post-content-area left\"><a class=\"post-link\" target=\"_self\" href=https:\/\/ibecbarcelona.eu\/ca\/tres-investigadors-de-ibec-reben-ajudes-de-associacio-espanyola-contra-el-cancer><div class=\"hover-excerpt\"><\/div><\/a><div class=\"post-image\"><img decoding=\"async\" width=\"1024\" height=\"683\" data-src=\"https:\/\/ibecbarcelona.eu\/wp-content\/uploads\/2026\/02\/HCFjbABawAAW-sJ-1024x683.jpg\" class=\"attachment-large size-large wp-post-image lazyload\" alt=\"\" data-srcset=\"https:\/\/ibecbarcelona.eu\/wp-content\/uploads\/2026\/02\/HCFjbABawAAW-sJ-1024x683.jpg 1024w, https:\/\/ibecbarcelona.eu\/wp-content\/uploads\/2026\/02\/HCFjbABawAAW-sJ-300x200.jpg 300w, https:\/\/ibecbarcelona.eu\/wp-content\/uploads\/2026\/02\/HCFjbABawAAW-sJ-768x512.jpg 768w, https:\/\/ibecbarcelona.eu\/wp-content\/uploads\/2026\/02\/HCFjbABawAAW-sJ-1536x1025.jpg 1536w, https:\/\/ibecbarcelona.eu\/wp-content\/uploads\/2026\/02\/HCFjbABawAAW-sJ-1200x800.jpg 1200w, https:\/\/ibecbarcelona.eu\/wp-content\/uploads\/2026\/02\/HCFjbABawAAW-sJ-600x400.jpg 600w, https:\/\/ibecbarcelona.eu\/wp-content\/uploads\/2026\/02\/HCFjbABawAAW-sJ.jpg 2048w\" data-sizes=\"(max-width: 1024px) 100vw, 1024px\" src=\"data:image\/svg+xml;base64,PHN2ZyB3aWR0aD0iMSIgaGVpZ2h0PSIxIiB4bWxucz0iaHR0cDovL3d3dy53My5vcmcvMjAwMC9zdmciPjwvc3ZnPg==\" style=\"--smush-placeholder-width: 1024px; --smush-placeholder-aspect-ratio: 1024\/683;\" \/> <\/div><div class=\"inner-post-content\"><div class=\"post-meta post-meta-category below\"><div class=\"post-meta-time-author\"><div class=\"time_meta\"><time datetime=\"2026-02-26T16:55:59+01:00\">febr. 26, 2026<\/time><\/div><\/div><\/div><h2 class=\"post-title\"><a href=\"https:\/\/ibecbarcelona.eu\/ca\/tres-investigadors-de-ibec-reben-ajudes-de-associacio-espanyola-contra-el-cancer\" target=\"_self\" rel=\"bookmark\">Tres investigadors de l&#8217;IBEC reben ajudes de l&#8217;Associaci\u00f3 Espanyola Contra el C\u00e0ncer<\/a><\/h2><\/div><\/div><\/article><div class=\"gutentastic-pagination-loading-container\"><\/div><\/div><div class=\"gutentastic-pagination center gutentastic-navigation gutentastic-pagination-style1 ajax 6\" data-paged=\"1\"><span aria-current=\"page\" class=\"page-numbers current\">1<\/span>\n<a class=\"page-numbers\" href=\"https:\/\/ibecbarcelona.eu\/ca\/wp-json\/wp\/v2\/pages\/91998\/?paged6=2\">2<\/a>\n<a class=\"page-numbers\" href=\"https:\/\/ibecbarcelona.eu\/ca\/wp-json\/wp\/v2\/pages\/91998\/?paged6=3\">3<\/a>\n<span class=\"page-numbers dots\">&hellip;<\/span>\n<a class=\"page-numbers\" href=\"https:\/\/ibecbarcelona.eu\/ca\/wp-json\/wp\/v2\/pages\/91998\/?paged6=95\">95<\/a>\n<a class=\"next page-numbers\" href=\"https:\/\/ibecbarcelona.eu\/ca\/wp-json\/wp\/v2\/pages\/91998\/?paged6=2\">Next<i class=\"dashicons dashicons-arrow-right-alt2\"><\/i><\/a><\/div><\/div>","protected":false},"excerpt":{"rendered":"","protected":false},"author":26,"featured_media":0,"parent":0,"menu_order":0,"comment_status":"closed","ping_status":"closed","template":"","meta":{"footnotes":""},"tags":[],"class_list":["post-91998","page","type-page","status-publish"],"yoast_head":"<!-- This site is optimized with the Yoast SEO plugin v27.5 - https:\/\/yoast.com\/product\/yoast-seo-wordpress\/ -->\n<title>Not\u00edcies - Institute for Bioengineering of Catalonia<\/title>\n<meta name=\"robots\" content=\"index, follow, max-snippet:-1, max-image-preview:large, max-video-preview:-1\" \/>\n<link rel=\"canonical\" href=\"https:\/\/ibecbarcelona.eu\/ca\/news\/\" \/>\n<meta property=\"og:locale\" content=\"ca_ES\" \/>\n<meta property=\"og:type\" content=\"article\" \/>\n<meta property=\"og:title\" content=\"Not\u00edcies - Institute for Bioengineering of Catalonia\" \/>\n<meta property=\"og:url\" content=\"https:\/\/ibecbarcelona.eu\/ca\/news\/\" \/>\n<meta property=\"og:site_name\" content=\"Institute for Bioengineering of Catalonia\" \/>\n<meta property=\"article:modified_time\" content=\"2022-07-16T12:10:48+00:00\" \/>\n<meta name=\"twitter:card\" content=\"summary_large_image\" \/>\n<script type=\"application\/ld+json\" class=\"yoast-schema-graph\">{\"@context\":\"https:\\\/\\\/schema.org\",\"@graph\":[{\"@type\":\"WebPage\",\"@id\":\"https:\\\/\\\/ibecbarcelona.eu\\\/ca\\\/news\\\/\",\"url\":\"https:\\\/\\\/ibecbarcelona.eu\\\/ca\\\/news\\\/\",\"name\":\"Not\u00edcies - Institute for Bioengineering of Catalonia\",\"isPartOf\":{\"@id\":\"https:\\\/\\\/ibecbarcelona.eu\\\/#website\"},\"datePublished\":\"2022-01-19T16:36:29+00:00\",\"dateModified\":\"2022-07-16T12:10:48+00:00\",\"breadcrumb\":{\"@id\":\"https:\\\/\\\/ibecbarcelona.eu\\\/ca\\\/news\\\/#breadcrumb\"},\"inLanguage\":\"ca\",\"potentialAction\":[{\"@type\":\"ReadAction\",\"target\":[\"https:\\\/\\\/ibecbarcelona.eu\\\/ca\\\/news\\\/\"]}]},{\"@type\":\"BreadcrumbList\",\"@id\":\"https:\\\/\\\/ibecbarcelona.eu\\\/ca\\\/news\\\/#breadcrumb\",\"itemListElement\":[{\"@type\":\"ListItem\",\"position\":1,\"name\":\"Home\",\"item\":\"https:\\\/\\\/ibecbarcelona.eu\\\/ca\\\/\"},{\"@type\":\"ListItem\",\"position\":2,\"name\":\"Not\u00edcies\"}]},{\"@type\":\"WebSite\",\"@id\":\"https:\\\/\\\/ibecbarcelona.eu\\\/#website\",\"url\":\"https:\\\/\\\/ibecbarcelona.eu\\\/\",\"name\":\"Institute for Bioengineering of Catalonia\",\"description\":\"Bioengineering Solutions for Health\",\"publisher\":{\"@id\":\"https:\\\/\\\/ibecbarcelona.eu\\\/#organization\"},\"potentialAction\":[{\"@type\":\"SearchAction\",\"target\":{\"@type\":\"EntryPoint\",\"urlTemplate\":\"https:\\\/\\\/ibecbarcelona.eu\\\/?s={search_term_string}\"},\"query-input\":{\"@type\":\"PropertyValueSpecification\",\"valueRequired\":true,\"valueName\":\"search_term_string\"}}],\"inLanguage\":\"ca\"},{\"@type\":\"Organization\",\"@id\":\"https:\\\/\\\/ibecbarcelona.eu\\\/#organization\",\"name\":\"Institute for Bioengineering of Catalonia\",\"url\":\"https:\\\/\\\/ibecbarcelona.eu\\\/\",\"logo\":{\"@type\":\"ImageObject\",\"inLanguage\":\"ca\",\"@id\":\"https:\\\/\\\/ibecbarcelona.eu\\\/#\\\/schema\\\/logo\\\/image\\\/\",\"url\":\"https:\\\/\\\/ibecbarcelona.eu\\\/wp-content\\\/uploads\\\/2026\\\/01\\\/cropped-IBEC_20ANYS_GRIS.png\",\"contentUrl\":\"https:\\\/\\\/ibecbarcelona.eu\\\/wp-content\\\/uploads\\\/2026\\\/01\\\/cropped-IBEC_20ANYS_GRIS.png\",\"width\":696,\"height\":257,\"caption\":\"Institute for Bioengineering of Catalonia\"},\"image\":{\"@id\":\"https:\\\/\\\/ibecbarcelona.eu\\\/#\\\/schema\\\/logo\\\/image\\\/\"}}]}<\/script>\n<!-- \/ Yoast SEO plugin. -->","yoast_head_json":{"title":"Not\u00edcies - Institute for Bioengineering of Catalonia","robots":{"index":"index","follow":"follow","max-snippet":"max-snippet:-1","max-image-preview":"max-image-preview:large","max-video-preview":"max-video-preview:-1"},"canonical":"https:\/\/ibecbarcelona.eu\/ca\/news\/","og_locale":"ca_ES","og_type":"article","og_title":"Not\u00edcies - Institute for Bioengineering of Catalonia","og_url":"https:\/\/ibecbarcelona.eu\/ca\/news\/","og_site_name":"Institute for Bioengineering of Catalonia","article_modified_time":"2022-07-16T12:10:48+00:00","twitter_card":"summary_large_image","schema":{"@context":"https:\/\/schema.org","@graph":[{"@type":"WebPage","@id":"https:\/\/ibecbarcelona.eu\/ca\/news\/","url":"https:\/\/ibecbarcelona.eu\/ca\/news\/","name":"Not\u00edcies - Institute for Bioengineering of Catalonia","isPartOf":{"@id":"https:\/\/ibecbarcelona.eu\/#website"},"datePublished":"2022-01-19T16:36:29+00:00","dateModified":"2022-07-16T12:10:48+00:00","breadcrumb":{"@id":"https:\/\/ibecbarcelona.eu\/ca\/news\/#breadcrumb"},"inLanguage":"ca","potentialAction":[{"@type":"ReadAction","target":["https:\/\/ibecbarcelona.eu\/ca\/news\/"]}]},{"@type":"BreadcrumbList","@id":"https:\/\/ibecbarcelona.eu\/ca\/news\/#breadcrumb","itemListElement":[{"@type":"ListItem","position":1,"name":"Home","item":"https:\/\/ibecbarcelona.eu\/ca\/"},{"@type":"ListItem","position":2,"name":"Not\u00edcies"}]},{"@type":"WebSite","@id":"https:\/\/ibecbarcelona.eu\/#website","url":"https:\/\/ibecbarcelona.eu\/","name":"Institute for Bioengineering of Catalonia","description":"Bioengineering Solutions for Health","publisher":{"@id":"https:\/\/ibecbarcelona.eu\/#organization"},"potentialAction":[{"@type":"SearchAction","target":{"@type":"EntryPoint","urlTemplate":"https:\/\/ibecbarcelona.eu\/?s={search_term_string}"},"query-input":{"@type":"PropertyValueSpecification","valueRequired":true,"valueName":"search_term_string"}}],"inLanguage":"ca"},{"@type":"Organization","@id":"https:\/\/ibecbarcelona.eu\/#organization","name":"Institute for Bioengineering of Catalonia","url":"https:\/\/ibecbarcelona.eu\/","logo":{"@type":"ImageObject","inLanguage":"ca","@id":"https:\/\/ibecbarcelona.eu\/#\/schema\/logo\/image\/","url":"https:\/\/ibecbarcelona.eu\/wp-content\/uploads\/2026\/01\/cropped-IBEC_20ANYS_GRIS.png","contentUrl":"https:\/\/ibecbarcelona.eu\/wp-content\/uploads\/2026\/01\/cropped-IBEC_20ANYS_GRIS.png","width":696,"height":257,"caption":"Institute for Bioengineering of Catalonia"},"image":{"@id":"https:\/\/ibecbarcelona.eu\/#\/schema\/logo\/image\/"}}]}},"AFP_featured_media_urls":{"full":false,"thumbnail":false,"medium":false,"medium_large":false,"large":false},"AFP_attachments":[],"AFP_videos":[],"AFP_video_blocks":"","AFP_category_names":[],"_links":{"self":[{"href":"https:\/\/ibecbarcelona.eu\/ca\/wp-json\/wp\/v2\/pages\/91998","targetHints":{"allow":["GET"]}}],"collection":[{"href":"https:\/\/ibecbarcelona.eu\/ca\/wp-json\/wp\/v2\/pages"}],"about":[{"href":"https:\/\/ibecbarcelona.eu\/ca\/wp-json\/wp\/v2\/types\/page"}],"author":[{"embeddable":true,"href":"https:\/\/ibecbarcelona.eu\/ca\/wp-json\/wp\/v2\/users\/26"}],"replies":[{"embeddable":true,"href":"https:\/\/ibecbarcelona.eu\/ca\/wp-json\/wp\/v2\/comments?post=91998"}],"version-history":[{"count":6,"href":"https:\/\/ibecbarcelona.eu\/ca\/wp-json\/wp\/v2\/pages\/91998\/revisions"}],"predecessor-version":[{"id":95768,"href":"https:\/\/ibecbarcelona.eu\/ca\/wp-json\/wp\/v2\/pages\/91998\/revisions\/95768"}],"wp:attachment":[{"href":"https:\/\/ibecbarcelona.eu\/ca\/wp-json\/wp\/v2\/media?parent=91998"}],"wp:term":[{"taxonomy":"post_tag","embeddable":true,"href":"https:\/\/ibecbarcelona.eu\/ca\/wp-json\/wp\/v2\/tags?post=91998"}],"curies":[{"name":"wp","href":"https:\/\/api.w.org\/{rel}","templated":true}]}}