
{"id":124736,"date":"2025-03-13T09:53:48","date_gmt":"2025-03-13T08:53:48","guid":{"rendered":"https:\/\/ibecbarcelona.eu\/event\/debat-editar-la-humanitat-amb-katherine-a-high-i-salvador-macip-dins-del-marc-del-programa-ciencia-radical\/"},"modified":"2025-03-13T15:53:13","modified_gmt":"2025-03-13T14:53:13","slug":"debat-editar-la-humanitat-amb-katherine-a-high-i-salvador-macip-dins-del-marc-del-programa-ciencia-radical","status":"publish","type":"tribe_events","link":"https:\/\/ibecbarcelona.eu\/ca\/event\/debat-editar-la-humanitat-amb-katherine-a-high-i-salvador-macip-dins-del-marc-del-programa-ciencia-radical\/","title":{"rendered":"Ci\u00e8ncia Radical. Debat: &#8220;Editar la humanitat&#8221; amb Katherine A. High i Salvador Macip"},"content":{"rendered":"<p><span data-teams=\"true\">La pionera i experta mundial en ter\u00e0pia g\u00e8nica Katherine A. High i el metge i escriptor Salvador Macip reflexionen sobre el futur de la nostra esp\u00e8cie en l&#8217;era de l&#8217;edici\u00f3 gen\u00e8tica en una sessi\u00f3 que s\u2019obrir\u00e0 amb CRISPR, una performance dels artistes digitals Bromo.\u00a0<\/span><\/p>\n<p><span data-teams=\"true\">Aquesta activitat forma part de <a id=\"menur5f9\" class=\"fui-Link ___1q1shib f2hkw1w f3rmtva f1ewtqcl fyind8e f1k6fduh f1w7gpdv fk6fouc fjoy568 figsok6 f1s184ao f1mk8lai fnbmjn9 f1o700av f13mvf36 f1cmlufx f9n3di6 f1ids18y f1tx3yz7 f1deo86v f1eh06m1 f1iescvh fhgqx19 f1olyrje f1p93eir f1nev41a f1h8hb77 f1lqvz6u f10aw75t fsle3fq f17ae5zn\" title=\"https:\/\/www.cccb.org\/ca\/projectes\/fitxa\/ciencia-radical\/246732\" href=\"https:\/\/www.cccb.org\/ca\/projectes\/fitxa\/ciencia-radical\/246732\" target=\"_blank\" rel=\"noreferrer noopener\" aria-label=\"V\u00ednculo Ci\u00e8ncia Radical\">Ci\u00e8ncia Radical<\/a>, un programa cultural creat en col\u00b7laboraci\u00f3 amb el CCCB, que busca explorar les connexions entre ci\u00e8ncia, humanitats i arts per repensar la realitat que ens envolta.<\/span><\/p>\n<p>Preu: 3\u20ac (a l&#8217;ibec tenim un descompte pels nostres treballadors. l&#8217;han de demanar per e-mail)<\/p>\n<p>Registre: <a id=\"menur6oi\" class=\"fui-Link ___1q1shib f2hkw1w f3rmtva f1ewtqcl fyind8e f1k6fduh f1w7gpdv fk6fouc fjoy568 figsok6 f1s184ao f1mk8lai fnbmjn9 f1o700av f13mvf36 f1cmlufx f9n3di6 f1ids18y f1tx3yz7 f1deo86v f1eh06m1 f1iescvh fhgqx19 f1olyrje f1p93eir f1nev41a f1h8hb77 f1lqvz6u f10aw75t fsle3fq f17ae5zn\" title=\"https:\/\/entrades.cccb.org\/muslinkiii\/venda\/index.jsp?lang=1&amp;nom_cache=cccb&amp;property=cccb&amp;codiactiv=276&amp;codicicle=4\" href=\"https:\/\/entrades.cccb.org\/muslinkIII\/venda\/index.jsp?lang=1&amp;nom_cache=CCCB&amp;property=CCCB&amp;codiActiv=276&amp;codiCicle=4\" target=\"_blank\" rel=\"noreferrer noopener\" aria-label=\"V\u00ednculo https:\/\/entrades.cccb.org\/muslinkIII\/venda\/index.jsp?lang=1&amp;nom_cache=CCCB&amp;property=CCCB&amp;codiActiv=276&amp;codiCicle=4\">https:\/\/entrades.cccb.org\/muslinkIII\/venda\/index.jsp?lang=1&amp;nom_cache=CCCB&amp;property=CCCB&amp;codiActiv=276&amp;codiCicle=4<\/a><\/p>\n","protected":false},"excerpt":{"rendered":"<p>La pionera i experta mundial en ter\u00e0pia g\u00e8nica Katherine A. High i el metge i escriptor Salvador Macip reflexionen sobre el futur de la nostra esp\u00e8cie en l&#8217;era de l&#8217;edici\u00f3 &#8230; <a title=\"Ci\u00e8ncia Radical. Debat: &#8220;Editar la humanitat&#8221; amb Katherine A. High i Salvador Macip\" class=\"read-more\" href=\"https:\/\/ibecbarcelona.eu\/ca\/event\/debat-editar-la-humanitat-amb-katherine-a-high-i-salvador-macip-dins-del-marc-del-programa-ciencia-radical\/\" aria-label=\"More on Ci\u00e8ncia Radical. Debat: &#8220;Editar la humanitat&#8221; amb Katherine A. High i Salvador Macip\">Read more<\/a><\/p>\n","protected":false},"author":54,"featured_media":0,"template":"","meta":{"_tribe_events_status":"","_tribe_events_status_reason":"","footnotes":""},"tags":[],"tribe_events_cat":[411],"class_list":["post-124736","tribe_events","type-tribe_events","status-publish","hentry","tribe_events_cat-external-seminar-ca","cat_external-seminar-ca"],"yoast_head":"<!-- This site is optimized with the Yoast SEO plugin v27.4 - https:\/\/yoast.com\/product\/yoast-seo-wordpress\/ -->\n<title>Ci\u00e8ncia Radical. Debat: &quot;Editar la humanitat&quot; amb Katherine A. High i Salvador Macip - Institute for Bioengineering of Catalonia<\/title>\n<meta name=\"robots\" content=\"index, follow, max-snippet:-1, max-image-preview:large, max-video-preview:-1\" \/>\n<link rel=\"canonical\" href=\"https:\/\/ibecbarcelona.eu\/ca\/event\/debat-editar-la-humanitat-amb-katherine-a-high-i-salvador-macip-dins-del-marc-del-programa-ciencia-radical\/\" \/>\n<meta property=\"og:locale\" content=\"ca_ES\" \/>\n<meta property=\"og:type\" content=\"article\" \/>\n<meta property=\"og:title\" content=\"Ci\u00e8ncia Radical. Debat: &quot;Editar la humanitat&quot; amb Katherine A. High i Salvador Macip - Institute for Bioengineering of Catalonia\" \/>\n<meta property=\"og:description\" content=\"La pionera i experta mundial en ter\u00e0pia g\u00e8nica Katherine A. High i el metge i escriptor Salvador Macip reflexionen sobre el futur de la nostra esp\u00e8cie en l&#8217;era de l&#8217;edici\u00f3 ... Read more\" \/>\n<meta property=\"og:url\" content=\"https:\/\/ibecbarcelona.eu\/ca\/event\/debat-editar-la-humanitat-amb-katherine-a-high-i-salvador-macip-dins-del-marc-del-programa-ciencia-radical\/\" \/>\n<meta property=\"og:site_name\" content=\"Institute for Bioengineering of Catalonia\" \/>\n<meta property=\"article:modified_time\" content=\"2025-03-13T14:53:13+00:00\" \/>\n<meta name=\"twitter:card\" content=\"summary_large_image\" \/>\n<meta name=\"twitter:label1\" content=\"Temps estimat de lectura\" \/>\n\t<meta name=\"twitter:data1\" content=\"1 minut\" \/>\n<script type=\"application\/ld+json\" class=\"yoast-schema-graph\">{\"@context\":\"https:\\\/\\\/schema.org\",\"@graph\":[{\"@type\":\"WebPage\",\"@id\":\"https:\\\/\\\/ibecbarcelona.eu\\\/ca\\\/event\\\/debat-editar-la-humanitat-amb-katherine-a-high-i-salvador-macip-dins-del-marc-del-programa-ciencia-radical\\\/\",\"url\":\"https:\\\/\\\/ibecbarcelona.eu\\\/ca\\\/event\\\/debat-editar-la-humanitat-amb-katherine-a-high-i-salvador-macip-dins-del-marc-del-programa-ciencia-radical\\\/\",\"name\":\"Ci\u00e8ncia Radical. Debat: \\\"Editar la humanitat\\\" amb Katherine A. High i Salvador Macip - Institute for Bioengineering of Catalonia\",\"isPartOf\":{\"@id\":\"https:\\\/\\\/ibecbarcelona.eu\\\/#website\"},\"datePublished\":\"2025-03-13T08:53:48+00:00\",\"dateModified\":\"2025-03-13T14:53:13+00:00\",\"breadcrumb\":{\"@id\":\"https:\\\/\\\/ibecbarcelona.eu\\\/ca\\\/event\\\/debat-editar-la-humanitat-amb-katherine-a-high-i-salvador-macip-dins-del-marc-del-programa-ciencia-radical\\\/#breadcrumb\"},\"inLanguage\":\"ca\",\"potentialAction\":[{\"@type\":\"ReadAction\",\"target\":[\"https:\\\/\\\/ibecbarcelona.eu\\\/ca\\\/event\\\/debat-editar-la-humanitat-amb-katherine-a-high-i-salvador-macip-dins-del-marc-del-programa-ciencia-radical\\\/\"]}]},{\"@type\":\"BreadcrumbList\",\"@id\":\"https:\\\/\\\/ibecbarcelona.eu\\\/ca\\\/event\\\/debat-editar-la-humanitat-amb-katherine-a-high-i-salvador-macip-dins-del-marc-del-programa-ciencia-radical\\\/#breadcrumb\",\"itemListElement\":[{\"@type\":\"ListItem\",\"position\":1,\"name\":\"Home\",\"item\":\"https:\\\/\\\/ibecbarcelona.eu\\\/ca\\\/\"},{\"@type\":\"ListItem\",\"position\":2,\"name\":\"Eventos\",\"item\":\"https:\\\/\\\/ibecbarcelona.eu\\\/es\\\/calendar\\\/\"},{\"@type\":\"ListItem\",\"position\":3,\"name\":\"Ci\u00e8ncia Radical. Debat: &#8220;Editar la humanitat&#8221; amb Katherine A. High i Salvador Macip\"}]},{\"@type\":\"WebSite\",\"@id\":\"https:\\\/\\\/ibecbarcelona.eu\\\/#website\",\"url\":\"https:\\\/\\\/ibecbarcelona.eu\\\/\",\"name\":\"Institute for Bioengineering of Catalonia\",\"description\":\"Bioengineering Solutions for Health\",\"publisher\":{\"@id\":\"https:\\\/\\\/ibecbarcelona.eu\\\/#organization\"},\"potentialAction\":[{\"@type\":\"SearchAction\",\"target\":{\"@type\":\"EntryPoint\",\"urlTemplate\":\"https:\\\/\\\/ibecbarcelona.eu\\\/?s={search_term_string}\"},\"query-input\":{\"@type\":\"PropertyValueSpecification\",\"valueRequired\":true,\"valueName\":\"search_term_string\"}}],\"inLanguage\":\"ca\"},{\"@type\":\"Organization\",\"@id\":\"https:\\\/\\\/ibecbarcelona.eu\\\/#organization\",\"name\":\"Institute for Bioengineering of Catalonia\",\"url\":\"https:\\\/\\\/ibecbarcelona.eu\\\/\",\"logo\":{\"@type\":\"ImageObject\",\"inLanguage\":\"ca\",\"@id\":\"https:\\\/\\\/ibecbarcelona.eu\\\/#\\\/schema\\\/logo\\\/image\\\/\",\"url\":\"https:\\\/\\\/ibecbarcelona.eu\\\/wp-content\\\/uploads\\\/2026\\\/01\\\/cropped-IBEC_20ANYS_GRIS.png\",\"contentUrl\":\"https:\\\/\\\/ibecbarcelona.eu\\\/wp-content\\\/uploads\\\/2026\\\/01\\\/cropped-IBEC_20ANYS_GRIS.png\",\"width\":696,\"height\":257,\"caption\":\"Institute for Bioengineering of Catalonia\"},\"image\":{\"@id\":\"https:\\\/\\\/ibecbarcelona.eu\\\/#\\\/schema\\\/logo\\\/image\\\/\"}}]}<\/script>\n<!-- \/ Yoast SEO plugin. -->","yoast_head_json":{"title":"Ci\u00e8ncia Radical. Debat: \"Editar la humanitat\" amb Katherine A. High i Salvador Macip - Institute for Bioengineering of Catalonia","robots":{"index":"index","follow":"follow","max-snippet":"max-snippet:-1","max-image-preview":"max-image-preview:large","max-video-preview":"max-video-preview:-1"},"canonical":"https:\/\/ibecbarcelona.eu\/ca\/event\/debat-editar-la-humanitat-amb-katherine-a-high-i-salvador-macip-dins-del-marc-del-programa-ciencia-radical\/","og_locale":"ca_ES","og_type":"article","og_title":"Ci\u00e8ncia Radical. Debat: \"Editar la humanitat\" amb Katherine A. High i Salvador Macip - Institute for Bioengineering of Catalonia","og_description":"La pionera i experta mundial en ter\u00e0pia g\u00e8nica Katherine A. High i el metge i escriptor Salvador Macip reflexionen sobre el futur de la nostra esp\u00e8cie en l&#8217;era de l&#8217;edici\u00f3 ... Read more","og_url":"https:\/\/ibecbarcelona.eu\/ca\/event\/debat-editar-la-humanitat-amb-katherine-a-high-i-salvador-macip-dins-del-marc-del-programa-ciencia-radical\/","og_site_name":"Institute for Bioengineering of Catalonia","article_modified_time":"2025-03-13T14:53:13+00:00","twitter_card":"summary_large_image","twitter_misc":{"Temps estimat de lectura":"1 minut"},"schema":{"@context":"https:\/\/schema.org","@graph":[{"@type":"WebPage","@id":"https:\/\/ibecbarcelona.eu\/ca\/event\/debat-editar-la-humanitat-amb-katherine-a-high-i-salvador-macip-dins-del-marc-del-programa-ciencia-radical\/","url":"https:\/\/ibecbarcelona.eu\/ca\/event\/debat-editar-la-humanitat-amb-katherine-a-high-i-salvador-macip-dins-del-marc-del-programa-ciencia-radical\/","name":"Ci\u00e8ncia Radical. Debat: \"Editar la humanitat\" amb Katherine A. High i Salvador Macip - Institute for Bioengineering of Catalonia","isPartOf":{"@id":"https:\/\/ibecbarcelona.eu\/#website"},"datePublished":"2025-03-13T08:53:48+00:00","dateModified":"2025-03-13T14:53:13+00:00","breadcrumb":{"@id":"https:\/\/ibecbarcelona.eu\/ca\/event\/debat-editar-la-humanitat-amb-katherine-a-high-i-salvador-macip-dins-del-marc-del-programa-ciencia-radical\/#breadcrumb"},"inLanguage":"ca","potentialAction":[{"@type":"ReadAction","target":["https:\/\/ibecbarcelona.eu\/ca\/event\/debat-editar-la-humanitat-amb-katherine-a-high-i-salvador-macip-dins-del-marc-del-programa-ciencia-radical\/"]}]},{"@type":"BreadcrumbList","@id":"https:\/\/ibecbarcelona.eu\/ca\/event\/debat-editar-la-humanitat-amb-katherine-a-high-i-salvador-macip-dins-del-marc-del-programa-ciencia-radical\/#breadcrumb","itemListElement":[{"@type":"ListItem","position":1,"name":"Home","item":"https:\/\/ibecbarcelona.eu\/ca\/"},{"@type":"ListItem","position":2,"name":"Eventos","item":"https:\/\/ibecbarcelona.eu\/es\/calendar\/"},{"@type":"ListItem","position":3,"name":"Ci\u00e8ncia Radical. Debat: &#8220;Editar la humanitat&#8221; amb Katherine A. High i Salvador Macip"}]},{"@type":"WebSite","@id":"https:\/\/ibecbarcelona.eu\/#website","url":"https:\/\/ibecbarcelona.eu\/","name":"Institute for Bioengineering of Catalonia","description":"Bioengineering Solutions for Health","publisher":{"@id":"https:\/\/ibecbarcelona.eu\/#organization"},"potentialAction":[{"@type":"SearchAction","target":{"@type":"EntryPoint","urlTemplate":"https:\/\/ibecbarcelona.eu\/?s={search_term_string}"},"query-input":{"@type":"PropertyValueSpecification","valueRequired":true,"valueName":"search_term_string"}}],"inLanguage":"ca"},{"@type":"Organization","@id":"https:\/\/ibecbarcelona.eu\/#organization","name":"Institute for Bioengineering of Catalonia","url":"https:\/\/ibecbarcelona.eu\/","logo":{"@type":"ImageObject","inLanguage":"ca","@id":"https:\/\/ibecbarcelona.eu\/#\/schema\/logo\/image\/","url":"https:\/\/ibecbarcelona.eu\/wp-content\/uploads\/2026\/01\/cropped-IBEC_20ANYS_GRIS.png","contentUrl":"https:\/\/ibecbarcelona.eu\/wp-content\/uploads\/2026\/01\/cropped-IBEC_20ANYS_GRIS.png","width":696,"height":257,"caption":"Institute for Bioengineering of Catalonia"},"image":{"@id":"https:\/\/ibecbarcelona.eu\/#\/schema\/logo\/image\/"}}]}},"AFP_featured_media_urls":{"full":false,"thumbnail":false,"medium":false,"medium_large":false,"large":false},"AFP_attachments":[],"AFP_videos":[],"AFP_video_blocks":"","AFP_category_names":[],"_links":{"self":[{"href":"https:\/\/ibecbarcelona.eu\/ca\/wp-json\/wp\/v2\/tribe_events\/124736","targetHints":{"allow":["GET"]}}],"collection":[{"href":"https:\/\/ibecbarcelona.eu\/ca\/wp-json\/wp\/v2\/tribe_events"}],"about":[{"href":"https:\/\/ibecbarcelona.eu\/ca\/wp-json\/wp\/v2\/types\/tribe_events"}],"author":[{"embeddable":true,"href":"https:\/\/ibecbarcelona.eu\/ca\/wp-json\/wp\/v2\/users\/54"}],"version-history":[{"count":4,"href":"https:\/\/ibecbarcelona.eu\/ca\/wp-json\/wp\/v2\/tribe_events\/124736\/revisions"}],"predecessor-version":[{"id":124784,"href":"https:\/\/ibecbarcelona.eu\/ca\/wp-json\/wp\/v2\/tribe_events\/124736\/revisions\/124784"}],"wp:attachment":[{"href":"https:\/\/ibecbarcelona.eu\/ca\/wp-json\/wp\/v2\/media?parent=124736"}],"wp:term":[{"taxonomy":"post_tag","embeddable":true,"href":"https:\/\/ibecbarcelona.eu\/ca\/wp-json\/wp\/v2\/tags?post=124736"},{"taxonomy":"tribe_events_cat","embeddable":true,"href":"https:\/\/ibecbarcelona.eu\/ca\/wp-json\/wp\/v2\/tribe_events_cat?post=124736"}],"curies":[{"name":"wp","href":"https:\/\/api.w.org\/{rel}","templated":true}]}}