
{"id":113694,"date":"2023-12-29T10:49:20","date_gmt":"2023-12-29T09:49:20","guid":{"rendered":"https:\/\/ibecbarcelona.eu\/sociedad-y-ciencia\/imab-involucrando-a-la-comunidad-de-mayores-en-los-avances-en-bioingenieria-para-la-salud-y-el-envejecimiento-saludable\/"},"modified":"2024-07-17T13:52:12","modified_gmt":"2024-07-17T11:52:12","slug":"imab-involucrando-a-la-comunidad-de-mayores-en-los-avances-en-bioingenieria-para-la-salud-y-el-envejecimiento-saludable","status":"publish","type":"page","link":"https:\/\/ibecbarcelona.eu\/es\/sociedad-y-ciencia\/imab-involucrando-a-la-comunidad-de-mayores-en-los-avances-en-bioingenieria\/","title":{"rendered":"IMAB: Involucrando a la Comunidad de Mayores en los Avances en Bioingenier\u00eda para la salud y el envejecimiento saludable"},"content":{"rendered":"\n<h4 class=\"wp-block-heading\">El proyecto IMAB financiado por la FECYT pretende involucrar a la poblaci\u00f3n mayor de 65 a\u00f1os para que conozcan, comprendan y opinen sobre las \u00faltimas investigaciones en Bioingenier\u00eda para el envejecimiento activo. Invitamos a esta parte de la poblaci\u00f3n a que participe en actividades de investigaci\u00f3n cient\u00edfica, preparando talleres espec\u00edficos para ellos.<\/h4>\n\n\n\n<p>La ingenier\u00eda de \u00f3rganos y tejidos constituye una faceta fundamental de la medicina regenerativa, orientada a abordar y sanar enfermedades mediante la reparaci\u00f3n y regeneraci\u00f3n de \u00f3rganos y tejidos afectados. Esta disciplina emplea tanto c\u00e9lulas como materiales sint\u00e9ticos con el prop\u00f3sito de sustituir o restaurar las estructuras da\u00f1adas. Al mismo tiempo, es imperativo destacar que las terapias asociadas a esta rama de la medicina presentan consideraciones \u00e9ticas y desaf\u00edos en t\u00e9rminos de aceptaci\u00f3n social que no deben pasarse por alto.<\/p>\n\n\n\n<div class=\"wp-block-columns is-layout-flex wp-container-core-columns-is-layout-9d6595d7 wp-block-columns-is-layout-flex\">\n<div class=\"wp-block-column is-layout-flow wp-block-column-is-layout-flow\">\n<div class=\"wp-block-columns is-layout-flex wp-container-core-columns-is-layout-9d6595d7 wp-block-columns-is-layout-flex\">\n<div class=\"wp-block-column is-layout-flow wp-block-column-is-layout-flow\">\n<figure class=\"wp-block-gallery has-nested-images columns-default is-cropped wp-block-gallery-1 is-layout-flex wp-block-gallery-is-layout-flex\">\n<figure class=\"wp-block-image size-large\"><img decoding=\"async\" width=\"1024\" height=\"683\" data-id=\"118881\" data-src=\"https:\/\/ibecbarcelona.eu\/wp-content\/uploads\/2024\/06\/0M0A9594-1-1024x683.jpg\" alt=\"\" class=\"wp-image-118881 lazyload\" data-srcset=\"https:\/\/ibecbarcelona.eu\/wp-content\/uploads\/2024\/06\/0M0A9594-1-1024x683.jpg 1024w, https:\/\/ibecbarcelona.eu\/wp-content\/uploads\/2024\/06\/0M0A9594-1-300x200.jpg 300w, https:\/\/ibecbarcelona.eu\/wp-content\/uploads\/2024\/06\/0M0A9594-1-768x512.jpg 768w, https:\/\/ibecbarcelona.eu\/wp-content\/uploads\/2024\/06\/0M0A9594-1-1536x1024.jpg 1536w, https:\/\/ibecbarcelona.eu\/wp-content\/uploads\/2024\/06\/0M0A9594-1-2048x1365.jpg 2048w, https:\/\/ibecbarcelona.eu\/wp-content\/uploads\/2024\/06\/0M0A9594-1-1200x800.jpg 1200w, https:\/\/ibecbarcelona.eu\/wp-content\/uploads\/2024\/06\/0M0A9594-1-600x400.jpg 600w\" data-sizes=\"(max-width: 1024px) 100vw, 1024px\" src=\"data:image\/svg+xml;base64,PHN2ZyB3aWR0aD0iMSIgaGVpZ2h0PSIxIiB4bWxucz0iaHR0cDovL3d3dy53My5vcmcvMjAwMC9zdmciPjwvc3ZnPg==\" style=\"--smush-placeholder-width: 1024px; --smush-placeholder-aspect-ratio: 1024\/683;\" \/><\/figure>\n<\/figure>\n<\/div>\n\n\n\n<div class=\"wp-block-column is-layout-flow wp-block-column-is-layout-flow\">\n<figure class=\"wp-block-gallery has-nested-images columns-default is-cropped wp-block-gallery-2 is-layout-flex wp-block-gallery-is-layout-flex\">\n<figure class=\"wp-block-image size-large\"><img decoding=\"async\" width=\"1024\" height=\"683\" data-id=\"118884\" data-src=\"https:\/\/ibecbarcelona.eu\/wp-content\/uploads\/2024\/06\/2e35b809-b36e-4e88-aeec-549330b8895e-1-1024x683.jpg\" alt=\"\" class=\"wp-image-118884 lazyload\" data-srcset=\"https:\/\/ibecbarcelona.eu\/wp-content\/uploads\/2024\/06\/2e35b809-b36e-4e88-aeec-549330b8895e-1-1024x683.jpg 1024w, https:\/\/ibecbarcelona.eu\/wp-content\/uploads\/2024\/06\/2e35b809-b36e-4e88-aeec-549330b8895e-1-300x200.jpg 300w, https:\/\/ibecbarcelona.eu\/wp-content\/uploads\/2024\/06\/2e35b809-b36e-4e88-aeec-549330b8895e-1-768x512.jpg 768w, https:\/\/ibecbarcelona.eu\/wp-content\/uploads\/2024\/06\/2e35b809-b36e-4e88-aeec-549330b8895e-1-1536x1024.jpg 1536w, https:\/\/ibecbarcelona.eu\/wp-content\/uploads\/2024\/06\/2e35b809-b36e-4e88-aeec-549330b8895e-1-2048x1366.jpg 2048w, https:\/\/ibecbarcelona.eu\/wp-content\/uploads\/2024\/06\/2e35b809-b36e-4e88-aeec-549330b8895e-1-1200x800.jpg 1200w, https:\/\/ibecbarcelona.eu\/wp-content\/uploads\/2024\/06\/2e35b809-b36e-4e88-aeec-549330b8895e-1-600x400.jpg 600w\" data-sizes=\"(max-width: 1024px) 100vw, 1024px\" src=\"data:image\/svg+xml;base64,PHN2ZyB3aWR0aD0iMSIgaGVpZ2h0PSIxIiB4bWxucz0iaHR0cDovL3d3dy53My5vcmcvMjAwMC9zdmciPjwvc3ZnPg==\" style=\"--smush-placeholder-width: 1024px; --smush-placeholder-aspect-ratio: 1024\/683;\" \/><\/figure>\n<\/figure>\n<\/div>\n<\/div>\n<\/div>\n<\/div>\n\n\n\n<p><em>\u00bfSer\u00edamos receptivos a la idea de recibir un \u00f3rgano sint\u00e9tico en lugar de uno natural? \u00bfCu\u00e1l ser\u00eda tu perspectiva si tus propias c\u00e9lulas fueran utilizadas para la generaci\u00f3n de nuevos tejidos y posterior trasplante en otras personas? En relaci\u00f3n con este tema, \u00bfc\u00f3mo deber\u00edan configurarse las leyes para salvaguardar de manera efectiva el consentimiento y la propiedad intelectual de los pacientes? Por \u00faltimo, \u00bfcu\u00e1l es tu opini\u00f3n sobre el uso de c\u00e9lulas embrionarias en estos contextos?<\/em><\/p>\n\n\n\n<div class=\"wp-block-columns is-layout-flex wp-container-core-columns-is-layout-9d6595d7 wp-block-columns-is-layout-flex\">\n<div class=\"wp-block-column is-layout-flow wp-block-column-is-layout-flow\" style=\"flex-basis:33.33%\">\n<figure class=\"wp-block-image size-full\"><img decoding=\"async\" width=\"331\" height=\"468\" data-src=\"https:\/\/ibecbarcelona.eu\/wp-content\/uploads\/2024\/02\/imab_ibec.png\" alt=\"\" class=\"wp-image-115491 lazyload\" data-srcset=\"https:\/\/ibecbarcelona.eu\/wp-content\/uploads\/2024\/02\/imab_ibec.png 331w, https:\/\/ibecbarcelona.eu\/wp-content\/uploads\/2024\/02\/imab_ibec-212x300.png 212w\" data-sizes=\"(max-width: 331px) 100vw, 331px\" src=\"data:image\/svg+xml;base64,PHN2ZyB3aWR0aD0iMSIgaGVpZ2h0PSIxIiB4bWxucz0iaHR0cDovL3d3dy53My5vcmcvMjAwMC9zdmciPjwvc3ZnPg==\" style=\"--smush-placeholder-width: 331px; --smush-placeholder-aspect-ratio: 331\/468;\" \/><\/figure>\n<\/div>\n\n\n\n<div class=\"wp-block-column is-layout-flow wp-block-column-is-layout-flow\" style=\"flex-basis:66.66%\">\n<p>Con el prop\u00f3sito de disminuir las extensas listas de espera para trasplantes y mitigar los problemas de incompatibilidad entre \u00f3rganos donados y receptores, diversos grupos de investigaci\u00f3n est\u00e1n dedicados actualmente a la innovadora \u00e1rea de la bioimpresi\u00f3n. De hecho, en el IBEC nos enfocamos en investigaciones relacionadas con distintos tipos de tejidos, tales como el card\u00edaco, muscular e intestinal, con el objetivo de avanzar en el desarrollo de soluciones viables y efectivas.<\/p>\n\n\n\n<p>Con este proyecto, nos hemos propuesto facilitar el acceso a los \u00faltimos avances en bioingenier\u00eda aplicada a la salud que estamos desarrollando en el IBEC, entre ellos, la impresi\u00f3n de \u00f3rganos y tejidos. A trav\u00e9s de la creaci\u00f3n de espacios formativos y reflexivos, y la adaptaci\u00f3n de recursos seg\u00fan las necesidades individuales, pretendemos no solo compartir conocimientos, sino tambi\u00e9n generar un di\u00e1logo significativo.<\/p>\n\n\n\n<p><\/p>\n<\/div>\n<\/div>\n\n\n<div class=\"responsive-tabs\">\n<h2 class=\"tabtitle\">RECURSOS EDUCATIVOS EN ABIERTO<\/h2>\n<div class=\"tabcontent\">\n\n\n\n\n<p><\/p>\n\n\n\n<div class=\"wp-block-columns is-layout-flex wp-container-core-columns-is-layout-9d6595d7 wp-block-columns-is-layout-flex\">\n<div class=\"wp-block-column is-layout-flow wp-block-column-is-layout-flow\" style=\"flex-basis:400px\"><div class=\"wp-block-image\">\n<figure class=\"alignleft size-large is-resized\"><a href=\"https:\/\/ibecbarcelona.eu\/wp-content\/uploads\/2024\/06\/Presentacion_IMAB_cas.pptx\" target=\"_blank\" rel=\"noreferrer noopener\"><img decoding=\"async\" width=\"1024\" height=\"557\" data-src=\"https:\/\/ibecbarcelona.eu\/wp-content\/uploads\/2024\/06\/imab_projecte-1024x557.png\" alt=\"\" class=\"wp-image-118830 lazyload\" style=\"--smush-placeholder-width: 1024px; --smush-placeholder-aspect-ratio: 1024\/557;width:400px\" data-srcset=\"https:\/\/ibecbarcelona.eu\/wp-content\/uploads\/2024\/06\/imab_projecte-1024x557.png 1024w, https:\/\/ibecbarcelona.eu\/wp-content\/uploads\/2024\/06\/imab_projecte-300x163.png 300w, https:\/\/ibecbarcelona.eu\/wp-content\/uploads\/2024\/06\/imab_projecte-768x418.png 768w, https:\/\/ibecbarcelona.eu\/wp-content\/uploads\/2024\/06\/imab_projecte-1536x836.png 1536w, https:\/\/ibecbarcelona.eu\/wp-content\/uploads\/2024\/06\/imab_projecte.png 1903w\" data-sizes=\"(max-width: 1024px) 100vw, 1024px\" src=\"data:image\/svg+xml;base64,PHN2ZyB3aWR0aD0iMSIgaGVpZ2h0PSIxIiB4bWxucz0iaHR0cDovL3d3dy53My5vcmcvMjAwMC9zdmciPjwvc3ZnPg==\" \/><\/a><\/figure><\/div><\/div>\n\n\n\n<div class=\"wp-block-column is-layout-flow wp-block-column-is-layout-flow\">\n<p>Debido a nuestro compromiso en el IBEC con la ciencia abierta, compartimos los recursos de divulgaci\u00f3n utilizados en este proyecto para todo aquel que quiera consultarlo.<\/p>\n\n\n\n<p>Haz clic en la imagen si quieres descargar la presentaci\u00f3n de la actividad.<\/p>\n\n\n\n<p>El material de la actividad est\u00e1 formado por:<\/p>\n\n\n\n<p>&#8211; Presentaci\u00f3n de la charla (puedes descargarla haciendo clic en la imagen).<\/p>\n\n\n\n<p>&#8211; <a href=\"https:\/\/ibecbarcelona.eu\/wp-content\/uploads\/2024\/07\/Guion-taller-IMAB-CAS.pdf\">Gui\u00f3n de la charla. <\/a><\/p>\n\n\n\n<p>&#8211; Casos pacientes ficticios y preguntas para generar debate con los participantes (los encontrar\u00e1 al final de la presentaci\u00f3n).<\/p>\n<\/div>\n<\/div>\n\n\n\n<p>Al final de la charla, antes del debate, mostramos un v\u00eddeo para terminar de reforzar los conceptos explicados. Para complementar la explicaci\u00f3n de la charla puedes utilizar este v\u00eddeo:<\/p>\n\n\n\n<figure class=\"wp-block-embed is-type-video is-provider-youtube wp-block-embed-youtube wp-embed-aspect-16-9 wp-has-aspect-ratio\"><div class=\"wp-block-embed__wrapper\">\n<iframe title=\"Bioimpressi\u00f3 d&#039;\u00f2rgans i teixits al laboratori (m\u00fascul esquel\u00e8tic i intest\u00ed)\" width=\"1200\" height=\"675\" data-src=\"https:\/\/www.youtube.com\/embed\/98nDhpZp2R0?feature=oembed\" frameborder=\"0\" allow=\"accelerometer; autoplay; clipboard-write; encrypted-media; gyroscope; picture-in-picture; web-share\" referrerpolicy=\"strict-origin-when-cross-origin\" allowfullscreen src=\"data:image\/svg+xml;base64,PHN2ZyB3aWR0aD0iMSIgaGVpZ2h0PSIxIiB4bWxucz0iaHR0cDovL3d3dy53My5vcmcvMjAwMC9zdmciPjwvc3ZnPg==\" class=\"lazyload\" data-load-mode=\"1\"><\/iframe>\n<\/div><\/figure>\n\n\n\n<p><\/p>\n\n\n\n<p><\/p>\n\n\n\n<\/div><h2 class=\"tabtitle\">RESULTADOS PROYECTO IMAB<\/h2>\n<div class=\"tabcontent\">\n\n\n\n\n<p>Uno de los objetivos del proyecto era compartir los resultados con la comunidad cient\u00edfica, brind\u00e1ndoles la oportunidad de conocer las opiniones y perspectivas de la ciudadan\u00eda en relaci\u00f3n a estos avances.<\/p>\n\n\n\n<figure class=\"wp-block-image size-full\"><img decoding=\"async\" width=\"800\" height=\"2000\" data-src=\"https:\/\/ibecbarcelona.eu\/wp-content\/uploads\/2024\/06\/Infografia-projecte-IMAB-CAS-1.jpg\" alt=\"\" class=\"wp-image-118949 lazyload\" data-srcset=\"https:\/\/ibecbarcelona.eu\/wp-content\/uploads\/2024\/06\/Infografia-projecte-IMAB-CAS-1.jpg 800w, https:\/\/ibecbarcelona.eu\/wp-content\/uploads\/2024\/06\/Infografia-projecte-IMAB-CAS-1-120x300.jpg 120w, https:\/\/ibecbarcelona.eu\/wp-content\/uploads\/2024\/06\/Infografia-projecte-IMAB-CAS-1-410x1024.jpg 410w, https:\/\/ibecbarcelona.eu\/wp-content\/uploads\/2024\/06\/Infografia-projecte-IMAB-CAS-1-768x1920.jpg 768w, https:\/\/ibecbarcelona.eu\/wp-content\/uploads\/2024\/06\/Infografia-projecte-IMAB-CAS-1-614x1536.jpg 614w\" data-sizes=\"(max-width: 800px) 100vw, 800px\" src=\"data:image\/svg+xml;base64,PHN2ZyB3aWR0aD0iMSIgaGVpZ2h0PSIxIiB4bWxucz0iaHR0cDovL3d3dy53My5vcmcvMjAwMC9zdmciPjwvc3ZnPg==\" style=\"--smush-placeholder-width: 800px; --smush-placeholder-aspect-ratio: 800\/2000;\" \/><\/figure>\n\n\n\n<p>Si quieres consultar la versi\u00f3n ampliada de los resultados: <a href=\"https:\/\/ibecbarcelona.eu\/wp-content\/uploads\/2024\/06\/Informe-resultados-proyecto-IMAB.pdf\" target=\"_blank\" rel=\"noreferrer noopener\">Informe resultados proyecto IMAB<\/a><\/p>\n\n\n\n<p><\/p>\n\n\n<\/div><\/div>\n\n\n\n<p><\/p>\n\n\n\n<p>A continuaci\u00f3n, compartimos un v\u00eddeo resumen del proyecto con los testimonios de algunos de los participantes e investigadores:<\/p>\n\n\n\n<figure class=\"wp-block-embed is-type-video is-provider-youtube wp-block-embed-youtube wp-embed-aspect-16-9 wp-has-aspect-ratio\"><div class=\"wp-block-embed__wrapper\">\n<iframe title=\"Projecte IMAB: resum i testimonis\" width=\"1200\" height=\"675\" data-src=\"https:\/\/www.youtube.com\/embed\/R7ZuMLkQdLg?start=40&#038;feature=oembed\" frameborder=\"0\" allow=\"accelerometer; autoplay; clipboard-write; encrypted-media; gyroscope; picture-in-picture; web-share\" referrerpolicy=\"strict-origin-when-cross-origin\" allowfullscreen src=\"data:image\/svg+xml;base64,PHN2ZyB3aWR0aD0iMSIgaGVpZ2h0PSIxIiB4bWxucz0iaHR0cDovL3d3dy53My5vcmcvMjAwMC9zdmciPjwvc3ZnPg==\" class=\"lazyload\" data-load-mode=\"1\"><\/iframe>\n<\/div><\/figure>\n\n\n\n<div style=\"height:80px\" aria-hidden=\"true\" class=\"wp-block-spacer\"><\/div>\n\n\n\n<p><br>Desde el IBEC, nos desplazamos hasta tu centro para llevar a cabo la actividad. Si est\u00e1s interesado, no dudes en ponerte en contacto con nosotros escribiendo a <a href=\"mailto:eduscience@ibecbarcelona.eu\">eduscience@ibecbarcelona.eu<\/a><\/p>\n\n\n\n<hr class=\"wp-block-separator has-alpha-channel-opacity\"\/>\n\n\n\n<p>Con la colaboraci\u00f3n de la Fundaci\u00f3n Espa\u00f1ola para la Ciencia y la Tecnolog\u00eda &#8211; Ministerio de Ciencia, Innovaci\u00f3n y Universidades.<\/p>\n\n\n\n<div class=\"wp-block-columns is-layout-flex wp-container-core-columns-is-layout-9d6595d7 wp-block-columns-is-layout-flex\">\n<div class=\"wp-block-column is-layout-flow wp-block-column-is-layout-flow\">\n<figure class=\"wp-block-image size-full is-resized\"><img decoding=\"async\" width=\"800\" height=\"130\" data-src=\"https:\/\/ibecbarcelona.eu\/wp-content\/uploads\/2023\/12\/logo-gobierno-fecyt-bandera.jpg\" alt=\"\" class=\"wp-image-113689 lazyload\" style=\"--smush-placeholder-width: 800px; --smush-placeholder-aspect-ratio: 800\/130;width:500px\" data-srcset=\"https:\/\/ibecbarcelona.eu\/wp-content\/uploads\/2023\/12\/logo-gobierno-fecyt-bandera.jpg 800w, https:\/\/ibecbarcelona.eu\/wp-content\/uploads\/2023\/12\/logo-gobierno-fecyt-bandera-300x49.jpg 300w, https:\/\/ibecbarcelona.eu\/wp-content\/uploads\/2023\/12\/logo-gobierno-fecyt-bandera-768x125.jpg 768w\" data-sizes=\"(max-width: 800px) 100vw, 800px\" src=\"data:image\/svg+xml;base64,PHN2ZyB3aWR0aD0iMSIgaGVpZ2h0PSIxIiB4bWxucz0iaHR0cDovL3d3dy53My5vcmcvMjAwMC9zdmciPjwvc3ZnPg==\" \/><\/figure>\n<\/div>\n\n\n\n<div class=\"wp-block-column is-layout-flow wp-block-column-is-layout-flow\"><\/div>\n<\/div>\n","protected":false},"excerpt":{"rendered":"<p>El proyecto IMAB financiado por la FECYT pretende involucrar a la poblaci\u00f3n mayor de 65 a\u00f1os para que conozcan, comprendan y opinen sobre las \u00faltimas investigaciones en Bioingenier\u00eda para el &#8230; <a title=\"IMAB: Involucrando a la Comunidad de Mayores en los Avances en Bioingenier\u00eda para la salud y el envejecimiento saludable\" class=\"read-more\" href=\"https:\/\/ibecbarcelona.eu\/es\/sociedad-y-ciencia\/imab-involucrando-a-la-comunidad-de-mayores-en-los-avances-en-bioingenieria\/\" aria-label=\"More on IMAB: Involucrando a la Comunidad de Mayores en los Avances en Bioingenier\u00eda para la salud y el envejecimiento saludable\">Read more<\/a><\/p>\n","protected":false},"author":4,"featured_media":113720,"parent":17489,"menu_order":0,"comment_status":"closed","ping_status":"closed","template":"","meta":{"footnotes":""},"tags":[],"class_list":["post-113694","page","type-page","status-publish","has-post-thumbnail"],"yoast_head":"<!-- This site is optimized with the Yoast SEO plugin v27.5 - https:\/\/yoast.com\/product\/yoast-seo-wordpress\/ -->\n<title>IMAB: Involucrando a la Comunidad de Mayores en los Avances en Bioingenier\u00eda para la salud y el envejecimiento saludable - Institute for Bioengineering of Catalonia<\/title>\n<meta name=\"robots\" content=\"index, follow, max-snippet:-1, max-image-preview:large, max-video-preview:-1\" \/>\n<link rel=\"canonical\" href=\"https:\/\/ibecbarcelona.eu\/es\/sociedad-y-ciencia\/imab-involucrando-a-la-comunidad-de-mayores-en-los-avances-en-bioingenieria\/\" \/>\n<meta property=\"og:locale\" content=\"es_ES\" \/>\n<meta property=\"og:type\" content=\"article\" \/>\n<meta property=\"og:title\" content=\"IMAB: Involucrando a la Comunidad de Mayores en los Avances en Bioingenier\u00eda para la salud y el envejecimiento saludable - Institute for Bioengineering of Catalonia\" \/>\n<meta property=\"og:description\" content=\"El proyecto IMAB financiado por la FECYT pretende involucrar a la poblaci\u00f3n mayor de 65 a\u00f1os para que conozcan, comprendan y opinen sobre las \u00faltimas investigaciones en Bioingenier\u00eda para el ... Read more\" \/>\n<meta property=\"og:url\" content=\"https:\/\/ibecbarcelona.eu\/es\/sociedad-y-ciencia\/imab-involucrando-a-la-comunidad-de-mayores-en-los-avances-en-bioingenieria\/\" \/>\n<meta property=\"og:site_name\" content=\"Institute for Bioengineering of Catalonia\" \/>\n<meta property=\"article:modified_time\" content=\"2024-07-17T11:52:12+00:00\" \/>\n<meta property=\"og:image\" content=\"https:\/\/ibecbarcelona.eu\/wp-content\/uploads\/2023\/12\/imab_banner-scaled.jpg\" \/>\n\t<meta property=\"og:image:width\" content=\"2560\" \/>\n\t<meta property=\"og:image:height\" content=\"1129\" \/>\n\t<meta property=\"og:image:type\" content=\"image\/jpeg\" \/>\n<meta name=\"twitter:card\" content=\"summary_large_image\" \/>\n<meta name=\"twitter:label1\" content=\"Tiempo de lectura\" \/>\n\t<meta name=\"twitter:data1\" content=\"4 minutos\" \/>\n<script type=\"application\/ld+json\" class=\"yoast-schema-graph\">{\"@context\":\"https:\\\/\\\/schema.org\",\"@graph\":[{\"@type\":\"WebPage\",\"@id\":\"https:\\\/\\\/ibecbarcelona.eu\\\/es\\\/sociedad-y-ciencia\\\/imab-involucrando-a-la-comunidad-de-mayores-en-los-avances-en-bioingenieria\\\/\",\"url\":\"https:\\\/\\\/ibecbarcelona.eu\\\/es\\\/sociedad-y-ciencia\\\/imab-involucrando-a-la-comunidad-de-mayores-en-los-avances-en-bioingenieria\\\/\",\"name\":\"IMAB: Involucrando a la Comunidad de Mayores en los Avances en Bioingenier\u00eda para la salud y el envejecimiento saludable - Institute for Bioengineering of Catalonia\",\"isPartOf\":{\"@id\":\"https:\\\/\\\/ibecbarcelona.eu\\\/#website\"},\"primaryImageOfPage\":{\"@id\":\"https:\\\/\\\/ibecbarcelona.eu\\\/es\\\/sociedad-y-ciencia\\\/imab-involucrando-a-la-comunidad-de-mayores-en-los-avances-en-bioingenieria\\\/#primaryimage\"},\"image\":{\"@id\":\"https:\\\/\\\/ibecbarcelona.eu\\\/es\\\/sociedad-y-ciencia\\\/imab-involucrando-a-la-comunidad-de-mayores-en-los-avances-en-bioingenieria\\\/#primaryimage\"},\"thumbnailUrl\":\"https:\\\/\\\/ibecbarcelona.eu\\\/wp-content\\\/uploads\\\/2023\\\/12\\\/imab_banner-scaled.jpg\",\"datePublished\":\"2023-12-29T09:49:20+00:00\",\"dateModified\":\"2024-07-17T11:52:12+00:00\",\"breadcrumb\":{\"@id\":\"https:\\\/\\\/ibecbarcelona.eu\\\/es\\\/sociedad-y-ciencia\\\/imab-involucrando-a-la-comunidad-de-mayores-en-los-avances-en-bioingenieria\\\/#breadcrumb\"},\"inLanguage\":\"es\",\"potentialAction\":[{\"@type\":\"ReadAction\",\"target\":[\"https:\\\/\\\/ibecbarcelona.eu\\\/es\\\/sociedad-y-ciencia\\\/imab-involucrando-a-la-comunidad-de-mayores-en-los-avances-en-bioingenieria\\\/\"]}]},{\"@type\":\"ImageObject\",\"inLanguage\":\"es\",\"@id\":\"https:\\\/\\\/ibecbarcelona.eu\\\/es\\\/sociedad-y-ciencia\\\/imab-involucrando-a-la-comunidad-de-mayores-en-los-avances-en-bioingenieria\\\/#primaryimage\",\"url\":\"https:\\\/\\\/ibecbarcelona.eu\\\/wp-content\\\/uploads\\\/2023\\\/12\\\/imab_banner-scaled.jpg\",\"contentUrl\":\"https:\\\/\\\/ibecbarcelona.eu\\\/wp-content\\\/uploads\\\/2023\\\/12\\\/imab_banner-scaled.jpg\",\"width\":2560,\"height\":1129},{\"@type\":\"BreadcrumbList\",\"@id\":\"https:\\\/\\\/ibecbarcelona.eu\\\/es\\\/sociedad-y-ciencia\\\/imab-involucrando-a-la-comunidad-de-mayores-en-los-avances-en-bioingenieria\\\/#breadcrumb\",\"itemListElement\":[{\"@type\":\"ListItem\",\"position\":1,\"name\":\"Home\",\"item\":\"https:\\\/\\\/ibecbarcelona.eu\\\/es\\\/\"},{\"@type\":\"ListItem\",\"position\":2,\"name\":\"Sociedad y Ciencia\",\"item\":\"https:\\\/\\\/ibecbarcelona.eu\\\/es\\\/sociedad-y-ciencia\\\/\"},{\"@type\":\"ListItem\",\"position\":3,\"name\":\"IMAB: Involucrando a la Comunidad de Mayores en los Avances en Bioingenier\u00eda para la salud y el envejecimiento saludable\"}]},{\"@type\":\"WebSite\",\"@id\":\"https:\\\/\\\/ibecbarcelona.eu\\\/#website\",\"url\":\"https:\\\/\\\/ibecbarcelona.eu\\\/\",\"name\":\"Institute for Bioengineering of Catalonia\",\"description\":\"Bioengineering solutions for health\",\"publisher\":{\"@id\":\"https:\\\/\\\/ibecbarcelona.eu\\\/#organization\"},\"potentialAction\":[{\"@type\":\"SearchAction\",\"target\":{\"@type\":\"EntryPoint\",\"urlTemplate\":\"https:\\\/\\\/ibecbarcelona.eu\\\/?s={search_term_string}\"},\"query-input\":{\"@type\":\"PropertyValueSpecification\",\"valueRequired\":true,\"valueName\":\"search_term_string\"}}],\"inLanguage\":\"es\"},{\"@type\":\"Organization\",\"@id\":\"https:\\\/\\\/ibecbarcelona.eu\\\/#organization\",\"name\":\"Institute for Bioengineering of Catalonia\",\"url\":\"https:\\\/\\\/ibecbarcelona.eu\\\/\",\"logo\":{\"@type\":\"ImageObject\",\"inLanguage\":\"es\",\"@id\":\"https:\\\/\\\/ibecbarcelona.eu\\\/#\\\/schema\\\/logo\\\/image\\\/\",\"url\":\"https:\\\/\\\/ibecbarcelona.eu\\\/wp-content\\\/uploads\\\/2026\\\/01\\\/cropped-IBEC_20ANYS_GRIS.png\",\"contentUrl\":\"https:\\\/\\\/ibecbarcelona.eu\\\/wp-content\\\/uploads\\\/2026\\\/01\\\/cropped-IBEC_20ANYS_GRIS.png\",\"width\":696,\"height\":257,\"caption\":\"Institute for Bioengineering of Catalonia\"},\"image\":{\"@id\":\"https:\\\/\\\/ibecbarcelona.eu\\\/#\\\/schema\\\/logo\\\/image\\\/\"}}]}<\/script>\n<!-- \/ Yoast SEO plugin. -->","yoast_head_json":{"title":"IMAB: Involucrando a la Comunidad de Mayores en los Avances en Bioingenier\u00eda para la salud y el envejecimiento saludable - Institute for Bioengineering of Catalonia","robots":{"index":"index","follow":"follow","max-snippet":"max-snippet:-1","max-image-preview":"max-image-preview:large","max-video-preview":"max-video-preview:-1"},"canonical":"https:\/\/ibecbarcelona.eu\/es\/sociedad-y-ciencia\/imab-involucrando-a-la-comunidad-de-mayores-en-los-avances-en-bioingenieria\/","og_locale":"es_ES","og_type":"article","og_title":"IMAB: Involucrando a la Comunidad de Mayores en los Avances en Bioingenier\u00eda para la salud y el envejecimiento saludable - Institute for Bioengineering of Catalonia","og_description":"El proyecto IMAB financiado por la FECYT pretende involucrar a la poblaci\u00f3n mayor de 65 a\u00f1os para que conozcan, comprendan y opinen sobre las \u00faltimas investigaciones en Bioingenier\u00eda para el ... Read more","og_url":"https:\/\/ibecbarcelona.eu\/es\/sociedad-y-ciencia\/imab-involucrando-a-la-comunidad-de-mayores-en-los-avances-en-bioingenieria\/","og_site_name":"Institute for Bioengineering of Catalonia","article_modified_time":"2024-07-17T11:52:12+00:00","og_image":[{"width":2560,"height":1129,"url":"https:\/\/ibecbarcelona.eu\/wp-content\/uploads\/2023\/12\/imab_banner-scaled.jpg","type":"image\/jpeg"}],"twitter_card":"summary_large_image","twitter_misc":{"Tiempo de lectura":"4 minutos"},"schema":{"@context":"https:\/\/schema.org","@graph":[{"@type":"WebPage","@id":"https:\/\/ibecbarcelona.eu\/es\/sociedad-y-ciencia\/imab-involucrando-a-la-comunidad-de-mayores-en-los-avances-en-bioingenieria\/","url":"https:\/\/ibecbarcelona.eu\/es\/sociedad-y-ciencia\/imab-involucrando-a-la-comunidad-de-mayores-en-los-avances-en-bioingenieria\/","name":"IMAB: Involucrando a la Comunidad de Mayores en los Avances en Bioingenier\u00eda para la salud y el envejecimiento saludable - Institute for Bioengineering of Catalonia","isPartOf":{"@id":"https:\/\/ibecbarcelona.eu\/#website"},"primaryImageOfPage":{"@id":"https:\/\/ibecbarcelona.eu\/es\/sociedad-y-ciencia\/imab-involucrando-a-la-comunidad-de-mayores-en-los-avances-en-bioingenieria\/#primaryimage"},"image":{"@id":"https:\/\/ibecbarcelona.eu\/es\/sociedad-y-ciencia\/imab-involucrando-a-la-comunidad-de-mayores-en-los-avances-en-bioingenieria\/#primaryimage"},"thumbnailUrl":"https:\/\/ibecbarcelona.eu\/wp-content\/uploads\/2023\/12\/imab_banner-scaled.jpg","datePublished":"2023-12-29T09:49:20+00:00","dateModified":"2024-07-17T11:52:12+00:00","breadcrumb":{"@id":"https:\/\/ibecbarcelona.eu\/es\/sociedad-y-ciencia\/imab-involucrando-a-la-comunidad-de-mayores-en-los-avances-en-bioingenieria\/#breadcrumb"},"inLanguage":"es","potentialAction":[{"@type":"ReadAction","target":["https:\/\/ibecbarcelona.eu\/es\/sociedad-y-ciencia\/imab-involucrando-a-la-comunidad-de-mayores-en-los-avances-en-bioingenieria\/"]}]},{"@type":"ImageObject","inLanguage":"es","@id":"https:\/\/ibecbarcelona.eu\/es\/sociedad-y-ciencia\/imab-involucrando-a-la-comunidad-de-mayores-en-los-avances-en-bioingenieria\/#primaryimage","url":"https:\/\/ibecbarcelona.eu\/wp-content\/uploads\/2023\/12\/imab_banner-scaled.jpg","contentUrl":"https:\/\/ibecbarcelona.eu\/wp-content\/uploads\/2023\/12\/imab_banner-scaled.jpg","width":2560,"height":1129},{"@type":"BreadcrumbList","@id":"https:\/\/ibecbarcelona.eu\/es\/sociedad-y-ciencia\/imab-involucrando-a-la-comunidad-de-mayores-en-los-avances-en-bioingenieria\/#breadcrumb","itemListElement":[{"@type":"ListItem","position":1,"name":"Home","item":"https:\/\/ibecbarcelona.eu\/es\/"},{"@type":"ListItem","position":2,"name":"Sociedad y Ciencia","item":"https:\/\/ibecbarcelona.eu\/es\/sociedad-y-ciencia\/"},{"@type":"ListItem","position":3,"name":"IMAB: Involucrando a la Comunidad de Mayores en los Avances en Bioingenier\u00eda para la salud y el envejecimiento saludable"}]},{"@type":"WebSite","@id":"https:\/\/ibecbarcelona.eu\/#website","url":"https:\/\/ibecbarcelona.eu\/","name":"Institute for Bioengineering of Catalonia","description":"Bioengineering solutions for health","publisher":{"@id":"https:\/\/ibecbarcelona.eu\/#organization"},"potentialAction":[{"@type":"SearchAction","target":{"@type":"EntryPoint","urlTemplate":"https:\/\/ibecbarcelona.eu\/?s={search_term_string}"},"query-input":{"@type":"PropertyValueSpecification","valueRequired":true,"valueName":"search_term_string"}}],"inLanguage":"es"},{"@type":"Organization","@id":"https:\/\/ibecbarcelona.eu\/#organization","name":"Institute for Bioengineering of Catalonia","url":"https:\/\/ibecbarcelona.eu\/","logo":{"@type":"ImageObject","inLanguage":"es","@id":"https:\/\/ibecbarcelona.eu\/#\/schema\/logo\/image\/","url":"https:\/\/ibecbarcelona.eu\/wp-content\/uploads\/2026\/01\/cropped-IBEC_20ANYS_GRIS.png","contentUrl":"https:\/\/ibecbarcelona.eu\/wp-content\/uploads\/2026\/01\/cropped-IBEC_20ANYS_GRIS.png","width":696,"height":257,"caption":"Institute for Bioengineering of Catalonia"},"image":{"@id":"https:\/\/ibecbarcelona.eu\/#\/schema\/logo\/image\/"}}]}},"AFP_featured_media_urls":{"full":["https:\/\/ibecbarcelona.eu\/wp-content\/uploads\/2023\/12\/imab_banner-scaled.jpg",2560,1129,false],"thumbnail":["https:\/\/ibecbarcelona.eu\/wp-content\/uploads\/2023\/12\/imab_banner-150x150.jpg",150,150,true],"medium":["https:\/\/ibecbarcelona.eu\/wp-content\/uploads\/2023\/12\/imab_banner-300x132.jpg",300,132,true],"medium_large":["https:\/\/ibecbarcelona.eu\/wp-content\/uploads\/2023\/12\/imab_banner-768x339.jpg",768,339,true],"large":["https:\/\/ibecbarcelona.eu\/wp-content\/uploads\/2023\/12\/imab_banner-1024x452.jpg",1024,452,true]},"AFP_attachments":{"full":["https:\/\/ibecbarcelona.eu\/wp-content\/uploads\/2023\/12\/logo-gobierno-fecyt-bandera.jpg",800,130,false],"thumbnail":["https:\/\/ibecbarcelona.eu\/wp-content\/uploads\/2023\/12\/logo-gobierno-fecyt-bandera-150x130.jpg",150,130,true],"medium":["https:\/\/ibecbarcelona.eu\/wp-content\/uploads\/2023\/12\/logo-gobierno-fecyt-bandera-300x49.jpg",300,49,true],"medium_large":["https:\/\/ibecbarcelona.eu\/wp-content\/uploads\/2023\/12\/logo-gobierno-fecyt-bandera-768x125.jpg",768,125,true],"large":["https:\/\/ibecbarcelona.eu\/wp-content\/uploads\/2023\/12\/logo-gobierno-fecyt-bandera.jpg",800,130,false]},"AFP_videos":[],"AFP_video_blocks":"","AFP_category_names":[],"_links":{"self":[{"href":"https:\/\/ibecbarcelona.eu\/es\/wp-json\/wp\/v2\/pages\/113694","targetHints":{"allow":["GET"]}}],"collection":[{"href":"https:\/\/ibecbarcelona.eu\/es\/wp-json\/wp\/v2\/pages"}],"about":[{"href":"https:\/\/ibecbarcelona.eu\/es\/wp-json\/wp\/v2\/types\/page"}],"author":[{"embeddable":true,"href":"https:\/\/ibecbarcelona.eu\/es\/wp-json\/wp\/v2\/users\/4"}],"replies":[{"embeddable":true,"href":"https:\/\/ibecbarcelona.eu\/es\/wp-json\/wp\/v2\/comments?post=113694"}],"version-history":[{"count":17,"href":"https:\/\/ibecbarcelona.eu\/es\/wp-json\/wp\/v2\/pages\/113694\/revisions"}],"predecessor-version":[{"id":119593,"href":"https:\/\/ibecbarcelona.eu\/es\/wp-json\/wp\/v2\/pages\/113694\/revisions\/119593"}],"up":[{"embeddable":true,"href":"https:\/\/ibecbarcelona.eu\/es\/wp-json\/wp\/v2\/pages\/17489"}],"wp:featuredmedia":[{"embeddable":true,"href":"https:\/\/ibecbarcelona.eu\/es\/wp-json\/wp\/v2\/media\/113720"}],"wp:attachment":[{"href":"https:\/\/ibecbarcelona.eu\/es\/wp-json\/wp\/v2\/media?parent=113694"}],"wp:term":[{"taxonomy":"post_tag","embeddable":true,"href":"https:\/\/ibecbarcelona.eu\/es\/wp-json\/wp\/v2\/tags?post=113694"}],"curies":[{"name":"wp","href":"https:\/\/api.w.org\/{rel}","templated":true}]}}