
{"id":17122,"date":"2014-12-10T16:22:39","date_gmt":"2014-12-10T15:22:39","guid":{"rendered":"http:\/\/ibecbarcelona.eu\/?page_id=17122"},"modified":"2026-01-16T14:57:16","modified_gmt":"2026-01-16T13:57:16","slug":"nanobioengineering","status":"publish","type":"page","link":"https:\/\/ibecbarcelona.eu\/es\/nanobioengineering","title":{"rendered":"Nanobioengineering"},"content":{"rendered":"<div class=\"responsive-tabs\">\n<h2 class=\"tabtitle\">About<\/h2>\n<div class=\"tabcontent\">\n\n\n\n\n<h4 class=\"wp-block-heading\">The Nanobioengineering group is a truly multidisciplinary team composed by researchers coming from very diverse backgrounds working together in applying nanotechnology for the development of new biomedical systems and devices, mainly for diagnostic purposes, and integrated microfluidic Organ-on-Chip devices for the study of organ physiology, disease etiology, or drug screening.<\/h4>\n\n\n\n<blockquote class=\"wp-block-quote is-layout-flow wp-block-quote-is-layout-flow\">\n<p>The goal is to fabricate microsystems containing living cells that recapitulate tissue and organ level functions in vitro and new portable diagnosis devices that can be used as Point-of-Care systems.<\/p>\n<\/blockquote>\n\n\n\n<p>The main research activities of the group include the engineering and biochemical functionalization of biomaterials integrated with microfluidics systems. The bioengineered microdevices are used to study cell responses to biomolecular compounds applied to Organ-on-Chip devices, or for the development of new lab-on-a-chip based biosensors.<\/p>\n\n\n\n<p>The projects carried out by the group are focused on clinical and industrial problems and are related to three convergent research lines:<\/p>\n\n\n\n<div style=\"height:10px\" aria-hidden=\"true\" class=\"wp-block-spacer\"><\/div>\n\n\n\n<h5 class=\"wp-block-heading\">1. Biosensors and Lab-on-a-Chip devices for clinical diagnosis and monitoring<\/h5>\n\n\n\n<ul class=\"wp-block-list\">\n<li>DNA sensors-arrays integrated in lab-on-a-chip for portable point of care diagnosis<\/li>\n\n\n\n<li>Vascular implantable sensors for circular cancer biomarker detection.<\/li>\n\n\n\n<li>Antibody-based sensors for pathogenic microorganisms\u2019 detection and neurodegenerative early detection<\/li>\n\n\n\n<li>Implantable physiological sensors-array for tissue in vivo hypoxia and ischemia monitoring.<\/li>\n\n\n\n<li>3D printing microfluidic technology.<\/li>\n\n\n\n<li>Microfluidic chip using hydrodynamic forces for cell counting and sorting. Application for detection of circulating tumours cells (CTCs).<\/li>\n<\/ul>\n\n\n\n<h5 class=\"wp-block-heading\">2. Nanotechnology applied to biomolecule interaction studies and micro\/nano-environments for regenerative medicine applications<\/h5>\n\n\n\n<ul class=\"wp-block-list\">\n<li>Development of bioengineered 2D and 3D micro\/nanoenvironments with a topography and chemical composition controlled at the nanoscale for cell behavior studies (adhesion, proliferation, differentiation). Application to musculoskeletal system regeneration.<\/li>\n\n\n\n<li>Biophysical description of cellular phenomena (adhesion, cell migration, differentiation) using micro\/nanotechnologies, cell biology tools and soft matter physics.<\/li>\n\n\n\n<li>Study of biological mechanisms at single molecule level.<\/li>\n\n\n\n<li>Study of magnetite nanoparticles &#8211; Amyloid-Beta interaction in Alzheimer disease.<\/li>\n<\/ul>\n\n\n\n<h5 class=\"wp-block-heading\">3. Microfluidic systems for biological studies and Organ-on-Chip devices<\/h5>\n\n\n\n<ul class=\"wp-block-list\">\n<li>Microfluidic chip for blood\/plasma filtering and anemia diseases characterization<\/li>\n\n\n\n<li>Spleen-on-a-chip development.<\/li>\n\n\n\n<li>Nanoporous-based systems for kidney-on\u2013a-chip developments.<\/li>\n\n\n\n<li>Engineering microfluidic platforms for neurobiological studies.<\/li>\n\n\n\n<li>Development of 3D neuromuscular tissue models for soft robotics and clinical applications<\/li>\n\n\n\n<li>Microfluidic system to monitor cancer therapy response. Tumor Cancer on a chip in vitro development.<\/li>\n\n\n\n<li>Microfluidic vessel on-a-chip for screening drug delivery systems.<\/li>\n<\/ul>\n\n\n\n<figure class=\"wp-block-gallery has-nested-images columns-1 is-cropped wp-block-gallery-1 is-layout-flex wp-block-gallery-is-layout-flex\">\n<figure class=\"wp-block-image size-large\"><img decoding=\"async\" width=\"1024\" height=\"923\" data-id=\"123365\" data-src=\"https:\/\/ibecbarcelona.eu\/wp-content\/uploads\/2025\/01\/Nanobioengineering3-1024x923.jpg\" alt=\"\" class=\"wp-image-123365 lazyload\" data-srcset=\"https:\/\/ibecbarcelona.eu\/wp-content\/uploads\/2025\/01\/Nanobioengineering3-1024x923.jpg 1024w, https:\/\/ibecbarcelona.eu\/wp-content\/uploads\/2025\/01\/Nanobioengineering3-300x270.jpg 300w, https:\/\/ibecbarcelona.eu\/wp-content\/uploads\/2025\/01\/Nanobioengineering3-768x692.jpg 768w, https:\/\/ibecbarcelona.eu\/wp-content\/uploads\/2025\/01\/Nanobioengineering3-1536x1384.jpg 1536w, https:\/\/ibecbarcelona.eu\/wp-content\/uploads\/2025\/01\/Nanobioengineering3.jpg 1860w\" data-sizes=\"(max-width: 1024px) 100vw, 1024px\" src=\"data:image\/svg+xml;base64,PHN2ZyB3aWR0aD0iMSIgaGVpZ2h0PSIxIiB4bWxucz0iaHR0cDovL3d3dy53My5vcmcvMjAwMC9zdmciPjwvc3ZnPg==\" style=\"--smush-placeholder-width: 1024px; --smush-placeholder-aspect-ratio: 1024\/923;\" \/><figcaption class=\"wp-element-caption\"><em>In vitro model of Blood Brain Barrier<\/em><\/figcaption><\/figure>\n\n\n\n<figure class=\"wp-block-image size-large\"><img decoding=\"async\" width=\"1024\" height=\"942\" data-id=\"123362\" data-src=\"https:\/\/ibecbarcelona.eu\/wp-content\/uploads\/2025\/01\/Nanobioengineering4-1024x942.jpg\" alt=\"\" class=\"wp-image-123362 lazyload\" data-srcset=\"https:\/\/ibecbarcelona.eu\/wp-content\/uploads\/2025\/01\/Nanobioengineering4-1024x942.jpg 1024w, https:\/\/ibecbarcelona.eu\/wp-content\/uploads\/2025\/01\/Nanobioengineering4-300x276.jpg 300w, https:\/\/ibecbarcelona.eu\/wp-content\/uploads\/2025\/01\/Nanobioengineering4-768x706.jpg 768w, https:\/\/ibecbarcelona.eu\/wp-content\/uploads\/2025\/01\/Nanobioengineering4.jpg 1342w\" data-sizes=\"(max-width: 1024px) 100vw, 1024px\" src=\"data:image\/svg+xml;base64,PHN2ZyB3aWR0aD0iMSIgaGVpZ2h0PSIxIiB4bWxucz0iaHR0cDovL3d3dy53My5vcmcvMjAwMC9zdmciPjwvc3ZnPg==\" style=\"--smush-placeholder-width: 1024px; --smush-placeholder-aspect-ratio: 1024\/942;\" \/><figcaption class=\"wp-element-caption\"><br><em>Microfluid System for Circulating Tumour Cells isolation in Blood.<\/em><\/figcaption><\/figure>\n<\/figure>\n\n\n\n<p>\n<\/div><h2 class=\"tabtitle\">Staff<\/h2>\n<div class=\"tabcontent\">\n<br><script> document.title = document.title + '- Josep  Samitier  Mart\u00ed '; <\/script> <div class=\"member\"><div class=\"member-img\"> <img decoding=\"async\" src=\"\"><\/div><h2 class=\"member-name\">Josep  Samitier  Mart\u00ed <\/h2> <div class=\"member-position\">Group Leader<\/div> <div class=\"member-info\"><div class=\"member-phone icon-left\"><span class=\"dashicons dashicons-smartphone\"><\/span>934 039 706<\/div> <div class=\"member-email icon-left\"><span class=\"dashicons dashicons-email-alt\"><\/span>jsamitier<img decoding=\"async\" data-src=\"\/img\/arroba.png\" src=\"data:image\/svg+xml;base64,PHN2ZyB3aWR0aD0iMSIgaGVpZ2h0PSIxIiB4bWxucz0iaHR0cDovL3d3dy53My5vcmcvMjAwMC9zdmciPjwvc3ZnPg==\" class=\"lazyload\">ibecbarcelona.eu<\/div><div class=\"member-email icon-left\"><span class=\"dashicons dashicons-admin-users\"><\/span><a href=\"\/member\/?empID=3&Josep+Samitier+Mart%C3%AD\">Researcher profile<\/a><\/div><\/div><\/div><div class=\"group-staff-member\"><a href=\"\/member\/?empID=3246\">Alves Magalh\u00e3es, Andreia Patricia<\/a> <\/div><div class=\"group-staff-member\"><a href=\"\/member\/?empID=2754\">Arroyo Rivera, Carla<\/a> <\/div><div class=\"group-staff-member\"><a href=\"\/member\/?empID=3147\">Ayala P\u00e9rez, Ana<\/a> <\/div><div class=\"group-staff-member\"><a href=\"\/member\/?empID=3160\">Colonna , Elettra<\/a> <\/div><div class=\"group-staff-member\"><a href=\"\/member\/?empID=3200\">D\u00edaz Osorio, Yaiza<\/a> <\/div><div class=\"group-staff-member\"><a href=\"\/member\/?empID=2750\">F\u00e0brega Alsina, Roger<\/a> <\/div><div class=\"group-staff-member\"><a href=\"\/member\/?empID=3247\">Garangou I Sau, Mart\u00ed<\/a> <\/div><div class=\"group-staff-member\"><a href=\"\/member\/?empID=3009\">G\u00f3mez Jim\u00e9nez, Nathalia<\/a> <\/div><div class=\"group-staff-member\"><a href=\"\/member\/?empID=2965\">Hueso Val, Miguel<\/a> <\/div><div class=\"group-staff-member\"><a href=\"\/member\/?empID=148\">Lagunas Targarona, Anna<\/a> <\/div><div class=\"group-staff-member\"><a href=\"\/member\/?empID=3266\">Lozano Brito, Sara<\/a> <\/div><div class=\"group-staff-member\"><a href=\"\/member\/?empID=238\">Mir Llorente, M\u00f2nica<\/a> <\/div><div class=\"group-staff-member\"><a href=\"\/member\/?empID=2949\">Negre Dou, Eul\u00e0lia<\/a> <\/div><div class=\"group-staff-member\"><a href=\"\/member\/?empID=2393\">Panteleeva , Anna<\/a> <\/div><div class=\"group-staff-member\"><a href=\"\/member\/?empID=3220\">Patrucco , Michela<\/a> <\/div><div class=\"group-staff-member\"><a href=\"\/member\/?empID=3207\">Peterson , Hannah<\/a> <\/div><div class=\"group-staff-member\"><a href=\"\/member\/?empID=3162\">Plazas G\u00f3mez, Iker<\/a> <\/div><div class=\"group-staff-member\"><a href=\"\/member\/?empID=3151\">Provenziani , Rebecca<\/a> <\/div><div class=\"group-staff-member\"><a href=\"\/member\/?empID=3120\">Puigdomenech Casacuberta, Judit<\/a> <\/div><div class=\"group-staff-member\"><a href=\"\/member\/?empID=94\">Rodr\u00edguez Trujillo, Rom\u00e9n<\/a> <\/div><div class=\"group-staff-member\"><a href=\"\/member\/?empID=3\">Samitier Mart\u00ed, Josep<\/a> <\/div><div class=\"group-staff-member\"><a href=\"\/member\/?empID=1626\">Villasante Bermejo, Aranzazu<\/a> <\/div><div class=\"group-staff-member\"><a href=\"\/member\/?empID=2459\">White , Tom<\/a> <\/div><\/p>\n\n\n\n<\/div><h2 class=\"tabtitle\">Projects<\/h2>\n<div class=\"tabcontent\">\n\n\n\n\n<figure class=\"wp-block-table\"><table class=\"has-fixed-layout\"><thead><tr><th>NATIONAL PROJECTS<\/th><th>FINANCER<\/th><th>PI<\/th><\/tr><\/thead><tbody><tr><td><strong>BASE3D<\/strong> (2019-2022)<\/td><td>RIS3CAT Tecnologies Emergents<\/td><td>Josep Samitier<\/td><\/tr><tr><td><strong>PREMED<\/strong> Desarrollo de un ensayo microflu\u00eddico funcional en c\u00e9lulas para el tratamiento personalizado contra el c\u00e1ncer (2019-2022)<\/td><td>MICIU: Retos investigaci\u00f3n<\/td><td>Joan Montero<\/td><\/tr><tr><td>Sistema microfisiol\u00f3gico para mimetizar las barreras hemato-sistema nervioso central: aplicaci\u00f3n a la esclerosis lateral amiotr\u00f3fica (2019-2022)<\/td><td>MICIU: Retos investigaci\u00f3n<\/td><td>Anna Lagunas<\/td><\/tr><tr><td><strong>BATMAN <\/strong>Nanopart\u00edculas biomim\u00e9ticas para el tratamiento dirigido del neuroblastoma pedi\u00e1trico (2021-2023)<\/td><td>MICIU, Retos investigaci\u00f3n: Proyectos I+D.&nbsp;<\/td><td>Aranzazu Villasante<\/td><\/tr><tr><td>Neuroblastoma en un chip para investigar la resistencia a f\u00e1rmacos y el uso de nanopart\u00edculas terap\u00e9uticas (2018-2022)<\/td><td>Asociaci\u00f3n Espa\u00f1ola contra el C\u00e1ncer (AECC)<\/td><td>Aranzazu Villasante<\/td><\/tr><tr><td>Evaluaci\u00f3n Funcional de respuesta celular a la quimioterapia neoadyuvante en Sarcoma de tejido blando (2021-2024)<\/td><td>Fundaci\u00f3n Mari Paz Jim\u00e9nez Casado (FMPJC), Beca Trienal FMPJC Investigaci\u00f3n Sarcomas<\/td><td>Joan Montero<\/td><\/tr><\/tbody><\/table><\/figure>\n\n\n\n<figure class=\"wp-block-table\"><table class=\"has-fixed-layout\"><thead><tr><th>INTERNATIONAL PROJECTS<\/th><th>FINANCER<\/th><th>PI<\/th><\/tr><\/thead><tbody><tr><td><strong>ASCTN-Training<\/strong> Training on Advanced Stem Cell Technologies in Neurology (2018-2022)<\/td><td>European Comission Marie Curie ITN<\/td><td>Josep Samitier<\/td><\/tr><tr><td><strong>EVIDENCE<\/strong> Erythrocytes properties and viability in dependence of flow and extra-cellular environment&nbsp;(2020-2023)<\/td><td>European Comission Marie Curie ITN<\/td><td>Josep Samitier<\/td><\/tr><tr><td><strong>PANDORA <\/strong>Pandemics Outbreaks Rationalized: towards a universal therapy to eliminate intracellular pathogens (2020-2025)<\/td><td>European Commission, ERC \u2013 StG&nbsp;<\/td><td>Josep Samitier<\/td><\/tr><tr><td><strong>BEST<\/strong> Postdoctoral Programme in Bioengineering Excellence Scientific Training (2017-2022)<\/td><td>European Commission, COFUND &#8211; Marie Sklodowska-Curie Co-funding of regional, national and international programmes&nbsp;<\/td><td>Josep Samitier<\/td><\/tr><tr><td><strong>SCIFI <\/strong>From Scientists to Innovators for Industry (2022-2024)<\/td><td>EIT Health, EITHealth BP2022 Education&nbsp;<\/td><td>Josep Samitier<\/td><\/tr><\/tbody><\/table><\/figure>\n\n\n\n<figure class=\"wp-block-table\"><table class=\"has-fixed-layout\"><thead><tr><th>PRIVATELY-FUNDED PROJECTS<\/th><th>FINANCER<\/th><th>PI<\/th><\/tr><\/thead><tbody><tr><td>Descubrimiento de nuevos marcadores terap\u00e9uticos en neuroblastoma mediante la generaci\u00f3n de modelos basados en t\u00e9cnicas de ingenier\u00eda de c\u00e1ncer (2021-2023)<\/td><td>Associaci\u00f3 pacients NEN<\/td><td>Josep Samitier \/Aranzazu Villasante<\/td><\/tr><tr><td>Understanding and measuring mechanical tumor properties to improve cancer diagnosis, treatment, and survival: Application to liquid bi\u00f2psies (2017-2022)<\/td><td>Obra Social La Caixa<\/td><td>Josep Samitier<\/td><\/tr><tr><td>BCNatal Artificial Placenta Project (2021-2022)<\/td><td>Obra Social La Caixa<\/td><td>Maria Jos\u00e9 L\u00f3pez<\/td><\/tr><tr><td>Descubrimiento de nuevos marcadores terap\u00e9uticos en neuroblastoma mediante la generaci\u00f3n de modelos basados en t\u00e9cnicas de ingenier\u00eda de c\u00e1ncer (2021-2023)<\/td><td>Associaci\u00f3 pacients NEN<\/td><td>Aranzazu Villasante<\/td><\/tr><\/tbody><\/table><\/figure>\n\n\n\n<figure class=\"wp-block-table\"><table class=\"has-fixed-layout\"><thead><tr><th>FINISHED PROJECTS<\/th><th>FINANCER<\/th><th>PI<\/th><\/tr><\/thead><tbody><tr><td>Personalizing pediatric cancer treatment with kinome analyses, cell-based funcional assays and microfluidics (2017-2021)<\/td><td>CELLEX<\/td><td>Josep Samitier \/ Joan Montero<\/td><\/tr><tr><td><strong>ISCHEMSURG<\/strong> Miniaturized electrochemical sensor for monitoring of free flap ischemia in post-surgery (2019-2021)<\/td><td>AGAUR<\/td><td>Josep Samitier<\/td><\/tr><tr><td><strong>Joint Programme &#8211; Healthy Ageing <\/strong>(2016)<\/td><td>Obra Social \u00abLa Caixa\u00bb<\/td><td>Josep Samitier<\/td><\/tr><tr><td><strong><a href=\"http:\/\/www.plantoidproject.eu\/\">PLANTOID<\/a> <\/strong>Innovative Robotic Artefacts Inspired by Plant Roots for Soil Monitoring<\/td><td>ICT<\/td><td>Josep Samitier<\/td><\/tr><tr><td>Universal diagnostic platforms based on oligonucleotide cofidied nanoparticles and DNA microarray sensor devices<\/td><td>MINECO, I+D-Investigaci\u00f3n fundamental no orientada<\/td><td>Josep Samitier<\/td><\/tr><tr><td><strong>ELECTRA-G<\/strong> (2014-2016)<\/td><td>Conveni GENOMICA S.A.U.<\/td><td>Josep Samitier<\/td><\/tr><tr><td>Desarrollo de una nueva tecnolog\u00eda lab-on-a-chip para la detecci\u00f3n y cuantificaci\u00f3n de secuencias de ADN\/ARN (2014-2016)<\/td><td>Conveni GENOMICA S.A.U.<\/td><td>Josep Samitier<\/td><\/tr><tr><td><strong>BIOBOT<\/strong> Engineered biological soft robots based on neuro-muscular junction control (2015-2018)<\/td><td>MINECO, Proyectos EXPLORA Ciencia \/ Tecnolog\u00eda 2015<\/td><td>Josep Samitier<\/td><\/tr><tr><td><strong>Advancecat <\/strong>Acceleradora pel desenvolupament de ter\u00e0pies avan\u00e7ades <strong><br><\/strong><\/td><td>ACCI\u00d3 \/ Smart Specialization funds (RIS3)<\/td><td>Josep Samitier<\/td><\/tr><tr><td><strong>MINDS<\/strong> Plataforma MIcroflu\u00eddica 3D de cultivo Neuronal compartimentada para el estuDio de enfermedades neurol\u00f3gicaS (2016-2018)<\/td><td>MINECO, Proyectos I+D Excelencia<\/td><td>Josep Samitier<\/td><\/tr><tr><td><strong>nanoET-leukemia<\/strong> Nanoconductance of electron transfer proteins of the respiratory chain. Direct measurementat the single molecular level and therapeutic regulation in cancer stem cells (2015-2018)<\/td><td>MINECO, Proyectos RETOS 2015 \/ CIBER<\/td><td>Anna Lagunas \/ Marina Giannotti<\/td><\/tr><tr><td>Desenvolupar un sistema d\u2019assist\u00e8ncia rob\u00f2tica per medicina i cirurgia fetal (2016-2019)<\/td><td>CELLEX<\/td><td>Josep Samitier<\/td><\/tr><tr><td>Monitoring neurocognitive deficits in Alzheimer\u2019s and Parkinson\u2019s diseases using saliva or blood-derived biomarkers and a multiplexed approach (2016-2018)<\/td><td>Obra Social \u00abLa Caixa\u00bb<\/td><td>Josep Samitier<\/td><\/tr><tr><td><strong>ISCHEMSURG<\/strong> Miniaturized electrochemical sensor for monitoring of free flap ischemia in post-surgery (2019-2020)<\/td><td>CaixaImpulse<\/td><td>Monica Mir<\/td><\/tr><tr><td>Personalizing Melanoma Treatment Using Dynamic BH3 Profiling (2018-2020)<\/td><td>Dana-Farber Cancer Institut<\/td><td>Joan Montero<\/td><\/tr><tr><td><strong>NANOVAX<\/strong> Nanovacunas dise\u00f1adas para inmunoterapia antitumoral (2016-2020)<\/td><td>EuroNanoMed (ERA-Net)<\/td><td>Josep Samitier<\/td><\/tr><tr><td>Understanding and measuring mechanical tumor properties to improve cancer diagnosis, treatment, and survival: Application to liquid biopsies (2017-2020)<\/td><td>Obra Social \u00abLa Caixa\u00bb<\/td><td>Josep Samitier<\/td><\/tr><tr><td>Personalizing pediatric cancer treatment (2018-2020)<\/td><td>Fundaci\u00f3n FERO<\/td><td>Joan Montero<\/td><\/tr><\/tbody><\/table><\/figure>\n\n\n\n<\/div><h2 class=\"tabtitle\">Publications<\/h2>\n<div class=\"tabcontent\">\n\n\n\n\n<pre id=\"block-9a5970a6-e2e0-484a-bccf-664bfb1f8945\" class=\"wp-block-preformatted\">Check for more detailed information on the <a href=\"https:\/\/outputs.ibecbarcelona.eu\/en\/ipublic\/entity\/13940\" target=\"_blank\" rel=\"noreferrer noopener\">outputs of the Group<\/a> at <strong>IBEC CRIS<\/strong> portal.<\/pre>\n\n\n\n<p id=\"block-e76b96d6-c26e-4b3f-8200-4d77a41a447e\"><strong>Publications list:<\/strong><\/p>\n\n\n<div class=\"loadpubs\"><\/div><script>\n    var url=\"https:\/\/ibecbarcelona.eu\/wp-content\/plugins\/ibec\/pubs\/nanobioengineering.html\";\n    jQuery(document).ready(function(){\n            jQuery(\".loadpubs\").load(url);\n    });\n    <\/script>\n\n\n\n<\/div><h2 class=\"tabtitle\">Equipment<\/h2>\n<div class=\"tabcontent\">\n\n\n\n\n<p>Nanofabrication and nanomanipulation<\/p>\n\n\n\n<ul class=\"wp-block-list\">\n<li>3D Printing system for microfluidic devices<\/li>\n\n\n\n<li>Graphtech<\/li>\n<\/ul>\n\n\n\n<p>Characterization<\/p>\n\n\n\n<ul class=\"wp-block-list\">\n<li>Potentiostates<\/li>\n\n\n\n<li>Optical Waveguide Lightmode Spectroscope (OWLS)<\/li>\n\n\n\n<li>Atomic Force Microscope (AFM)<\/li>\n\n\n\n<li>Optical Microscopes (white light\/epifluorescence)<\/li>\n\n\n\n<li>Electrical Impedance spectroscopy (EIS)<\/li>\n\n\n\n<li>Multi-frequency Lock-in Amplifier<\/li>\n\n\n\n<li>Sub-femtoamp Remote SourceMeter Instrument<\/li>\n<\/ul>\n\n\n\n<p>Molecular\/cell biology<\/p>\n\n\n\n<ul class=\"wp-block-list\">\n<li>Biological safety cabinet (class II)<\/li>\n\n\n\n<li>Microwell plate readers<\/li>\n\n\n\n<li>Protein and DNA electrophoresis systems<\/li>\n\n\n\n<li>Microincubator Okolab<\/li>\n\n\n\n<li>Nanodrop spectrophotometer<\/li>\n\n\n\n<li>CO2 incubator for cells: Galaxy\u00ae 48 S, 48 L, 230 V\/50\/60 Hz, standard<\/li>\n\n\n\n<li>Cell culture cabin: Bioii-Advance 3<\/li>\n<\/ul>\n\n\n\n<p>Microfluidics<\/p>\n\n\n\n<ul class=\"wp-block-list\">\n<li>High precision syringe pumps<\/li>\n\n\n\n<li>Peristaltic pumps<\/li>\n<\/ul>\n\n\n\n<\/div><h2 class=\"tabtitle\">Collaborations<\/h2>\n<div class=\"tabcontent\">\n\n\n\n\n<ul class=\"wp-block-list\">\n<li>Prof. Fernando Albericio<br><em>Institut de Recerca Biom\u00e9dica (IRB), Barcelona, Spain<\/em><\/li>\n\n\n\n<li>Dr. Jos\u00e9 Antonio Andrades<br><em>Universidad de M\u00e1laga, Spain<\/em><\/li>\n\n\n\n<li>Prof. Ezequiel P\u00e9rez<br><em>Inestrosa Centro Andaluz de Nanomedicina y Biotecnolog\u00eda (BIONAND), M\u00e1laga, Spain<\/em><\/li>\n\n\n\n<li>Prof. Joan Bausells<br><em>Centro Nacional de Microelectr\u00f3nica (CNM-CSIC), Barcelona<\/em><\/li>\n\n\n\n<li>Prof. Albert van den Berg<br><em> University of Twente, The Netherlands<\/em><\/li>\n\n\n\n<li>Prof. Andre Bernard<br><em>Institut f\u00fcr Mikro- und Nanotechnologie (MNT-NTB), Buchs, Switzerland<\/em><\/li>\n\n\n\n<li>Prof. H. B\u00f6rner<br><em>Max Planck Institute of Colloids and Interfaces, Golm, Germany<\/em><\/li>\n\n\n\n<li>Prof. Josep Maria Canals<br><em>University of Barcelona, Spain<\/em><\/li>\n\n\n\n<li>Dr. Matthew Dalby<br><em>University of Glasgow, UK<\/em><\/li>\n\n\n\n<li>Prof. Paolo Dario<br><em>Scuola Superiore Sant\u2019Anna (SSSA), Pontedera, Italy<\/em><\/li>\n\n\n\n<li>Prof. Ram\u00f3n Eritja<br><em>Institut de Recerca Biom\u00e9dica (IRB), Barcelona, Spain<\/em><\/li>\n\n\n\n<li>Prof. E. Faszewski<br><em>Wheelock College, Boston, USA<\/em><\/li>\n\n\n\n<li>Prof. G. Fuhr<br><em>FhG Biomedicine, St. Ingbert, Germany<\/em><\/li>\n\n\n\n<li>Dr. Juan C. Izpis\u00faa<br><em>Salk Institute for Biological Studies, La Jolla, California<\/em><\/li>\n\n\n\n<li>Dr. Nicole Jaffrezic<br><em>Universit\u00e9 Claude Bernard Lyon 1, France<\/em><\/li>\n\n\n\n<li>Dr. Graham Johnson<br><em>Uniscan Instruments Ltd, Buxton, UK<\/em><\/li>\n\n\n\n<li>Dr. M\u00aa Pilar Marco<br><em>Institute of Chemical and Environmental Research, Barcelona<\/em><\/li>\n\n\n\n<li>Prof. Jean-Louis Marty<br><em> Universit\u00e9 de Perpignan Via Domitia, France<\/em><\/li>\n\n\n\n<li>Prof. Barbara Mazzolai<br><em>IIT Center for Micro-BioRobotics (CMBR), Pontedera, Italy<\/em><\/li>\n\n\n\n<li>Dr. Edith Pajot<br><em>Biology of Olfaction and Biosensors group (BOB) at INRA, Jouy-en-Josas, France<\/em><\/li>\n\n\n\n<li>Dr. M. Llu\u00efssa P\u00e9rez<br><em>Dept. Farmacolog\u00eda, University of Barcelona, Spain<\/em><\/li>\n\n\n\n<li>Dr. Hernando del Portillo<br><em>Centro de Investigaci\u00f3n en Salud Internacional de Barcelona (CRESIB), Barcelona, Spain<\/em><\/li>\n\n\n\n<li>Dr. Jaume Revent\u00f3s<br><em>Hospital Vall d\u2019Hebr\u00f3n, Barcelona, Spain<\/em><\/li>\n\n\n\n<li>Prof. L. Reggiani<br><em>Nanotechnology Laboratory, INFM, Lecce, Italy<\/em><\/li>\n\n\n\n<li>Prof. Daniel Riveline<br><em>Laboratory of Cell Physics ISIS\/IGBMC, Strasbourg<\/em><\/li>\n\n\n\n<li>Prof. M. Sampietro<br><em>Politecnico di Milano, Italy<\/em><\/li>\n\n\n\n<li>Prof. Molly M. Stevens<br><em>Imperial College, London, UK<\/em><\/li>\n\n\n\n<li>Dr. Christophe Vieu<br><em>Laboratoire d\u2019analyse et d\u2019architectures des syst\u00e8mes (LAAS-CNRS), Toulouse, France<\/em><\/li>\n\n\n\n<li>Prof. Pau Gorostiza<br><em>IBEC<\/em><\/li>\n\n\n\n<li>Prof. Irene D\u00edaz Moreno<br><em>3IIQ-cicCartuja, Universidad de Sevilla-CSIC, Spain<\/em><\/li>\n\n\n\n<li>Prof. Miguel A. de la Rosa<br><em>3IIQ-cicCartuja, Universidad de Sevilla-CSIC, Spain<\/em><\/li>\n\n\n\n<li>Dr. Mar\u00eda del Mar Ma\u00f1\u00fa Pereira<br><em>Josep Carreras Leukaemia Research Institute, Barcelona, Spain<\/em><\/li>\n\n\n\n<li>Dr. Joan Lluis Vives<br><em>Josep Carreras Leukaemia Research Institute, Barcelona, Spain<\/em><\/li>\n<\/ul>\n\n\n\n<p><strong>Industry partners:<\/strong><\/p>\n\n\n\n<ul class=\"wp-block-list\">\n<li>Biokit S.A. (Werfen group); Genomica S.A.U. (Zeltia group); Tallers Fiestas S.L.; Enantia S.L.; Microfluidic ChipShop GmbH; Minifab; Microliquid<\/li>\n<\/ul>\n\n\n\n<\/div><h2 class=\"tabtitle\">News<\/h2>\n<div class=\"tabcontent\">\n\n\n\n<div id=\"gutentastic-grid-0\" class=\"wp-block-gutentastic-post-layouts grid_style4   gutentastic-grid\" data-layout=\"grid_style4\" data-columns=\"1\" data-readmore=\"\" style=\"--block-title-color:var(--accent);--block-text-color:var(--contrast-2);--block-hover-color:var(--contrast-2);--item-gap : 0.5px; --item-gap-negative : -0.5px; --item-margin-bottom : 1px; --item-height: 285px; --image-height:; --columns-number:1;\"><div id=\"grid-posts\" class=\"grid-posts grid-column-12\"><article id=\"grid-article-133359\" class=\"post-item  grid-column-1 grid_style4 \" data-id=\"133359\" data-category=\"94\"><div class=\"post-content-area left\"><a class=\"post-link\" target=\"_self\" href=https:\/\/ibecbarcelona.eu\/es\/el-ibec-destaca-en-termiseu-2026-con-una-amplia-participacion-cientifica-y-un-papel-clave-en-el-liderazgo-del-congreso><div class=\"hover-excerpt\">El IBEC destaca en TERMISEU 2026, el congreso europeo de referencia en ingenier\u00eda de tejidos y medicina regenerativa, celebrado del 21 al 24 de abril de 2026 en el Palacio de Congresos de Palma (Mallorca), con una participaci\u00f3n muy relevante en un evento que ha reunido a m\u00e1s de 1.600 investigadoras e investigadores.<\/div><\/a><div class=\"post-image\"><img decoding=\"async\" width=\"1024\" height=\"768\" data-src=\"https:\/\/ibecbarcelona.eu\/wp-content\/uploads\/2026\/04\/MSalmeron-TERMIS26-1024x768.jpg\" class=\"attachment-large size-large wp-post-image lazyload\" alt=\"\" data-srcset=\"https:\/\/ibecbarcelona.eu\/wp-content\/uploads\/2026\/04\/MSalmeron-TERMIS26-1024x768.jpg 1024w, https:\/\/ibecbarcelona.eu\/wp-content\/uploads\/2026\/04\/MSalmeron-TERMIS26-300x225.jpg 300w, https:\/\/ibecbarcelona.eu\/wp-content\/uploads\/2026\/04\/MSalmeron-TERMIS26-768x576.jpg 768w, https:\/\/ibecbarcelona.eu\/wp-content\/uploads\/2026\/04\/MSalmeron-TERMIS26.jpg 1498w\" data-sizes=\"(max-width: 1024px) 100vw, 1024px\" src=\"data:image\/svg+xml;base64,PHN2ZyB3aWR0aD0iMSIgaGVpZ2h0PSIxIiB4bWxucz0iaHR0cDovL3d3dy53My5vcmcvMjAwMC9zdmciPjwvc3ZnPg==\" style=\"--smush-placeholder-width: 1024px; --smush-placeholder-aspect-ratio: 1024\/768;\" \/> <\/div><div class=\"inner-post-content\"><div class=\"post-meta post-meta-category below\"><div class=\"post-meta-time-author\"><div class=\"time_meta\"><time datetime=\"2026-04-27T16:47:02+02:00\">Abr 27, 2026<\/time><\/div><\/div><\/div><h2 class=\"post-title\"><a href=\"https:\/\/ibecbarcelona.eu\/es\/el-ibec-destaca-en-termiseu-2026-con-una-amplia-participacion-cientifica-y-un-papel-clave-en-el-liderazgo-del-congreso\" target=\"_self\" rel=\"bookmark\">El IBEC destaca en TERMISEU 2026 con una amplia participaci\u00f3n cient\u00edfica y un papel clave en el liderazgo del congreso<\/a><\/h2> <div class=\"post-excerpt\"><p>El IBEC destaca en TERMISEU 2026, el congreso europeo de referencia en ingenier\u00eda de tejidos y medicina regenerativa, celebrado del 21 al 24 de abril de 2026 en el Palacio de Congresos de Palma (Mallorca), con una participaci\u00f3n muy relevante en un evento que ha reunido a m\u00e1s de 1.600 investigadoras e investigadores.<\/p><\/div><\/div><\/div><\/article><article id=\"grid-article-132740\" class=\"post-item  grid-column-1 grid_style4 \" data-id=\"132740\" data-category=\"94\"><div class=\"post-content-area left\"><a class=\"post-link\" target=\"_self\" href=https:\/\/ibecbarcelona.eu\/es\/se-celebra-en-barcelona-la-cuarta-edicion-de-la-conferencia-embl-ibec><div class=\"hover-excerpt\">La cuarta edici\u00f3n de la Conferencia EMBL-IBEC organizada por el Instituto de Bioingenier\u00eda de Catalu\u00f1a (IBEC) y el Laboratorio Europeo de Biolog\u00eda Molecular (EMBL) gir\u00f3 en torno a en el modelado de enfermedad biolog\u00eda del desarrollo y medicina regenerativa, y reuni\u00f3 esta semana en el PRBB de Barcelona a cerca de 130 expertos y expertas internacionales en el campo de la bioingenier\u00eda.<\/div><\/a><div class=\"post-image\"><img decoding=\"async\" width=\"1024\" height=\"576\" data-src=\"https:\/\/ibecbarcelona.eu\/wp-content\/uploads\/2026\/03\/1-1024x576.png\" class=\"attachment-large size-large wp-post-image lazyload\" alt=\"\" data-srcset=\"https:\/\/ibecbarcelona.eu\/wp-content\/uploads\/2026\/03\/1-1024x576.png 1024w, https:\/\/ibecbarcelona.eu\/wp-content\/uploads\/2026\/03\/1-300x169.png 300w, https:\/\/ibecbarcelona.eu\/wp-content\/uploads\/2026\/03\/1-768x432.png 768w, https:\/\/ibecbarcelona.eu\/wp-content\/uploads\/2026\/03\/1-1536x864.png 1536w, https:\/\/ibecbarcelona.eu\/wp-content\/uploads\/2026\/03\/1.png 1920w\" data-sizes=\"(max-width: 1024px) 100vw, 1024px\" src=\"data:image\/svg+xml;base64,PHN2ZyB3aWR0aD0iMSIgaGVpZ2h0PSIxIiB4bWxucz0iaHR0cDovL3d3dy53My5vcmcvMjAwMC9zdmciPjwvc3ZnPg==\" style=\"--smush-placeholder-width: 1024px; --smush-placeholder-aspect-ratio: 1024\/576;\" \/> <\/div><div class=\"inner-post-content\"><div class=\"post-meta post-meta-category below\"><div class=\"post-meta-time-author\"><div class=\"time_meta\"><time datetime=\"2026-03-13T13:03:03+01:00\">Mar 13, 2026<\/time><\/div><\/div><\/div><h2 class=\"post-title\"><a href=\"https:\/\/ibecbarcelona.eu\/es\/se-celebra-en-barcelona-la-cuarta-edicion-de-la-conferencia-embl-ibec\" target=\"_self\" rel=\"bookmark\">Se celebra en Barcelona la cuarta edici\u00f3n de la Conferencia EMBL\u2011IBEC<\/a><\/h2> <div class=\"post-excerpt\"><p>La cuarta edici\u00f3n de la Conferencia EMBL-IBEC organizada por el Instituto de Bioingenier\u00eda de Catalu\u00f1a (IBEC) y el Laboratorio Europeo de Biolog\u00eda Molecular (EMBL) gir\u00f3 en torno a en el modelado de enfermedad biolog\u00eda del desarrollo y medicina regenerativa, y reuni\u00f3 esta semana en el PRBB de Barcelona a cerca de 130 expertos y expertas internacionales en el campo de la bioingenier\u00eda.<\/p><\/div><\/div><\/div><\/article><article id=\"grid-article-132576\" class=\"post-item  grid-column-1 grid_style4 \" data-id=\"132576\" data-category=\"94\"><div class=\"post-content-area left\"><a class=\"post-link\" target=\"_self\" href=https:\/\/ibecbarcelona.eu\/es\/ibec-welcomes-a-new-international-cohort-of-doctoral-students-in-collaboration-with-hospitals-and-centres-of-excellence\/><div class=\"hover-excerpt\">El Instituto de Bioingenier\u00eda de Catalu\u00f1a (IBEC) da la bienvenida a los nuevos estudiantes internacionales de su programa de doctorado, una iniciativa que combina formaci\u00f3n de excelencia, investigaci\u00f3n en bioingenier\u00eda y una fuerte apuesta por la colaboraci\u00f3n con hospitales e instituciones punteras.<\/div><\/a><div class=\"post-image\"><img decoding=\"async\" width=\"1024\" height=\"576\" data-src=\"https:\/\/ibecbarcelona.eu\/wp-content\/uploads\/2026\/03\/20260305_155033-Editada-1024x576.jpg\" class=\"attachment-large size-large wp-post-image lazyload\" alt=\"\" data-srcset=\"https:\/\/ibecbarcelona.eu\/wp-content\/uploads\/2026\/03\/20260305_155033-Editada-1024x576.jpg 1024w, https:\/\/ibecbarcelona.eu\/wp-content\/uploads\/2026\/03\/20260305_155033-Editada-300x169.jpg 300w, https:\/\/ibecbarcelona.eu\/wp-content\/uploads\/2026\/03\/20260305_155033-Editada-768x432.jpg 768w, https:\/\/ibecbarcelona.eu\/wp-content\/uploads\/2026\/03\/20260305_155033-Editada-1536x864.jpg 1536w, https:\/\/ibecbarcelona.eu\/wp-content\/uploads\/2026\/03\/20260305_155033-Editada-2048x1152.jpg 2048w\" data-sizes=\"(max-width: 1024px) 100vw, 1024px\" src=\"data:image\/svg+xml;base64,PHN2ZyB3aWR0aD0iMSIgaGVpZ2h0PSIxIiB4bWxucz0iaHR0cDovL3d3dy53My5vcmcvMjAwMC9zdmciPjwvc3ZnPg==\" style=\"--smush-placeholder-width: 1024px; --smush-placeholder-aspect-ratio: 1024\/576;\" \/> <\/div><div class=\"inner-post-content\"><div class=\"post-meta post-meta-category below\"><div class=\"post-meta-time-author\"><div class=\"time_meta\"><time datetime=\"2026-03-10T16:38:51+01:00\">Mar 10, 2026<\/time><\/div><\/div><\/div><h2 class=\"post-title\"><a href=\"https:\/\/ibecbarcelona.eu\/es\/ibec-welcomes-a-new-international-cohort-of-doctoral-students-in-collaboration-with-hospitals-and-centres-of-excellence\/\" target=\"_self\" rel=\"bookmark\">El IBEC incorpora una nueva promoci\u00f3n internacional de doctorandos en colaboraci\u00f3n con hospitales y centros de excelencia<\/a><\/h2> <div class=\"post-excerpt\"><p>El Instituto de Bioingenier\u00eda de Catalu\u00f1a (IBEC) da la bienvenida a los nuevos estudiantes internacionales de su programa de doctorado, una iniciativa que combina formaci\u00f3n de excelencia, investigaci\u00f3n en bioingenier\u00eda y una fuerte apuesta por la colaboraci\u00f3n con hospitales e instituciones punteras.<\/p><\/div><\/div><\/div><\/article><article id=\"grid-article-132241\" class=\"post-item  grid-column-1 grid_style4 \" data-id=\"132241\" data-category=\"94\"><div class=\"post-content-area left\"><a class=\"post-link\" target=\"_self\" href=https:\/\/ibecbarcelona.eu\/es\/tres-investigadores-del-ibec-reciben-ayudas-de-la-asociacion-espanola-contra-el-cancer><div class=\"hover-excerpt\">Los investigadores del IBEC Xavier Rovira\u2011Clav\u00e9, David Esporr\u00edn Ubieto y Ar\u00e1nzazu Villasante liderar\u00e1n tres proyectos de investigaci\u00f3n seleccionados por la Asociaci\u00f3n Espa\u00f1ola Contra el C\u00e1ncer en su convocatoria de Ayudas 2025. La ceremonia de presentaci\u00f3n de las ayudas, celebrada hoy en Barcelona, reconoci\u00f3 el impulso de estas iniciativas, que abarcan desde plataformas avanzadas para terapias celulares hasta nanomotores inteligentes y estrategias innovadoras frente a tumores pedi\u00e1tricos.<\/div><\/a><div class=\"post-image\"><img decoding=\"async\" width=\"1024\" height=\"683\" data-src=\"https:\/\/ibecbarcelona.eu\/wp-content\/uploads\/2026\/02\/HCFjbABawAAW-sJ-1024x683.jpg\" class=\"attachment-large size-large wp-post-image lazyload\" alt=\"\" data-srcset=\"https:\/\/ibecbarcelona.eu\/wp-content\/uploads\/2026\/02\/HCFjbABawAAW-sJ-1024x683.jpg 1024w, https:\/\/ibecbarcelona.eu\/wp-content\/uploads\/2026\/02\/HCFjbABawAAW-sJ-300x200.jpg 300w, https:\/\/ibecbarcelona.eu\/wp-content\/uploads\/2026\/02\/HCFjbABawAAW-sJ-768x512.jpg 768w, https:\/\/ibecbarcelona.eu\/wp-content\/uploads\/2026\/02\/HCFjbABawAAW-sJ-1536x1025.jpg 1536w, https:\/\/ibecbarcelona.eu\/wp-content\/uploads\/2026\/02\/HCFjbABawAAW-sJ-1200x800.jpg 1200w, https:\/\/ibecbarcelona.eu\/wp-content\/uploads\/2026\/02\/HCFjbABawAAW-sJ-600x400.jpg 600w, https:\/\/ibecbarcelona.eu\/wp-content\/uploads\/2026\/02\/HCFjbABawAAW-sJ.jpg 2048w\" data-sizes=\"(max-width: 1024px) 100vw, 1024px\" src=\"data:image\/svg+xml;base64,PHN2ZyB3aWR0aD0iMSIgaGVpZ2h0PSIxIiB4bWxucz0iaHR0cDovL3d3dy53My5vcmcvMjAwMC9zdmciPjwvc3ZnPg==\" style=\"--smush-placeholder-width: 1024px; --smush-placeholder-aspect-ratio: 1024\/683;\" \/> <\/div><div class=\"inner-post-content\"><div class=\"post-meta post-meta-category below\"><div class=\"post-meta-time-author\"><div class=\"time_meta\"><time datetime=\"2026-02-26T16:55:59+01:00\">Feb 26, 2026<\/time><\/div><\/div><\/div><h2 class=\"post-title\"><a href=\"https:\/\/ibecbarcelona.eu\/es\/tres-investigadores-del-ibec-reciben-ayudas-de-la-asociacion-espanola-contra-el-cancer\" target=\"_self\" rel=\"bookmark\">Tres investigadores del IBEC reciben ayudas de la Asociaci\u00f3n Espa\u00f1ola Contra el C\u00e1ncer<\/a><\/h2> <div class=\"post-excerpt\"><p>Los investigadores del IBEC Xavier Rovira\u2011Clav\u00e9, David Esporr\u00edn Ubieto y Ar\u00e1nzazu Villasante liderar\u00e1n tres proyectos de investigaci\u00f3n seleccionados por la Asociaci\u00f3n Espa\u00f1ola Contra el C\u00e1ncer en su convocatoria de Ayudas 2025. La ceremonia de presentaci\u00f3n de las ayudas, celebrada hoy en Barcelona, reconoci\u00f3 el impulso de estas iniciativas, que abarcan desde plataformas avanzadas para terapias celulares hasta nanomotores inteligentes y estrategias innovadoras frente a tumores pedi\u00e1tricos.<\/p><\/div><\/div><\/div><\/article><article id=\"grid-article-131789\" class=\"post-item  grid-column-1 grid_style4 \" data-id=\"131789\" data-category=\"94\"><div class=\"post-content-area left\"><a class=\"post-link\" target=\"_self\" href=https:\/\/ibecbarcelona.eu\/es\/el-ibec-y-el-instituto-lluis-vives-de-barcelona-se-alian-para-incorporar-la-investigacion-cientifica-al-centro><div class=\"hover-excerpt\">En el marco del programa Magnet. Alianzas por el \u00e9xito educativo, la colaboraci\u00f3n entre el Instituto de Bioingenier\u00eda de Catalu\u00f1a (BEC) y este IES de Sants promueve la integraci\u00f3n de la investigaci\u00f3n en el aprendizaje competencial del alumnado. El alumnado trabaja proyectos cient\u00edficos reales sobre salud, cuerpo humano, biolog\u00eda celular y medio ambiente, entre otros, con el apoyo de investigadoras del IBEC y el acompa\u00f1amiento formativo al claustro.<\/div><\/a><div class=\"post-image\"><img decoding=\"async\" width=\"1024\" height=\"768\" data-src=\"https:\/\/ibecbarcelona.eu\/wp-content\/uploads\/2026\/01\/RdP_LluisVives-IBEC-5-1024x768.jpeg\" class=\"attachment-large size-large wp-post-image lazyload\" alt=\"\" data-srcset=\"https:\/\/ibecbarcelona.eu\/wp-content\/uploads\/2026\/01\/RdP_LluisVives-IBEC-5-1024x768.jpeg 1024w, https:\/\/ibecbarcelona.eu\/wp-content\/uploads\/2026\/01\/RdP_LluisVives-IBEC-5-300x225.jpeg 300w, https:\/\/ibecbarcelona.eu\/wp-content\/uploads\/2026\/01\/RdP_LluisVives-IBEC-5-768x576.jpeg 768w, https:\/\/ibecbarcelona.eu\/wp-content\/uploads\/2026\/01\/RdP_LluisVives-IBEC-5-1536x1152.jpeg 1536w, https:\/\/ibecbarcelona.eu\/wp-content\/uploads\/2026\/01\/RdP_LluisVives-IBEC-5.jpeg 1600w\" data-sizes=\"(max-width: 1024px) 100vw, 1024px\" src=\"data:image\/svg+xml;base64,PHN2ZyB3aWR0aD0iMSIgaGVpZ2h0PSIxIiB4bWxucz0iaHR0cDovL3d3dy53My5vcmcvMjAwMC9zdmciPjwvc3ZnPg==\" style=\"--smush-placeholder-width: 1024px; --smush-placeholder-aspect-ratio: 1024\/768;\" \/> <\/div><div class=\"inner-post-content\"><div class=\"post-meta post-meta-category below\"><div class=\"post-meta-time-author\"><div class=\"time_meta\"><time datetime=\"2026-01-28T11:26:11+01:00\">Ene 28, 2026<\/time><\/div><\/div><\/div><h2 class=\"post-title\"><a href=\"https:\/\/ibecbarcelona.eu\/es\/el-ibec-y-el-instituto-lluis-vives-de-barcelona-se-alian-para-incorporar-la-investigacion-cientifica-al-centro\" target=\"_self\" rel=\"bookmark\">El IBEC y el Instituto Llu\u00eds Vives de Barcelona se al\u00edan para incorporar la investigaci\u00f3n cient\u00edfica al centro<\/a><\/h2> <div class=\"post-excerpt\"><p>En el marco del programa Magnet. Alianzas por el \u00e9xito educativo, la colaboraci\u00f3n entre el Instituto de Bioingenier\u00eda de Catalu\u00f1a (BEC) y este IES de Sants promueve la integraci\u00f3n de la investigaci\u00f3n en el aprendizaje competencial del alumnado. El alumnado trabaja proyectos cient\u00edficos reales sobre salud, cuerpo humano, biolog\u00eda celular y medio ambiente, entre otros, con el apoyo de investigadoras del IBEC y el acompa\u00f1amiento formativo al claustro.<\/p><\/div><\/div><\/div><\/article><article id=\"grid-article-130916\" class=\"post-item  grid-column-1 grid_style4 \" data-id=\"130916\" data-category=\"94\"><div class=\"post-content-area left\"><a class=\"post-link\" target=\"_self\" href=https:\/\/ibecbarcelona.eu\/es\/josep-samitier-deja-la-direccion-del-ibec-despues-de-trece-anos><div class=\"hover-excerpt\">Josep Samitier dejar\u00e1 la direcci\u00f3n del Instituto de Bioingenier\u00eda de Catalu\u00f1a (IBEC) el 31 de diciembre de 2025. Bajo la direcci\u00f3n de Samitier desde 2013, el IBEC se ha consolidado como un referente en bioingenier\u00eda, destacando como una instituci\u00f3n l\u00edder en investigaci\u00f3n de excelencia en Espa\u00f1a. Manuel Salmeron, profesor ICREA en el IBEC, se har\u00e1 cargo de la direcci\u00f3n interina del IBEC por encargo del patronato de la Fundaci\u00f3n.<\/div><\/a><div class=\"post-image\"><img decoding=\"async\" width=\"1024\" height=\"768\" data-src=\"https:\/\/ibecbarcelona.eu\/wp-content\/uploads\/2025\/12\/P1066280_recorte-1024x768.jpg\" class=\"attachment-large size-large wp-post-image lazyload\" alt=\"\" data-srcset=\"https:\/\/ibecbarcelona.eu\/wp-content\/uploads\/2025\/12\/P1066280_recorte-1024x768.jpg 1024w, https:\/\/ibecbarcelona.eu\/wp-content\/uploads\/2025\/12\/P1066280_recorte-300x225.jpg 300w, https:\/\/ibecbarcelona.eu\/wp-content\/uploads\/2025\/12\/P1066280_recorte-768x576.jpg 768w, https:\/\/ibecbarcelona.eu\/wp-content\/uploads\/2025\/12\/P1066280_recorte-1536x1152.jpg 1536w, https:\/\/ibecbarcelona.eu\/wp-content\/uploads\/2025\/12\/P1066280_recorte-2048x1536.jpg 2048w\" data-sizes=\"(max-width: 1024px) 100vw, 1024px\" src=\"data:image\/svg+xml;base64,PHN2ZyB3aWR0aD0iMSIgaGVpZ2h0PSIxIiB4bWxucz0iaHR0cDovL3d3dy53My5vcmcvMjAwMC9zdmciPjwvc3ZnPg==\" style=\"--smush-placeholder-width: 1024px; --smush-placeholder-aspect-ratio: 1024\/768;\" \/> <\/div><div class=\"inner-post-content\"><div class=\"post-meta post-meta-category below\"><div class=\"post-meta-time-author\"><div class=\"time_meta\"><time datetime=\"2025-12-17T11:20:10+01:00\">Dic 17, 2025<\/time><\/div><\/div><\/div><h2 class=\"post-title\"><a href=\"https:\/\/ibecbarcelona.eu\/es\/josep-samitier-deja-la-direccion-del-ibec-despues-de-trece-anos\" target=\"_self\" rel=\"bookmark\">Josep Samitier deja la direcci\u00f3n del IBEC despu\u00e9s de trece a\u00f1os<\/a><\/h2> <div class=\"post-excerpt\"><p>Josep Samitier dejar\u00e1 la direcci\u00f3n del Instituto de Bioingenier\u00eda de Catalu\u00f1a (IBEC) el 31 de diciembre de 2025. Bajo la direcci\u00f3n de Samitier desde 2013, el IBEC se ha consolidado como un referente en bioingenier\u00eda, destacando como una instituci\u00f3n l\u00edder en investigaci\u00f3n de excelencia en Espa\u00f1a. Manuel Salmeron, profesor ICREA en el IBEC, se har\u00e1 cargo de la direcci\u00f3n interina del IBEC por encargo del patronato de la Fundaci\u00f3n.<\/p><\/div><\/div><\/div><\/article><article id=\"grid-article-130572\" class=\"post-item  grid-column-1 grid_style4 \" data-id=\"130572\" data-category=\"94\"><div class=\"post-content-area left\"><a class=\"post-link\" target=\"_self\" href=https:\/\/ibecbarcelona.eu\/es\/el-ibec-y-el-hospital-west-china%C2%A0-celebran-en-barcelona-su-tercera-conferencia-conjunta-de-medicina-de-precision><div class=\"hover-excerpt\">Esta semana ha tenido lugar en Barcelona la tercera Conferencia de Medicina de Precisi\u00f3n IBEC-WCH, un encuentro que consolid\u00f3 la alianza estrat\u00e9gica entre el Instituto de Bioingenier\u00eda de Catalu\u00f1a (IBEC) y el Hospital West China de la Universidad de Sichuan (WCHSU). La delegaci\u00f3n china visit\u00f3 Espa\u00f1a del 26 al 29 de noviembre, participando en un programa intensivo de actividades cient\u00edficas, institucionales y de intercambio entre ambos centros.<\/div><\/a><div class=\"post-image\"><img decoding=\"async\" width=\"1024\" height=\"576\" data-src=\"https:\/\/ibecbarcelona.eu\/wp-content\/uploads\/2025\/11\/Foto-grupal_edit-1024x576.jpg\" class=\"attachment-large size-large wp-post-image lazyload\" alt=\"\" data-srcset=\"https:\/\/ibecbarcelona.eu\/wp-content\/uploads\/2025\/11\/Foto-grupal_edit-1024x576.jpg 1024w, https:\/\/ibecbarcelona.eu\/wp-content\/uploads\/2025\/11\/Foto-grupal_edit-300x169.jpg 300w, https:\/\/ibecbarcelona.eu\/wp-content\/uploads\/2025\/11\/Foto-grupal_edit-768x432.jpg 768w, https:\/\/ibecbarcelona.eu\/wp-content\/uploads\/2025\/11\/Foto-grupal_edit-1536x864.jpg 1536w, https:\/\/ibecbarcelona.eu\/wp-content\/uploads\/2025\/11\/Foto-grupal_edit.jpg 1627w\" data-sizes=\"(max-width: 1024px) 100vw, 1024px\" src=\"data:image\/svg+xml;base64,PHN2ZyB3aWR0aD0iMSIgaGVpZ2h0PSIxIiB4bWxucz0iaHR0cDovL3d3dy53My5vcmcvMjAwMC9zdmciPjwvc3ZnPg==\" style=\"--smush-placeholder-width: 1024px; --smush-placeholder-aspect-ratio: 1024\/576;\" \/> <\/div><div class=\"inner-post-content\"><div class=\"post-meta post-meta-category below\"><div class=\"post-meta-time-author\"><div class=\"time_meta\"><time datetime=\"2025-11-28T15:25:09+01:00\">Nov 28, 2025<\/time><\/div><\/div><\/div><h2 class=\"post-title\"><a href=\"https:\/\/ibecbarcelona.eu\/es\/el-ibec-y-el-hospital-west-china%C2%A0-celebran-en-barcelona-su-tercera-conferencia-conjunta-de-medicina-de-precision\" target=\"_self\" rel=\"bookmark\">El IBEC y el Hospital West China\u00a0 celebran en Barcelona su tercera Conferencia conjunta de Medicina de Precisi\u00f3n<\/a><\/h2> <div class=\"post-excerpt\"><p>Esta semana ha tenido lugar en Barcelona la tercera Conferencia de Medicina de Precisi\u00f3n IBEC-WCH, un encuentro que consolid\u00f3 la alianza estrat\u00e9gica entre el Instituto de Bioingenier\u00eda de Catalu\u00f1a (IBEC) y el Hospital West China de la Universidad de Sichuan (WCHSU). La delegaci\u00f3n china visit\u00f3 Espa\u00f1a del 26 al 29 de noviembre, participando en un programa intensivo de actividades cient\u00edficas, institucionales y de intercambio entre ambos centros.<\/p><\/div><\/div><\/div><\/article><article id=\"grid-article-130173\" class=\"post-item  grid-column-1 grid_style4 \" data-id=\"130173\" data-category=\"95\"><div class=\"post-content-area left\"><a class=\"post-link\" target=\"_self\" href=https:\/\/ibecbarcelona.eu\/es\/la-razon-nuestro-chip-evalua-si-un-farmaco-puede-llegar-al-cerebro-de-un-determinado-paciente\/><div class=\"hover-excerpt\">Anna Lagunas, Investigadora del Instituto de Bioingenier\u00eda de Catalu\u00f1a (IBEC), es una de las autoras del dispositivo\nque imita la barrera hematoencef\u00e1lica.<\/div><\/a><div class=\"post-image\"><img decoding=\"async\" width=\"1024\" height=\"683\" data-src=\"https:\/\/ibecbarcelona.eu\/wp-content\/uploads\/2025\/11\/ALagunas_Olfato-2-1024x683.jpg\" class=\"attachment-large size-large wp-post-image lazyload\" alt=\"\" data-srcset=\"https:\/\/ibecbarcelona.eu\/wp-content\/uploads\/2025\/11\/ALagunas_Olfato-2-1024x683.jpg 1024w, https:\/\/ibecbarcelona.eu\/wp-content\/uploads\/2025\/11\/ALagunas_Olfato-2-300x200.jpg 300w, https:\/\/ibecbarcelona.eu\/wp-content\/uploads\/2025\/11\/ALagunas_Olfato-2-768x512.jpg 768w, https:\/\/ibecbarcelona.eu\/wp-content\/uploads\/2025\/11\/ALagunas_Olfato-2-1536x1024.jpg 1536w, https:\/\/ibecbarcelona.eu\/wp-content\/uploads\/2025\/11\/ALagunas_Olfato-2-2048x1365.jpg 2048w, https:\/\/ibecbarcelona.eu\/wp-content\/uploads\/2025\/11\/ALagunas_Olfato-2-1200x800.jpg 1200w, https:\/\/ibecbarcelona.eu\/wp-content\/uploads\/2025\/11\/ALagunas_Olfato-2-600x400.jpg 600w\" data-sizes=\"(max-width: 1024px) 100vw, 1024px\" src=\"data:image\/svg+xml;base64,PHN2ZyB3aWR0aD0iMSIgaGVpZ2h0PSIxIiB4bWxucz0iaHR0cDovL3d3dy53My5vcmcvMjAwMC9zdmciPjwvc3ZnPg==\" style=\"--smush-placeholder-width: 1024px; --smush-placeholder-aspect-ratio: 1024\/683;\" \/> <\/div><div class=\"inner-post-content\"><div class=\"post-meta post-meta-category below\"><div class=\"post-meta-time-author\"><div class=\"time_meta\"><time datetime=\"2025-11-09T06:00:00+01:00\">Nov 9, 2025<\/time><\/div><\/div><\/div><h2 class=\"post-title\"><a href=\"https:\/\/ibecbarcelona.eu\/es\/la-razon-nuestro-chip-evalua-si-un-farmaco-puede-llegar-al-cerebro-de-un-determinado-paciente\/\" target=\"_self\" rel=\"bookmark\">La Raz\u00f3n: \u00abNuestro chip eval\u00faa si un f\u00e1rmaco puede llegar al cerebro de un determinado paciente\u00bb<\/a><\/h2> <div class=\"post-excerpt\"><p>Anna Lagunas, Investigadora del Instituto de Bioingenier\u00eda de Catalu\u00f1a (IBEC), es una de las autoras del dispositivo\nque imita la barrera hematoencef\u00e1lica.<\/p><\/div><\/div><\/div><\/article><article id=\"grid-article-129271\" class=\"post-item  grid-column-1 grid_style4 \" data-id=\"129271\" data-category=\"94\"><div class=\"post-content-area left\"><a class=\"post-link\" target=\"_self\" href=https:\/\/ibecbarcelona.eu\/es\/bioingenieria-para-la-medicina-de-precision-en-el-18-simposio-del-ibec><div class=\"hover-excerpt\">El 18\u00ba Simposio anual del IBEC se centr\u00f3 en &#8216;Bioingenier\u00eda para la Medicina de Precisi\u00f3n&#8217;, una de las \u00e1reas clave de aplicaci\u00f3n del IBEC. Fueron cerca de 300 las personas asistentes al evento, entre las que se encontraba personal investigador local e internacional. Un ambiente multidisciplinar en el que expertos y expertas de otros centros y la propia comunidad del IBEC tuvieron la oportunidad de presentar sus proyectos e intercambiar conocimiento.\n<\/div><\/a><div class=\"post-image\"><img decoding=\"async\" width=\"1024\" height=\"683\" data-src=\"https:\/\/ibecbarcelona.eu\/wp-content\/uploads\/2025\/10\/RB_4965w-1024x683.jpg\" class=\"attachment-large size-large wp-post-image lazyload\" alt=\"\" data-srcset=\"https:\/\/ibecbarcelona.eu\/wp-content\/uploads\/2025\/10\/RB_4965w-1024x683.jpg 1024w, https:\/\/ibecbarcelona.eu\/wp-content\/uploads\/2025\/10\/RB_4965w-300x200.jpg 300w, https:\/\/ibecbarcelona.eu\/wp-content\/uploads\/2025\/10\/RB_4965w-768x512.jpg 768w, https:\/\/ibecbarcelona.eu\/wp-content\/uploads\/2025\/10\/RB_4965w-1536x1024.jpg 1536w, https:\/\/ibecbarcelona.eu\/wp-content\/uploads\/2025\/10\/RB_4965w-1200x800.jpg 1200w, https:\/\/ibecbarcelona.eu\/wp-content\/uploads\/2025\/10\/RB_4965w-600x400.jpg 600w, https:\/\/ibecbarcelona.eu\/wp-content\/uploads\/2025\/10\/RB_4965w.jpg 2048w\" data-sizes=\"(max-width: 1024px) 100vw, 1024px\" src=\"data:image\/svg+xml;base64,PHN2ZyB3aWR0aD0iMSIgaGVpZ2h0PSIxIiB4bWxucz0iaHR0cDovL3d3dy53My5vcmcvMjAwMC9zdmciPjwvc3ZnPg==\" style=\"--smush-placeholder-width: 1024px; --smush-placeholder-aspect-ratio: 1024\/683;\" \/> <\/div><div class=\"inner-post-content\"><div class=\"post-meta post-meta-category below\"><div class=\"post-meta-time-author\"><div class=\"time_meta\"><time datetime=\"2025-10-17T14:58:12+02:00\">Oct 17, 2025<\/time><\/div><\/div><\/div><h2 class=\"post-title\"><a href=\"https:\/\/ibecbarcelona.eu\/es\/bioingenieria-para-la-medicina-de-precision-en-el-18-simposio-del-ibec\" target=\"_self\" rel=\"bookmark\">Bioingenier\u00eda para la medicina de precisi\u00f3n en el 18\u00ba Simposio del IBEC<\/a><\/h2> <div class=\"post-excerpt\"><p>El 18\u00ba Simposio anual del IBEC se centr\u00f3 en &#8216;Bioingenier\u00eda para la Medicina de Precisi\u00f3n&#8217;, una de las \u00e1reas clave de aplicaci\u00f3n del IBEC. Fueron cerca de 300 las personas asistentes al evento, entre las que se encontraba personal investigador local e internacional. Un ambiente multidisciplinar en el que expertos y expertas de otros centros y la propia comunidad del IBEC tuvieron la oportunidad de presentar sus proyectos e intercambiar conocimiento.\n<\/p><\/div><\/div><\/div><\/article><article id=\"grid-article-130445\" class=\"post-item  grid-column-1 grid_style4 \" data-id=\"130445\" data-category=\"95\"><div class=\"post-content-area left\"><a class=\"post-link\" target=\"_self\" href=https:\/\/ibecbarcelona.eu\/es\/la-vanguardia-como-mejorar-el-desarrollo-de-farmacos-que-lleguen-al-cerebro\/><div class=\"hover-excerpt\">El IBEC dise\u00f1a un chip que simula la barrera hematoencef\u00e1lica.<\/div><\/a><div class=\"post-image\"><img decoding=\"async\" width=\"1024\" height=\"358\" data-src=\"https:\/\/ibecbarcelona.eu\/wp-content\/uploads\/2025\/11\/BigVang_ESP_2-1024x358.png\" class=\"attachment-large size-large wp-post-image lazyload\" alt=\"\" data-srcset=\"https:\/\/ibecbarcelona.eu\/wp-content\/uploads\/2025\/11\/BigVang_ESP_2-1024x358.png 1024w, https:\/\/ibecbarcelona.eu\/wp-content\/uploads\/2025\/11\/BigVang_ESP_2-300x105.png 300w, https:\/\/ibecbarcelona.eu\/wp-content\/uploads\/2025\/11\/BigVang_ESP_2-768x268.png 768w, https:\/\/ibecbarcelona.eu\/wp-content\/uploads\/2025\/11\/BigVang_ESP_2.png 1108w\" data-sizes=\"(max-width: 1024px) 100vw, 1024px\" src=\"data:image\/svg+xml;base64,PHN2ZyB3aWR0aD0iMSIgaGVpZ2h0PSIxIiB4bWxucz0iaHR0cDovL3d3dy53My5vcmcvMjAwMC9zdmciPjwvc3ZnPg==\" style=\"--smush-placeholder-width: 1024px; --smush-placeholder-aspect-ratio: 1024\/358;\" \/> <\/div><div class=\"inner-post-content\"><div class=\"post-meta post-meta-category below\"><div class=\"post-meta-time-author\"><div class=\"time_meta\"><time datetime=\"2025-10-06T06:00:00+02:00\">Oct 6, 2025<\/time><\/div><\/div><\/div><h2 class=\"post-title\"><a href=\"https:\/\/ibecbarcelona.eu\/es\/la-vanguardia-como-mejorar-el-desarrollo-de-farmacos-que-lleguen-al-cerebro\/\" target=\"_self\" rel=\"bookmark\">LA VANGUARDIA: \u00bfC\u00f3mo mejorar el desarrollo de f\u00e1rmacos que lleguen al cerebro?<\/a><\/h2> <div class=\"post-excerpt\"><p>El IBEC dise\u00f1a un chip que simula la barrera hematoencef\u00e1lica.<\/p><\/div><\/div><\/div><\/article><div class=\"gutentastic-pagination-loading-container\"><\/div><\/div><div class=\"gutentastic-pagination center gutentastic-navigation gutentastic-pagination-style1 ajax 0\" data-paged=\"1\"><span aria-current=\"page\" class=\"page-numbers current\">1<\/span>\n<a class=\"page-numbers\" href=\"https:\/\/ibecbarcelona.eu\/es\/wp-json\/wp\/v2\/pages\/17122\/?paged0=2\">2<\/a>\n<a class=\"page-numbers\" href=\"https:\/\/ibecbarcelona.eu\/es\/wp-json\/wp\/v2\/pages\/17122\/?paged0=3\">3<\/a>\n<span class=\"page-numbers dots\">&hellip;<\/span>\n<a class=\"page-numbers\" href=\"https:\/\/ibecbarcelona.eu\/es\/wp-json\/wp\/v2\/pages\/17122\/?paged0=9\">9<\/a>\n<a class=\"next page-numbers\" href=\"https:\/\/ibecbarcelona.eu\/es\/wp-json\/wp\/v2\/pages\/17122\/?paged0=2\">Next<i class=\"dashicons dashicons-arrow-right-alt2\"><\/i><\/a><\/div><\/div>\n\n\n<\/div><h2 class=\"tabtitle\">Jobs<\/h2>\n<div class=\"tabcontent\">\n\n\n\n<div id=\"gutentastic-grid-0\" class=\"wp-block-gutentastic-post-layouts grid_style4   gutentastic-grid\" data-layout=\"grid_style4\" data-columns=\"1\" data-readmore=\"\" style=\"--block-title-color:var(--accent);--block-text-color:var(--contrast-2);--block-hover-color:var(--contrast-2);--item-gap : 0.5px; --item-gap-negative : -0.5px; --item-margin-bottom : 1px; --item-height: 285px; --image-height:; --columns-number:1;\"><div id=\"grid-posts\" class=\"grid-posts grid-column-12\"><article id=\"grid-article-132845\" class=\"post-item  grid-column-1 grid_style4 \" data-id=\"132845\" data-category=\"45\"><div class=\"post-content-area left\"><a class=\"post-link\" target=\"_self\" href=https:\/\/ibecbarcelona.eu\/es\/laboratory-technician-at-the-nanobioengineering-research-group-5\/><div class=\"hover-excerpt\">Ref : JS_LT \/Def: 06\/04\/2026<\/div><\/a><div class=\"inner-post-content\"><div class=\"post-meta post-meta-category below\"><div class=\"post-meta-time-author\"><div class=\"time_meta\"><time datetime=\"2026-03-18T11:48:48+01:00\">Mar 18, 2026<\/time><\/div><\/div><\/div><h2 class=\"post-title\"><a href=\"https:\/\/ibecbarcelona.eu\/es\/laboratory-technician-at-the-nanobioengineering-research-group-5\/\" target=\"_self\" rel=\"bookmark\">Laboratory Technician at the Nanobioengineering Research Group<\/a><\/h2> <div class=\"post-excerpt\"><p>Ref : JS_LT \/Def: 06\/04\/2026<\/p><\/div><\/div><\/div><\/article><article id=\"grid-article-131567\" class=\"post-item  grid-column-1 grid_style4 \" data-id=\"131567\" data-category=\"45\"><div class=\"post-content-area left\"><a class=\"post-link\" target=\"_self\" href=https:\/\/ibecbarcelona.eu\/es\/laboratory-technician-in-computational-microfluidic-modelling-at-the-nanobiengineering-research-group\/><div class=\"hover-excerpt\">Ref: LT-AV \/\/ Deadline: 3\/02\/2026<\/div><\/a><div class=\"inner-post-content\"><div class=\"post-meta post-meta-category below\"><div class=\"post-meta-time-author\"><div class=\"time_meta\"><time datetime=\"2026-01-20T15:30:59+01:00\">Ene 20, 2026<\/time><\/div><\/div><\/div><h2 class=\"post-title\"><a href=\"https:\/\/ibecbarcelona.eu\/es\/laboratory-technician-in-computational-microfluidic-modelling-at-the-nanobiengineering-research-group\/\" target=\"_self\" rel=\"bookmark\">Laboratory\u00a0Technician\u00a0in\u00a0Computational &#038; Microfluidic\u00a0Modelling\u00a0at the\u00a0Nanobiengineering\u00a0Research Group\u00a0\u00a0<\/a><\/h2> <div class=\"post-excerpt\"><p>Ref: LT-AV \/\/ Deadline: 3\/02\/2026<\/p><\/div><\/div><\/div><\/article><article id=\"grid-article-131115\" class=\"post-item  grid-column-1 grid_style4 \" data-id=\"131115\" data-category=\"45\"><div class=\"post-content-area left\"><a class=\"post-link\" target=\"_self\" href=https:\/\/ibecbarcelona.eu\/es\/predoctoral-researcher-in-bioengineering-for-personalized-pediatric-oncology-project-magneto-2\/><div class=\"hover-excerpt\">Ref: FPI-AV \/\/ Deadline: 02\/01\/2026<\/div><\/a><div class=\"inner-post-content\"><div class=\"post-meta post-meta-category below\"><div class=\"post-meta-time-author\"><div class=\"time_meta\"><time datetime=\"2025-12-22T16:49:01+01:00\">Dic 22, 2025<\/time><\/div><\/div><\/div><h2 class=\"post-title\"><a href=\"https:\/\/ibecbarcelona.eu\/es\/predoctoral-researcher-in-bioengineering-for-personalized-pediatric-oncology-project-magneto-2\/\" target=\"_self\" rel=\"bookmark\">Predoctoral Researcher in Bioengineering for Personalized Pediatric Oncology (Project Magneto)\u00a0<\/a><\/h2> <div class=\"post-excerpt\"><p>Ref: FPI-AV \/\/ Deadline: 02\/01\/2026<\/p><\/div><\/div><\/div><\/article><article id=\"grid-article-130026\" class=\"post-item  grid-column-1 grid_style4 \" data-id=\"130026\" data-category=\"45\"><div class=\"post-content-area left\"><a class=\"post-link\" target=\"_self\" href=https:\/\/ibecbarcelona.eu\/es\/postdosctoral-researcher-at-the-nanobioengineering-research-group\/><div class=\"hover-excerpt\">Ref: JS-PR \/\/ Deadline: 27\/12\/2025<\/div><\/a><div class=\"inner-post-content\"><div class=\"post-meta post-meta-category below\"><div class=\"post-meta-time-author\"><div class=\"time_meta\"><time datetime=\"2025-11-27T11:59:57+01:00\">Nov 27, 2025<\/time><\/div><\/div><\/div><h2 class=\"post-title\"><a href=\"https:\/\/ibecbarcelona.eu\/es\/postdosctoral-researcher-at-the-nanobioengineering-research-group\/\" target=\"_self\" rel=\"bookmark\">Postdosctoral Researcher at the Nanobioengineering Research Group\u00a0<\/a><\/h2> <div class=\"post-excerpt\"><p>Ref: JS-PR \/\/ Deadline: 27\/12\/2025<\/p><\/div><\/div><\/div><\/article><article id=\"grid-article-128920\" class=\"post-item  grid-column-1 grid_style4 \" data-id=\"128920\" data-category=\"45\"><div class=\"post-content-area left\"><a class=\"post-link\" target=\"_self\" href=https:\/\/ibecbarcelona.eu\/es\/laboratory-technician-at-the-nanobioengineering-research-group-4\/><div class=\"hover-excerpt\">Ref: LT-JS \/\/ Deadline: 18\/10\/2025<\/div><\/a><div class=\"inner-post-content\"><div class=\"post-meta post-meta-category below\"><div class=\"post-meta-time-author\"><div class=\"time_meta\"><time datetime=\"2025-10-07T16:26:08+02:00\">Oct 7, 2025<\/time><\/div><\/div><\/div><h2 class=\"post-title\"><a href=\"https:\/\/ibecbarcelona.eu\/es\/laboratory-technician-at-the-nanobioengineering-research-group-4\/\" target=\"_self\" rel=\"bookmark\">Laboratory Technician at the Nanobioengineering Research Group<\/a><\/h2> <div class=\"post-excerpt\"><p>Ref: LT-JS \/\/ Deadline: 18\/10\/2025<\/p><\/div><\/div><\/div><\/article><article id=\"grid-article-128772\" class=\"post-item  grid-column-1 grid_style4 \" data-id=\"128772\" data-category=\"45\"><div class=\"post-content-area left\"><a class=\"post-link\" target=\"_self\" href=https:\/\/ibecbarcelona.eu\/es\/senior-researcher-at-the-nanobioengineering-research-group\/><div class=\"hover-excerpt\">Ref: SR-JS \/\/ Deadline: 16\/10\/2025<\/div><\/a><div class=\"inner-post-content\"><div class=\"post-meta post-meta-category below\"><div class=\"post-meta-time-author\"><div class=\"time_meta\"><time datetime=\"2025-10-03T11:24:55+02:00\">Oct 3, 2025<\/time><\/div><\/div><\/div><h2 class=\"post-title\"><a href=\"https:\/\/ibecbarcelona.eu\/es\/senior-researcher-at-the-nanobioengineering-research-group\/\" target=\"_self\" rel=\"bookmark\">Senior Researcher at the Nanobioengineering Research Group<\/a><\/h2> <div class=\"post-excerpt\"><p>Ref: SR-JS \/\/ Deadline: 16\/10\/2025<\/p><\/div><\/div><\/div><\/article><article id=\"grid-article-127685\" class=\"post-item  grid-column-1 grid_style4 \" data-id=\"127685\" data-category=\"45\"><div class=\"post-content-area left\"><a class=\"post-link\" target=\"_self\" href=https:\/\/ibecbarcelona.eu\/es\/senior-researcher-at-the-biomaterials-for-neural-regeneration-research-group\/><div class=\"hover-excerpt\">Ref: SR_JS \/\/ Deadline: 04\/08\/2025<\/div><\/a><div class=\"inner-post-content\"><div class=\"post-meta post-meta-category below\"><div class=\"post-meta-time-author\"><div class=\"time_meta\"><time datetime=\"2025-07-23T11:15:25+02:00\">Jul 23, 2025<\/time><\/div><\/div><\/div><h2 class=\"post-title\"><a href=\"https:\/\/ibecbarcelona.eu\/es\/senior-researcher-at-the-biomaterials-for-neural-regeneration-research-group\/\" target=\"_self\" rel=\"bookmark\">Senior Researcher at the Biomaterials for neural Regeneration Research Group<\/a><\/h2> <div class=\"post-excerpt\"><p>Ref: SR_JS \/\/ Deadline: 04\/08\/2025<\/p><\/div><\/div><\/div><\/article><article id=\"grid-article-124996\" class=\"post-item  grid-column-1 grid_style4 \" data-id=\"124996\" data-category=\"45\"><div class=\"post-content-area left\"><a class=\"post-link\" target=\"_self\" href=https:\/\/ibecbarcelona.eu\/es\/laboratory-assistant-at-nanobioengineering-the-research-group-unit\/><div class=\"hover-excerpt\">Ref: LA-JS \/\/ Deadline: 15\/04\/2025<\/div><\/a><div class=\"inner-post-content\"><div class=\"post-meta post-meta-category below\"><div class=\"post-meta-time-author\"><div class=\"time_meta\"><time datetime=\"2025-04-01T15:21:41+02:00\">Abr 1, 2025<\/time><\/div><\/div><\/div><h2 class=\"post-title\"><a href=\"https:\/\/ibecbarcelona.eu\/es\/laboratory-assistant-at-nanobioengineering-the-research-group-unit\/\" target=\"_self\" rel=\"bookmark\">Laboratory Assistant at Nanobioengineering the Research Group Unit<\/a><\/h2> <div class=\"post-excerpt\"><p>Ref: LA-JS \/\/ Deadline: 15\/04\/2025<\/p><\/div><\/div><\/div><\/article><article id=\"grid-article-120835\" class=\"post-item  grid-column-1 grid_style4 \" data-id=\"120835\" data-category=\"45\"><div class=\"post-content-area left\"><a class=\"post-link\" target=\"_self\" href=https:\/\/ibecbarcelona.eu\/es\/research-assistant-position-at-the-nanobioengineering-and-nanoprobes-and-nanoswitches-research-groups\/><div class=\"hover-excerpt\">Ref: RA_JS\/\/Deadline: 05\/11\/2024<\/div><\/a><div class=\"inner-post-content\"><div class=\"post-meta post-meta-category below\"><div class=\"post-meta-time-author\"><div class=\"time_meta\"><time datetime=\"2024-10-23T17:33:57+02:00\">Oct 23, 2024<\/time><\/div><\/div><\/div><h2 class=\"post-title\"><a href=\"https:\/\/ibecbarcelona.eu\/es\/research-assistant-position-at-the-nanobioengineering-and-nanoprobes-and-nanoswitches-research-groups\/\" target=\"_self\" rel=\"bookmark\">Research Assistant position at the Nanobioengineering, and Nanoprobes and Nanoswitches Research Groups<\/a><\/h2> <div class=\"post-excerpt\"><p>Ref: RA_JS\/\/Deadline: 05\/11\/2024<\/p><\/div><\/div><\/div><\/article><article id=\"grid-article-120125\" class=\"post-item  grid-column-1 grid_style4 \" data-id=\"120125\" data-category=\"45\"><div class=\"post-content-area left\"><a class=\"post-link\" target=\"_self\" href=https:\/\/ibecbarcelona.eu\/es\/research-assistant-at-the-nanobioengineering-research-group-2\/><div class=\"hover-excerpt\">Ref: RA-JS \/\/ Deadline: 26\/08\/2024<\/div><\/a><div class=\"inner-post-content\"><div class=\"post-meta post-meta-category below\"><div class=\"post-meta-time-author\"><div class=\"time_meta\"><time datetime=\"2024-08-21T11:22:22+02:00\">Ago 21, 2024<\/time><\/div><\/div><\/div><h2 class=\"post-title\"><a href=\"https:\/\/ibecbarcelona.eu\/es\/research-assistant-at-the-nanobioengineering-research-group-2\/\" target=\"_self\" rel=\"bookmark\">Research Assistant at the Nanobioengineering Research Group<\/a><\/h2> <div class=\"post-excerpt\"><p>Ref: RA-JS \/\/ Deadline: 26\/08\/2024<\/p><\/div><\/div><\/div><\/article><div class=\"gutentastic-pagination-loading-container\"><\/div><\/div><div class=\"gutentastic-pagination center gutentastic-navigation gutentastic-pagination-style1 ajax 0\" data-paged=\"1\"><span aria-current=\"page\" class=\"page-numbers current\">1<\/span>\n<a class=\"page-numbers\" href=\"https:\/\/ibecbarcelona.eu\/es\/wp-json\/wp\/v2\/pages\/17122\/?paged0=2\">2<\/a>\n<a class=\"next page-numbers\" href=\"https:\/\/ibecbarcelona.eu\/es\/wp-json\/wp\/v2\/pages\/17122\/?paged0=2\">Next<i class=\"dashicons dashicons-arrow-right-alt2\"><\/i><\/a><\/div><\/div>\n\n<\/div><\/div>\n","protected":false},"excerpt":{"rendered":"<p>The Nanobioengineering group is a truly multidisciplinary team composed by researchers coming from very diverse backgrounds working together in applying nanotechnology for the development of new biomedical systems and devices, &#8230; <a title=\"Nanobioengineering\" class=\"read-more\" href=\"https:\/\/ibecbarcelona.eu\/es\/nanobioengineering\" aria-label=\"More on Nanobioengineering\">Read more<\/a><\/p>\n","protected":false},"author":4,"featured_media":122278,"parent":12216,"menu_order":0,"comment_status":"closed","ping_status":"closed","template":"","meta":{"footnotes":""},"tags":[],"class_list":["post-17122","page","type-page","status-publish","has-post-thumbnail"],"yoast_head":"<!-- This site is optimized with the Yoast SEO plugin v27.5 - https:\/\/yoast.com\/product\/yoast-seo-wordpress\/ -->\n<title>Nanobioengineering - Institute for Bioengineering of Catalonia<\/title>\n<meta name=\"robots\" content=\"index, follow, max-snippet:-1, max-image-preview:large, max-video-preview:-1\" \/>\n<link rel=\"canonical\" href=\"https:\/\/ibecbarcelona.eu\/es\/nanobioengineering\/\" \/>\n<meta property=\"og:locale\" content=\"es_ES\" \/>\n<meta property=\"og:type\" content=\"article\" \/>\n<meta property=\"og:title\" content=\"Nanobioengineering - Institute for Bioengineering of Catalonia\" \/>\n<meta property=\"og:description\" content=\"The Nanobioengineering group is a truly multidisciplinary team composed by researchers coming from very diverse backgrounds working together in applying nanotechnology for the development of new biomedical systems and devices, ... Read more\" \/>\n<meta property=\"og:url\" content=\"https:\/\/ibecbarcelona.eu\/es\/nanobioengineering\/\" \/>\n<meta property=\"og:site_name\" content=\"Institute for Bioengineering of Catalonia\" \/>\n<meta property=\"article:modified_time\" content=\"2026-01-16T13:57:16+00:00\" \/>\n<meta property=\"og:image\" content=\"https:\/\/ibecbarcelona.eu\/wp-content\/uploads\/2024\/12\/SELECTED-GroupPhoto_JSamitier_WEB-1024x308.png\" \/>\n\t<meta property=\"og:image:width\" content=\"1024\" \/>\n\t<meta property=\"og:image:height\" content=\"308\" \/>\n\t<meta property=\"og:image:type\" content=\"image\/png\" \/>\n<meta name=\"twitter:card\" content=\"summary_large_image\" \/>\n<meta name=\"twitter:label1\" content=\"Tiempo de lectura\" \/>\n\t<meta name=\"twitter:data1\" content=\"7 minutos\" \/>\n<script type=\"application\/ld+json\" class=\"yoast-schema-graph\">{\"@context\":\"https:\\\/\\\/schema.org\",\"@graph\":[{\"@type\":\"WebPage\",\"@id\":\"https:\\\/\\\/ibecbarcelona.eu\\\/es\\\/nanobioengineering\\\/\",\"url\":\"https:\\\/\\\/ibecbarcelona.eu\\\/es\\\/nanobioengineering\\\/\",\"name\":\"Nanobioengineering - Institute for Bioengineering of Catalonia\",\"isPartOf\":{\"@id\":\"https:\\\/\\\/ibecbarcelona.eu\\\/#website\"},\"primaryImageOfPage\":{\"@id\":\"https:\\\/\\\/ibecbarcelona.eu\\\/es\\\/nanobioengineering\\\/#primaryimage\"},\"image\":{\"@id\":\"https:\\\/\\\/ibecbarcelona.eu\\\/es\\\/nanobioengineering\\\/#primaryimage\"},\"thumbnailUrl\":\"https:\\\/\\\/ibecbarcelona.eu\\\/wp-content\\\/uploads\\\/2024\\\/12\\\/SELECTED-GroupPhoto_JSamitier_WEB.png\",\"datePublished\":\"2014-12-10T15:22:39+00:00\",\"dateModified\":\"2026-01-16T13:57:16+00:00\",\"breadcrumb\":{\"@id\":\"https:\\\/\\\/ibecbarcelona.eu\\\/es\\\/nanobioengineering\\\/#breadcrumb\"},\"inLanguage\":\"es\",\"potentialAction\":[{\"@type\":\"ReadAction\",\"target\":[\"https:\\\/\\\/ibecbarcelona.eu\\\/es\\\/nanobioengineering\\\/\"]}]},{\"@type\":\"ImageObject\",\"inLanguage\":\"es\",\"@id\":\"https:\\\/\\\/ibecbarcelona.eu\\\/es\\\/nanobioengineering\\\/#primaryimage\",\"url\":\"https:\\\/\\\/ibecbarcelona.eu\\\/wp-content\\\/uploads\\\/2024\\\/12\\\/SELECTED-GroupPhoto_JSamitier_WEB.png\",\"contentUrl\":\"https:\\\/\\\/ibecbarcelona.eu\\\/wp-content\\\/uploads\\\/2024\\\/12\\\/SELECTED-GroupPhoto_JSamitier_WEB.png\",\"width\":2560,\"height\":770},{\"@type\":\"BreadcrumbList\",\"@id\":\"https:\\\/\\\/ibecbarcelona.eu\\\/es\\\/nanobioengineering\\\/#breadcrumb\",\"itemListElement\":[{\"@type\":\"ListItem\",\"position\":1,\"name\":\"Home\",\"item\":\"https:\\\/\\\/ibecbarcelona.eu\\\/es\\\/\"},{\"@type\":\"ListItem\",\"position\":2,\"name\":\"Research groups\",\"item\":\"https:\\\/\\\/ibecbarcelona.eu\\\/es\\\/research-groups\\\/\"},{\"@type\":\"ListItem\",\"position\":3,\"name\":\"Nanobioengineering\"}]},{\"@type\":\"WebSite\",\"@id\":\"https:\\\/\\\/ibecbarcelona.eu\\\/#website\",\"url\":\"https:\\\/\\\/ibecbarcelona.eu\\\/\",\"name\":\"Institute for Bioengineering of Catalonia\",\"description\":\"Bioengineering solutions for health\",\"publisher\":{\"@id\":\"https:\\\/\\\/ibecbarcelona.eu\\\/#organization\"},\"potentialAction\":[{\"@type\":\"SearchAction\",\"target\":{\"@type\":\"EntryPoint\",\"urlTemplate\":\"https:\\\/\\\/ibecbarcelona.eu\\\/?s={search_term_string}\"},\"query-input\":{\"@type\":\"PropertyValueSpecification\",\"valueRequired\":true,\"valueName\":\"search_term_string\"}}],\"inLanguage\":\"es\"},{\"@type\":\"Organization\",\"@id\":\"https:\\\/\\\/ibecbarcelona.eu\\\/#organization\",\"name\":\"Institute for Bioengineering of Catalonia\",\"url\":\"https:\\\/\\\/ibecbarcelona.eu\\\/\",\"logo\":{\"@type\":\"ImageObject\",\"inLanguage\":\"es\",\"@id\":\"https:\\\/\\\/ibecbarcelona.eu\\\/#\\\/schema\\\/logo\\\/image\\\/\",\"url\":\"https:\\\/\\\/ibecbarcelona.eu\\\/wp-content\\\/uploads\\\/2026\\\/01\\\/cropped-IBEC_20ANYS_GRIS.png\",\"contentUrl\":\"https:\\\/\\\/ibecbarcelona.eu\\\/wp-content\\\/uploads\\\/2026\\\/01\\\/cropped-IBEC_20ANYS_GRIS.png\",\"width\":696,\"height\":257,\"caption\":\"Institute for Bioengineering of Catalonia\"},\"image\":{\"@id\":\"https:\\\/\\\/ibecbarcelona.eu\\\/#\\\/schema\\\/logo\\\/image\\\/\"}}]}<\/script>\n<!-- \/ Yoast SEO plugin. -->","yoast_head_json":{"title":"Nanobioengineering - Institute for Bioengineering of Catalonia","robots":{"index":"index","follow":"follow","max-snippet":"max-snippet:-1","max-image-preview":"max-image-preview:large","max-video-preview":"max-video-preview:-1"},"canonical":"https:\/\/ibecbarcelona.eu\/es\/nanobioengineering\/","og_locale":"es_ES","og_type":"article","og_title":"Nanobioengineering - Institute for Bioengineering of Catalonia","og_description":"The Nanobioengineering group is a truly multidisciplinary team composed by researchers coming from very diverse backgrounds working together in applying nanotechnology for the development of new biomedical systems and devices, ... Read more","og_url":"https:\/\/ibecbarcelona.eu\/es\/nanobioengineering\/","og_site_name":"Institute for Bioengineering of Catalonia","article_modified_time":"2026-01-16T13:57:16+00:00","og_image":[{"width":1024,"height":308,"url":"https:\/\/ibecbarcelona.eu\/wp-content\/uploads\/2024\/12\/SELECTED-GroupPhoto_JSamitier_WEB-1024x308.png","type":"image\/png"}],"twitter_card":"summary_large_image","twitter_misc":{"Tiempo de lectura":"7 minutos"},"schema":{"@context":"https:\/\/schema.org","@graph":[{"@type":"WebPage","@id":"https:\/\/ibecbarcelona.eu\/es\/nanobioengineering\/","url":"https:\/\/ibecbarcelona.eu\/es\/nanobioengineering\/","name":"Nanobioengineering - Institute for Bioengineering of Catalonia","isPartOf":{"@id":"https:\/\/ibecbarcelona.eu\/#website"},"primaryImageOfPage":{"@id":"https:\/\/ibecbarcelona.eu\/es\/nanobioengineering\/#primaryimage"},"image":{"@id":"https:\/\/ibecbarcelona.eu\/es\/nanobioengineering\/#primaryimage"},"thumbnailUrl":"https:\/\/ibecbarcelona.eu\/wp-content\/uploads\/2024\/12\/SELECTED-GroupPhoto_JSamitier_WEB.png","datePublished":"2014-12-10T15:22:39+00:00","dateModified":"2026-01-16T13:57:16+00:00","breadcrumb":{"@id":"https:\/\/ibecbarcelona.eu\/es\/nanobioengineering\/#breadcrumb"},"inLanguage":"es","potentialAction":[{"@type":"ReadAction","target":["https:\/\/ibecbarcelona.eu\/es\/nanobioengineering\/"]}]},{"@type":"ImageObject","inLanguage":"es","@id":"https:\/\/ibecbarcelona.eu\/es\/nanobioengineering\/#primaryimage","url":"https:\/\/ibecbarcelona.eu\/wp-content\/uploads\/2024\/12\/SELECTED-GroupPhoto_JSamitier_WEB.png","contentUrl":"https:\/\/ibecbarcelona.eu\/wp-content\/uploads\/2024\/12\/SELECTED-GroupPhoto_JSamitier_WEB.png","width":2560,"height":770},{"@type":"BreadcrumbList","@id":"https:\/\/ibecbarcelona.eu\/es\/nanobioengineering\/#breadcrumb","itemListElement":[{"@type":"ListItem","position":1,"name":"Home","item":"https:\/\/ibecbarcelona.eu\/es\/"},{"@type":"ListItem","position":2,"name":"Research groups","item":"https:\/\/ibecbarcelona.eu\/es\/research-groups\/"},{"@type":"ListItem","position":3,"name":"Nanobioengineering"}]},{"@type":"WebSite","@id":"https:\/\/ibecbarcelona.eu\/#website","url":"https:\/\/ibecbarcelona.eu\/","name":"Institute for Bioengineering of Catalonia","description":"Bioengineering solutions for health","publisher":{"@id":"https:\/\/ibecbarcelona.eu\/#organization"},"potentialAction":[{"@type":"SearchAction","target":{"@type":"EntryPoint","urlTemplate":"https:\/\/ibecbarcelona.eu\/?s={search_term_string}"},"query-input":{"@type":"PropertyValueSpecification","valueRequired":true,"valueName":"search_term_string"}}],"inLanguage":"es"},{"@type":"Organization","@id":"https:\/\/ibecbarcelona.eu\/#organization","name":"Institute for Bioengineering of Catalonia","url":"https:\/\/ibecbarcelona.eu\/","logo":{"@type":"ImageObject","inLanguage":"es","@id":"https:\/\/ibecbarcelona.eu\/#\/schema\/logo\/image\/","url":"https:\/\/ibecbarcelona.eu\/wp-content\/uploads\/2026\/01\/cropped-IBEC_20ANYS_GRIS.png","contentUrl":"https:\/\/ibecbarcelona.eu\/wp-content\/uploads\/2026\/01\/cropped-IBEC_20ANYS_GRIS.png","width":696,"height":257,"caption":"Institute for Bioengineering of Catalonia"},"image":{"@id":"https:\/\/ibecbarcelona.eu\/#\/schema\/logo\/image\/"}}]}},"AFP_featured_media_urls":{"full":["https:\/\/ibecbarcelona.eu\/wp-content\/uploads\/2024\/12\/SELECTED-GroupPhoto_JSamitier_WEB.png",2560,770,false],"thumbnail":["https:\/\/ibecbarcelona.eu\/wp-content\/uploads\/2024\/12\/SELECTED-GroupPhoto_JSamitier_WEB-150x150.png",150,150,true],"medium":["https:\/\/ibecbarcelona.eu\/wp-content\/uploads\/2024\/12\/SELECTED-GroupPhoto_JSamitier_WEB-300x90.png",300,90,true],"medium_large":["https:\/\/ibecbarcelona.eu\/wp-content\/uploads\/2024\/12\/SELECTED-GroupPhoto_JSamitier_WEB-768x231.png",768,231,true],"large":["https:\/\/ibecbarcelona.eu\/wp-content\/uploads\/2024\/12\/SELECTED-GroupPhoto_JSamitier_WEB-1024x308.png",1024,308,true]},"AFP_attachments":{"full":["https:\/\/ibecbarcelona.eu\/wp-content\/uploads\/2014\/12\/samitier2014_2.jpg",400,191,false],"thumbnail":["https:\/\/ibecbarcelona.eu\/wp-content\/uploads\/2014\/12\/samitier2014_2-150x150.jpg",150,150,true],"medium":["https:\/\/ibecbarcelona.eu\/wp-content\/uploads\/2014\/12\/samitier2014_2-300x143.jpg",300,143,true],"medium_large":["https:\/\/ibecbarcelona.eu\/wp-content\/uploads\/2014\/12\/samitier2014_2.jpg",400,191,false],"large":["https:\/\/ibecbarcelona.eu\/wp-content\/uploads\/2014\/12\/samitier2014_2.jpg",400,191,false]},"AFP_videos":[],"AFP_video_blocks":"","AFP_category_names":[],"_links":{"self":[{"href":"https:\/\/ibecbarcelona.eu\/es\/wp-json\/wp\/v2\/pages\/17122","targetHints":{"allow":["GET"]}}],"collection":[{"href":"https:\/\/ibecbarcelona.eu\/es\/wp-json\/wp\/v2\/pages"}],"about":[{"href":"https:\/\/ibecbarcelona.eu\/es\/wp-json\/wp\/v2\/types\/page"}],"author":[{"embeddable":true,"href":"https:\/\/ibecbarcelona.eu\/es\/wp-json\/wp\/v2\/users\/4"}],"replies":[{"embeddable":true,"href":"https:\/\/ibecbarcelona.eu\/es\/wp-json\/wp\/v2\/comments?post=17122"}],"version-history":[{"count":15,"href":"https:\/\/ibecbarcelona.eu\/es\/wp-json\/wp\/v2\/pages\/17122\/revisions"}],"predecessor-version":[{"id":131504,"href":"https:\/\/ibecbarcelona.eu\/es\/wp-json\/wp\/v2\/pages\/17122\/revisions\/131504"}],"up":[{"embeddable":true,"href":"https:\/\/ibecbarcelona.eu\/es\/wp-json\/wp\/v2\/pages\/12216"}],"wp:featuredmedia":[{"embeddable":true,"href":"https:\/\/ibecbarcelona.eu\/es\/wp-json\/wp\/v2\/media\/122278"}],"wp:attachment":[{"href":"https:\/\/ibecbarcelona.eu\/es\/wp-json\/wp\/v2\/media?parent=17122"}],"wp:term":[{"taxonomy":"post_tag","embeddable":true,"href":"https:\/\/ibecbarcelona.eu\/es\/wp-json\/wp\/v2\/tags?post=17122"}],"curies":[{"name":"wp","href":"https:\/\/api.w.org\/{rel}","templated":true}]}}