
{"id":91999,"date":"2022-01-19T17:36:29","date_gmt":"2022-01-19T16:36:29","guid":{"rendered":"https:\/\/testweb.ibecbarcelona.eu\/news\/"},"modified":"2022-07-16T14:09:02","modified_gmt":"2022-07-16T12:09:02","slug":"news","status":"publish","type":"page","link":"https:\/\/ibecbarcelona.eu\/es\/news\/","title":{"rendered":"News"},"content":{"rendered":"<div id=\"gutentastic-grid-6\" class=\"wp-block-gutentastic-post-layouts grid_style4   gutentastic-grid\" data-layout=\"grid_style4\" data-columns=\"3\" data-readmore=\"\" style=\"--block-hover-color:var(--accent);--item-gap : 20px; --item-gap-negative : -20px; --item-margin-bottom : 40px; --item-height: 110px; --image-height:260px; --columns-number:3;\"><div id=\"grid-posts\" class=\"grid-posts grid-column-12\"><article id=\"grid-article-133372\" class=\"post-item  grid-column-3 grid_style4 \" data-id=\"133372\" data-category=\"97\"><div class=\"post-content-area left\"><a class=\"post-link\" target=\"_self\" href=https:\/\/ibecbarcelona.eu\/es\/la-forma-en-que-las-celulas-deciden-cuando-reaccionar-podria-influir-en-futuros-tratamientos-para-el-cancer-y-la-fibrosis><div class=\"hover-excerpt\"><\/div><\/a><div class=\"post-image\"><img decoding=\"async\" width=\"795\" height=\"496\" data-src=\"https:\/\/ibecbarcelona.eu\/wp-content\/uploads\/2026\/04\/Imatge1.png\" class=\"attachment-large size-large wp-post-image lazyload\" alt=\"\" data-srcset=\"https:\/\/ibecbarcelona.eu\/wp-content\/uploads\/2026\/04\/Imatge1.png 795w, https:\/\/ibecbarcelona.eu\/wp-content\/uploads\/2026\/04\/Imatge1-300x187.png 300w, https:\/\/ibecbarcelona.eu\/wp-content\/uploads\/2026\/04\/Imatge1-768x479.png 768w\" data-sizes=\"(max-width: 795px) 100vw, 795px\" src=\"data:image\/svg+xml;base64,PHN2ZyB3aWR0aD0iMSIgaGVpZ2h0PSIxIiB4bWxucz0iaHR0cDovL3d3dy53My5vcmcvMjAwMC9zdmciPjwvc3ZnPg==\" style=\"--smush-placeholder-width: 795px; --smush-placeholder-aspect-ratio: 795\/496;\" \/> <\/div><div class=\"inner-post-content\"><div class=\"post-meta post-meta-category below\"><div class=\"post-meta-time-author\"><div class=\"time_meta\"><time datetime=\"2026-04-29T11:00:00+02:00\">Abr 29, 2026<\/time><\/div><\/div><\/div><h2 class=\"post-title\"><a href=\"https:\/\/ibecbarcelona.eu\/es\/la-forma-en-que-las-celulas-deciden-cuando-reaccionar-podria-influir-en-futuros-tratamientos-para-el-cancer-y-la-fibrosis\" target=\"_self\" rel=\"bookmark\">La forma en que las c\u00e9lulas deciden cu\u00e1ndo reaccionar podr\u00eda influir en futuros tratamientos para el c\u00e1ncer y la fibrosis<\/a><\/h2><\/div><\/div><\/article><article id=\"grid-article-133359\" class=\"post-item  grid-column-3 grid_style4 \" data-id=\"133359\" data-category=\"94\"><div class=\"post-content-area left\"><a class=\"post-link\" target=\"_self\" href=https:\/\/ibecbarcelona.eu\/es\/el-ibec-destaca-en-termiseu-2026-con-una-amplia-participacion-cientifica-y-un-papel-clave-en-el-liderazgo-del-congreso><div class=\"hover-excerpt\"><\/div><\/a><div class=\"post-image\"><img decoding=\"async\" width=\"1024\" height=\"768\" data-src=\"https:\/\/ibecbarcelona.eu\/wp-content\/uploads\/2026\/04\/MSalmeron-TERMIS26-1024x768.jpg\" class=\"attachment-large size-large wp-post-image lazyload\" alt=\"\" data-srcset=\"https:\/\/ibecbarcelona.eu\/wp-content\/uploads\/2026\/04\/MSalmeron-TERMIS26-1024x768.jpg 1024w, https:\/\/ibecbarcelona.eu\/wp-content\/uploads\/2026\/04\/MSalmeron-TERMIS26-300x225.jpg 300w, https:\/\/ibecbarcelona.eu\/wp-content\/uploads\/2026\/04\/MSalmeron-TERMIS26-768x576.jpg 768w, https:\/\/ibecbarcelona.eu\/wp-content\/uploads\/2026\/04\/MSalmeron-TERMIS26.jpg 1498w\" data-sizes=\"(max-width: 1024px) 100vw, 1024px\" src=\"data:image\/svg+xml;base64,PHN2ZyB3aWR0aD0iMSIgaGVpZ2h0PSIxIiB4bWxucz0iaHR0cDovL3d3dy53My5vcmcvMjAwMC9zdmciPjwvc3ZnPg==\" style=\"--smush-placeholder-width: 1024px; --smush-placeholder-aspect-ratio: 1024\/768;\" \/> <\/div><div class=\"inner-post-content\"><div class=\"post-meta post-meta-category below\"><div class=\"post-meta-time-author\"><div class=\"time_meta\"><time datetime=\"2026-04-27T16:47:02+02:00\">Abr 27, 2026<\/time><\/div><\/div><\/div><h2 class=\"post-title\"><a href=\"https:\/\/ibecbarcelona.eu\/es\/el-ibec-destaca-en-termiseu-2026-con-una-amplia-participacion-cientifica-y-un-papel-clave-en-el-liderazgo-del-congreso\" target=\"_self\" rel=\"bookmark\">El IBEC destaca en TERMISEU 2026 con una amplia participaci\u00f3n cient\u00edfica y un papel clave en el liderazgo del congreso<\/a><\/h2><\/div><\/div><\/article><article id=\"grid-article-133199\" class=\"post-item  grid-column-3 grid_style4 \" data-id=\"133199\" data-category=\"97\"><div class=\"post-content-area left\"><a class=\"post-link\" target=\"_self\" href=https:\/\/ibecbarcelona.eu\/es\/crean-tejidos-vivos-capaces-de-cambiar-de-forma-de-manera-programada><div class=\"hover-excerpt\"><\/div><\/a><div class=\"post-image\"><img decoding=\"async\" width=\"1024\" height=\"683\" data-src=\"https:\/\/ibecbarcelona.eu\/wp-content\/uploads\/2026\/04\/XTrepat-PGuillamat-MArroyo-1024x683.jpg\" class=\"attachment-large size-large wp-post-image lazyload\" alt=\"\" data-srcset=\"https:\/\/ibecbarcelona.eu\/wp-content\/uploads\/2026\/04\/XTrepat-PGuillamat-MArroyo-1024x683.jpg 1024w, https:\/\/ibecbarcelona.eu\/wp-content\/uploads\/2026\/04\/XTrepat-PGuillamat-MArroyo-300x200.jpg 300w, https:\/\/ibecbarcelona.eu\/wp-content\/uploads\/2026\/04\/XTrepat-PGuillamat-MArroyo-768x512.jpg 768w, https:\/\/ibecbarcelona.eu\/wp-content\/uploads\/2026\/04\/XTrepat-PGuillamat-MArroyo-1536x1024.jpg 1536w, https:\/\/ibecbarcelona.eu\/wp-content\/uploads\/2026\/04\/XTrepat-PGuillamat-MArroyo-2048x1365.jpg 2048w, https:\/\/ibecbarcelona.eu\/wp-content\/uploads\/2026\/04\/XTrepat-PGuillamat-MArroyo-1200x800.jpg 1200w, https:\/\/ibecbarcelona.eu\/wp-content\/uploads\/2026\/04\/XTrepat-PGuillamat-MArroyo-600x400.jpg 600w\" data-sizes=\"(max-width: 1024px) 100vw, 1024px\" src=\"data:image\/svg+xml;base64,PHN2ZyB3aWR0aD0iMSIgaGVpZ2h0PSIxIiB4bWxucz0iaHR0cDovL3d3dy53My5vcmcvMjAwMC9zdmciPjwvc3ZnPg==\" style=\"--smush-placeholder-width: 1024px; --smush-placeholder-aspect-ratio: 1024\/683;\" \/> <\/div><div class=\"inner-post-content\"><div class=\"post-meta post-meta-category below\"><div class=\"post-meta-time-author\"><div class=\"time_meta\"><time datetime=\"2026-04-16T20:01:00+02:00\">Abr 16, 2026<\/time><\/div><\/div><\/div><h2 class=\"post-title\"><a href=\"https:\/\/ibecbarcelona.eu\/es\/crean-tejidos-vivos-capaces-de-cambiar-de-forma-de-manera-programada\" target=\"_self\" rel=\"bookmark\">Crean tejidos vivos capaces de cambiar de forma de manera programada<\/a><\/h2><\/div><\/div><\/article><article id=\"grid-article-133042\" class=\"post-item  grid-column-3 grid_style4 \" data-id=\"133042\" data-category=\"97\"><div class=\"post-content-area left\"><a class=\"post-link\" target=\"_self\" href=https:\/\/ibecbarcelona.eu\/es\/un-mapa-mutacional-sin-precedentes-revela-como-las-mutaciones-de-la-amilina-influyen-en-la-diabetes-tipo-2><div class=\"hover-excerpt\"><\/div><\/a><div class=\"post-image\"><img decoding=\"async\" width=\"1024\" height=\"683\" data-src=\"https:\/\/ibecbarcelona.eu\/wp-content\/uploads\/2026\/03\/BBolognesi-MBadia_recorte-1024x683.jpg\" class=\"attachment-large size-large wp-post-image lazyload\" alt=\"\" data-srcset=\"https:\/\/ibecbarcelona.eu\/wp-content\/uploads\/2026\/03\/BBolognesi-MBadia_recorte-1024x683.jpg 1024w, https:\/\/ibecbarcelona.eu\/wp-content\/uploads\/2026\/03\/BBolognesi-MBadia_recorte-300x200.jpg 300w, https:\/\/ibecbarcelona.eu\/wp-content\/uploads\/2026\/03\/BBolognesi-MBadia_recorte-768x512.jpg 768w, https:\/\/ibecbarcelona.eu\/wp-content\/uploads\/2026\/03\/BBolognesi-MBadia_recorte-1536x1024.jpg 1536w, https:\/\/ibecbarcelona.eu\/wp-content\/uploads\/2026\/03\/BBolognesi-MBadia_recorte-2048x1366.jpg 2048w, https:\/\/ibecbarcelona.eu\/wp-content\/uploads\/2026\/03\/BBolognesi-MBadia_recorte-1200x800.jpg 1200w, https:\/\/ibecbarcelona.eu\/wp-content\/uploads\/2026\/03\/BBolognesi-MBadia_recorte-600x400.jpg 600w\" data-sizes=\"(max-width: 1024px) 100vw, 1024px\" src=\"data:image\/svg+xml;base64,PHN2ZyB3aWR0aD0iMSIgaGVpZ2h0PSIxIiB4bWxucz0iaHR0cDovL3d3dy53My5vcmcvMjAwMC9zdmciPjwvc3ZnPg==\" style=\"--smush-placeholder-width: 1024px; --smush-placeholder-aspect-ratio: 1024\/683;\" \/> <\/div><div class=\"inner-post-content\"><div class=\"post-meta post-meta-category below\"><div class=\"post-meta-time-author\"><div class=\"time_meta\"><time datetime=\"2026-03-30T13:17:29+02:00\">Mar 30, 2026<\/time><\/div><\/div><\/div><h2 class=\"post-title\"><a href=\"https:\/\/ibecbarcelona.eu\/es\/un-mapa-mutacional-sin-precedentes-revela-como-las-mutaciones-de-la-amilina-influyen-en-la-diabetes-tipo-2\" target=\"_self\" rel=\"bookmark\">Un mapa mutacional sin precedentes revela c\u00f3mo las mutaciones de la amilina influyen en la diabetes tipo 2<\/a><\/h2><\/div><\/div><\/article><article id=\"grid-article-132950\" class=\"post-item  grid-column-3 grid_style4 \" data-id=\"132950\" data-category=\"94\"><div class=\"post-content-area left\"><a class=\"post-link\" target=\"_self\" href=https:\/\/ibecbarcelona.eu\/es\/una-nueva-generacion-de-nanorrobots-terapeuticos-para-transformar-la-medicina-del-futuro><div class=\"hover-excerpt\"><\/div><\/a><div class=\"post-image\"><img decoding=\"async\" width=\"1024\" height=\"682\" data-src=\"https:\/\/ibecbarcelona.eu\/wp-content\/uploads\/2026\/03\/WhatsApp-Image-2026-03-04-at-15.52.55-1024x682.webp\" class=\"attachment-large size-large wp-post-image lazyload\" alt=\"Samuel S\u00e1nchez\" data-srcset=\"https:\/\/ibecbarcelona.eu\/wp-content\/uploads\/2026\/03\/WhatsApp-Image-2026-03-04-at-15.52.55-1024x682.webp 1024w, https:\/\/ibecbarcelona.eu\/wp-content\/uploads\/2026\/03\/WhatsApp-Image-2026-03-04-at-15.52.55-300x200.webp 300w, https:\/\/ibecbarcelona.eu\/wp-content\/uploads\/2026\/03\/WhatsApp-Image-2026-03-04-at-15.52.55-768x512.webp 768w, https:\/\/ibecbarcelona.eu\/wp-content\/uploads\/2026\/03\/WhatsApp-Image-2026-03-04-at-15.52.55-1200x800.webp 1200w, https:\/\/ibecbarcelona.eu\/wp-content\/uploads\/2026\/03\/WhatsApp-Image-2026-03-04-at-15.52.55-600x400.webp 600w, https:\/\/ibecbarcelona.eu\/wp-content\/uploads\/2026\/03\/WhatsApp-Image-2026-03-04-at-15.52.55.webp 1421w\" data-sizes=\"(max-width: 1024px) 100vw, 1024px\" src=\"data:image\/svg+xml;base64,PHN2ZyB3aWR0aD0iMSIgaGVpZ2h0PSIxIiB4bWxucz0iaHR0cDovL3d3dy53My5vcmcvMjAwMC9zdmciPjwvc3ZnPg==\" style=\"--smush-placeholder-width: 1024px; --smush-placeholder-aspect-ratio: 1024\/682;\" \/> <\/div><div class=\"inner-post-content\"><div class=\"post-meta post-meta-category below\"><div class=\"post-meta-time-author\"><div class=\"time_meta\"><time datetime=\"2026-03-20T13:26:43+01:00\">Mar 20, 2026<\/time><\/div><\/div><\/div><h2 class=\"post-title\"><a href=\"https:\/\/ibecbarcelona.eu\/es\/una-nueva-generacion-de-nanorrobots-terapeuticos-para-transformar-la-medicina-del-futuro\" target=\"_self\" rel=\"bookmark\">Una nueva generaci\u00f3n de nanorrobots terap\u00e9uticos para transformar la medicina del futuro<\/a><\/h2><\/div><\/div><\/article><article id=\"grid-article-132868\" class=\"post-item  grid-column-3 grid_style4 \" data-id=\"132868\" data-category=\"94\"><div class=\"post-content-area left\"><a class=\"post-link\" target=\"_self\" href=https:\/\/ibecbarcelona.eu\/es\/el-ibec-participa-en-el-primer-plan-de-desplazamiento-de-empresa-del-parque-cientifico-de-barcelona-para-fomentar-una-movilidad-mas-sostenible><div class=\"hover-excerpt\"><\/div><\/a><div class=\"post-image\"><img decoding=\"async\" width=\"900\" height=\"330\" data-src=\"https:\/\/ibecbarcelona.eu\/wp-content\/uploads\/2026\/03\/Reportatge_PCB-177-1-1.jpg\" class=\"attachment-large size-large wp-post-image lazyload\" alt=\"\" data-srcset=\"https:\/\/ibecbarcelona.eu\/wp-content\/uploads\/2026\/03\/Reportatge_PCB-177-1-1.jpg 900w, https:\/\/ibecbarcelona.eu\/wp-content\/uploads\/2026\/03\/Reportatge_PCB-177-1-1-300x110.jpg 300w, https:\/\/ibecbarcelona.eu\/wp-content\/uploads\/2026\/03\/Reportatge_PCB-177-1-1-768x282.jpg 768w\" data-sizes=\"(max-width: 900px) 100vw, 900px\" src=\"data:image\/svg+xml;base64,PHN2ZyB3aWR0aD0iMSIgaGVpZ2h0PSIxIiB4bWxucz0iaHR0cDovL3d3dy53My5vcmcvMjAwMC9zdmciPjwvc3ZnPg==\" style=\"--smush-placeholder-width: 900px; --smush-placeholder-aspect-ratio: 900\/330;\" \/> <\/div><div class=\"inner-post-content\"><div class=\"post-meta post-meta-category below\"><div class=\"post-meta-time-author\"><div class=\"time_meta\"><time datetime=\"2026-03-19T09:35:48+01:00\">Mar 19, 2026<\/time><\/div><\/div><\/div><h2 class=\"post-title\"><a href=\"https:\/\/ibecbarcelona.eu\/es\/el-ibec-participa-en-el-primer-plan-de-desplazamiento-de-empresa-del-parque-cientifico-de-barcelona-para-fomentar-una-movilidad-mas-sostenible\" target=\"_self\" rel=\"bookmark\">El IBEC participa en el primer Plan de Desplazamiento de Empresa del Parque Cient\u00edfico de Barcelona para fomentar una movilidad m\u00e1s sostenible<\/a><\/h2><\/div><\/div><\/article><article id=\"grid-article-132740\" class=\"post-item  grid-column-3 grid_style4 \" data-id=\"132740\" data-category=\"94\"><div class=\"post-content-area left\"><a class=\"post-link\" target=\"_self\" href=https:\/\/ibecbarcelona.eu\/es\/se-celebra-en-barcelona-la-cuarta-edicion-de-la-conferencia-embl-ibec><div class=\"hover-excerpt\"><\/div><\/a><div class=\"post-image\"><img decoding=\"async\" width=\"1024\" height=\"576\" data-src=\"https:\/\/ibecbarcelona.eu\/wp-content\/uploads\/2026\/03\/1-1024x576.png\" class=\"attachment-large size-large wp-post-image lazyload\" alt=\"\" data-srcset=\"https:\/\/ibecbarcelona.eu\/wp-content\/uploads\/2026\/03\/1-1024x576.png 1024w, https:\/\/ibecbarcelona.eu\/wp-content\/uploads\/2026\/03\/1-300x169.png 300w, https:\/\/ibecbarcelona.eu\/wp-content\/uploads\/2026\/03\/1-768x432.png 768w, https:\/\/ibecbarcelona.eu\/wp-content\/uploads\/2026\/03\/1-1536x864.png 1536w, https:\/\/ibecbarcelona.eu\/wp-content\/uploads\/2026\/03\/1.png 1920w\" data-sizes=\"(max-width: 1024px) 100vw, 1024px\" src=\"data:image\/svg+xml;base64,PHN2ZyB3aWR0aD0iMSIgaGVpZ2h0PSIxIiB4bWxucz0iaHR0cDovL3d3dy53My5vcmcvMjAwMC9zdmciPjwvc3ZnPg==\" style=\"--smush-placeholder-width: 1024px; --smush-placeholder-aspect-ratio: 1024\/576;\" \/> <\/div><div class=\"inner-post-content\"><div class=\"post-meta post-meta-category below\"><div class=\"post-meta-time-author\"><div class=\"time_meta\"><time datetime=\"2026-03-13T13:03:03+01:00\">Mar 13, 2026<\/time><\/div><\/div><\/div><h2 class=\"post-title\"><a href=\"https:\/\/ibecbarcelona.eu\/es\/se-celebra-en-barcelona-la-cuarta-edicion-de-la-conferencia-embl-ibec\" target=\"_self\" rel=\"bookmark\">Se celebra en Barcelona la cuarta edici\u00f3n de la Conferencia EMBL\u2011IBEC<\/a><\/h2><\/div><\/div><\/article><article id=\"grid-article-132576\" class=\"post-item  grid-column-3 grid_style4 \" data-id=\"132576\" data-category=\"94\"><div class=\"post-content-area left\"><a class=\"post-link\" target=\"_self\" href=https:\/\/ibecbarcelona.eu\/es\/ibec-welcomes-a-new-international-cohort-of-doctoral-students-in-collaboration-with-hospitals-and-centres-of-excellence\/><div class=\"hover-excerpt\"><\/div><\/a><div class=\"post-image\"><img decoding=\"async\" width=\"1024\" height=\"576\" data-src=\"https:\/\/ibecbarcelona.eu\/wp-content\/uploads\/2026\/03\/20260305_155033-Editada-1024x576.jpg\" class=\"attachment-large size-large wp-post-image lazyload\" alt=\"\" data-srcset=\"https:\/\/ibecbarcelona.eu\/wp-content\/uploads\/2026\/03\/20260305_155033-Editada-1024x576.jpg 1024w, https:\/\/ibecbarcelona.eu\/wp-content\/uploads\/2026\/03\/20260305_155033-Editada-300x169.jpg 300w, https:\/\/ibecbarcelona.eu\/wp-content\/uploads\/2026\/03\/20260305_155033-Editada-768x432.jpg 768w, https:\/\/ibecbarcelona.eu\/wp-content\/uploads\/2026\/03\/20260305_155033-Editada-1536x864.jpg 1536w, https:\/\/ibecbarcelona.eu\/wp-content\/uploads\/2026\/03\/20260305_155033-Editada-2048x1152.jpg 2048w\" data-sizes=\"(max-width: 1024px) 100vw, 1024px\" src=\"data:image\/svg+xml;base64,PHN2ZyB3aWR0aD0iMSIgaGVpZ2h0PSIxIiB4bWxucz0iaHR0cDovL3d3dy53My5vcmcvMjAwMC9zdmciPjwvc3ZnPg==\" style=\"--smush-placeholder-width: 1024px; --smush-placeholder-aspect-ratio: 1024\/576;\" \/> <\/div><div class=\"inner-post-content\"><div class=\"post-meta post-meta-category below\"><div class=\"post-meta-time-author\"><div class=\"time_meta\"><time datetime=\"2026-03-10T16:38:51+01:00\">Mar 10, 2026<\/time><\/div><\/div><\/div><h2 class=\"post-title\"><a href=\"https:\/\/ibecbarcelona.eu\/es\/ibec-welcomes-a-new-international-cohort-of-doctoral-students-in-collaboration-with-hospitals-and-centres-of-excellence\/\" target=\"_self\" rel=\"bookmark\">El IBEC incorpora una nueva promoci\u00f3n internacional de doctorandos en colaboraci\u00f3n con hospitales y centros de excelencia<\/a><\/h2><\/div><\/div><\/article><article id=\"grid-article-132516\" class=\"post-item  grid-column-3 grid_style4 \" data-id=\"132516\" data-category=\"94\"><div class=\"post-content-area left\"><a class=\"post-link\" target=\"_self\" href=https:\/\/ibecbarcelona.eu\/es\/el-ibec-muestra-su-liderazgo-en-innovacion-biomedica-en-el-mwc26-con-tres-proyectos-disruptivos><div class=\"hover-excerpt\"><\/div><\/a><div class=\"post-image\"><img decoding=\"async\" width=\"1024\" height=\"768\" data-src=\"https:\/\/ibecbarcelona.eu\/wp-content\/uploads\/2026\/03\/61cc3c8d-4eec-4a7d-88bf-470e89960646-1024x768.jpg\" class=\"attachment-large size-large wp-post-image lazyload\" alt=\"\" data-srcset=\"https:\/\/ibecbarcelona.eu\/wp-content\/uploads\/2026\/03\/61cc3c8d-4eec-4a7d-88bf-470e89960646-1024x768.jpg 1024w, https:\/\/ibecbarcelona.eu\/wp-content\/uploads\/2026\/03\/61cc3c8d-4eec-4a7d-88bf-470e89960646-300x225.jpg 300w, https:\/\/ibecbarcelona.eu\/wp-content\/uploads\/2026\/03\/61cc3c8d-4eec-4a7d-88bf-470e89960646-768x576.jpg 768w, https:\/\/ibecbarcelona.eu\/wp-content\/uploads\/2026\/03\/61cc3c8d-4eec-4a7d-88bf-470e89960646-1536x1152.jpg 1536w, https:\/\/ibecbarcelona.eu\/wp-content\/uploads\/2026\/03\/61cc3c8d-4eec-4a7d-88bf-470e89960646.jpg 1920w\" data-sizes=\"(max-width: 1024px) 100vw, 1024px\" src=\"data:image\/svg+xml;base64,PHN2ZyB3aWR0aD0iMSIgaGVpZ2h0PSIxIiB4bWxucz0iaHR0cDovL3d3dy53My5vcmcvMjAwMC9zdmciPjwvc3ZnPg==\" style=\"--smush-placeholder-width: 1024px; --smush-placeholder-aspect-ratio: 1024\/768;\" \/> <\/div><div class=\"inner-post-content\"><div class=\"post-meta post-meta-category below\"><div class=\"post-meta-time-author\"><div class=\"time_meta\"><time datetime=\"2026-03-09T17:10:47+01:00\">Mar 9, 2026<\/time><\/div><\/div><\/div><h2 class=\"post-title\"><a href=\"https:\/\/ibecbarcelona.eu\/es\/el-ibec-muestra-su-liderazgo-en-innovacion-biomedica-en-el-mwc26-con-tres-proyectos-disruptivos\" target=\"_self\" rel=\"bookmark\">El IBEC muestra su liderazgo en innovaci\u00f3n biom\u00e9dica en el MWC26 con tres proyectos disruptivos<\/a><\/h2><\/div><\/div><\/article><article id=\"grid-article-132824\" class=\"post-item  grid-column-3 grid_style4 \" data-id=\"132824\" data-category=\"94\"><div class=\"post-content-area left\"><a class=\"post-link\" target=\"_self\" href=https:\/\/ibecbarcelona.eu\/es\/el-bist-aboga-por-reformas-para-convertir-los-descubrimientos-cientificos-en-industria-europea><div class=\"hover-excerpt\"><\/div><\/a><div class=\"post-image\"><img decoding=\"async\" width=\"1024\" height=\"683\" data-src=\"https:\/\/ibecbarcelona.eu\/wp-content\/uploads\/2026\/03\/55137659161_e33510cfa5_k-1024x683.jpg\" class=\"attachment-large size-large wp-post-image lazyload\" alt=\"\" data-srcset=\"https:\/\/ibecbarcelona.eu\/wp-content\/uploads\/2026\/03\/55137659161_e33510cfa5_k-1024x683.jpg 1024w, https:\/\/ibecbarcelona.eu\/wp-content\/uploads\/2026\/03\/55137659161_e33510cfa5_k-300x200.jpg 300w, https:\/\/ibecbarcelona.eu\/wp-content\/uploads\/2026\/03\/55137659161_e33510cfa5_k-768x512.jpg 768w, https:\/\/ibecbarcelona.eu\/wp-content\/uploads\/2026\/03\/55137659161_e33510cfa5_k-1536x1024.jpg 1536w, https:\/\/ibecbarcelona.eu\/wp-content\/uploads\/2026\/03\/55137659161_e33510cfa5_k-1200x800.jpg 1200w, https:\/\/ibecbarcelona.eu\/wp-content\/uploads\/2026\/03\/55137659161_e33510cfa5_k-600x400.jpg 600w, https:\/\/ibecbarcelona.eu\/wp-content\/uploads\/2026\/03\/55137659161_e33510cfa5_k.jpg 2048w\" data-sizes=\"(max-width: 1024px) 100vw, 1024px\" src=\"data:image\/svg+xml;base64,PHN2ZyB3aWR0aD0iMSIgaGVpZ2h0PSIxIiB4bWxucz0iaHR0cDovL3d3dy53My5vcmcvMjAwMC9zdmciPjwvc3ZnPg==\" style=\"--smush-placeholder-width: 1024px; --smush-placeholder-aspect-ratio: 1024\/683;\" \/> <\/div><div class=\"inner-post-content\"><div class=\"post-meta post-meta-category below\"><div class=\"post-meta-time-author\"><div class=\"time_meta\"><time datetime=\"2026-03-09T12:00:00+01:00\">Mar 9, 2026<\/time><\/div><\/div><\/div><h2 class=\"post-title\"><a href=\"https:\/\/ibecbarcelona.eu\/es\/el-bist-aboga-por-reformas-para-convertir-los-descubrimientos-cientificos-en-industria-europea\" target=\"_self\" rel=\"bookmark\">El BIST aboga por reformas para convertir los descubrimientos cient\u00edficos en industria europea<\/a><\/h2><\/div><\/div><\/article><article id=\"grid-article-132465\" class=\"post-item  grid-column-3 grid_style4 \" data-id=\"132465\" data-category=\"94\"><div class=\"post-content-area left\"><a class=\"post-link\" target=\"_self\" href=https:\/\/ibecbarcelona.eu\/es\/nanomedicina-para-enfermedades-raras-expertos-analizan-nuevos-enfoques-en-el-nano-rare-diseases-day\/><div class=\"hover-excerpt\"><\/div><\/a><div class=\"post-image\"><img decoding=\"async\" width=\"1024\" height=\"644\" data-src=\"https:\/\/ibecbarcelona.eu\/wp-content\/uploads\/2026\/03\/Para-portada_OK-1024x644.jpg\" class=\"attachment-large size-large wp-post-image lazyload\" alt=\"\" data-srcset=\"https:\/\/ibecbarcelona.eu\/wp-content\/uploads\/2026\/03\/Para-portada_OK-1024x644.jpg 1024w, https:\/\/ibecbarcelona.eu\/wp-content\/uploads\/2026\/03\/Para-portada_OK-300x189.jpg 300w, https:\/\/ibecbarcelona.eu\/wp-content\/uploads\/2026\/03\/Para-portada_OK-768x483.jpg 768w, https:\/\/ibecbarcelona.eu\/wp-content\/uploads\/2026\/03\/Para-portada_OK-1536x966.jpg 1536w, https:\/\/ibecbarcelona.eu\/wp-content\/uploads\/2026\/03\/Para-portada_OK-2048x1289.jpg 2048w\" data-sizes=\"(max-width: 1024px) 100vw, 1024px\" src=\"data:image\/svg+xml;base64,PHN2ZyB3aWR0aD0iMSIgaGVpZ2h0PSIxIiB4bWxucz0iaHR0cDovL3d3dy53My5vcmcvMjAwMC9zdmciPjwvc3ZnPg==\" style=\"--smush-placeholder-width: 1024px; --smush-placeholder-aspect-ratio: 1024\/644;\" \/> <\/div><div class=\"inner-post-content\"><div class=\"post-meta post-meta-category below\"><div class=\"post-meta-time-author\"><div class=\"time_meta\"><time datetime=\"2026-03-05T13:17:16+01:00\">Mar 5, 2026<\/time><\/div><\/div><\/div><h2 class=\"post-title\"><a href=\"https:\/\/ibecbarcelona.eu\/es\/nanomedicina-para-enfermedades-raras-expertos-analizan-nuevos-enfoques-en-el-nano-rare-diseases-day\/\" target=\"_self\" rel=\"bookmark\">Nanomedicina para enfermedades raras: expertos analizan nuevos enfoques en el Nano Rare Diseases Day<\/a><\/h2><\/div><\/div><\/article><article id=\"grid-article-132365\" class=\"post-item  grid-column-3 grid_style4 \" data-id=\"132365\" data-category=\"97\"><div class=\"post-content-area left\"><a class=\"post-link\" target=\"_self\" href=https:\/\/ibecbarcelona.eu\/es\/un-hito-en-la-monitorizacion-del-metabolismo-a-tiempo-real-el-equipo-de-rmn-del-proyecto-bloc-sale-a-la-luz\/><div class=\"hover-excerpt\"><\/div><\/a><div class=\"post-image\"><img decoding=\"async\" width=\"494\" height=\"430\" data-src=\"https:\/\/ibecbarcelona.eu\/wp-content\/uploads\/2026\/03\/imagen-equipo.png\" class=\"attachment-large size-large wp-post-image lazyload\" alt=\"\" data-srcset=\"https:\/\/ibecbarcelona.eu\/wp-content\/uploads\/2026\/03\/imagen-equipo.png 494w, https:\/\/ibecbarcelona.eu\/wp-content\/uploads\/2026\/03\/imagen-equipo-300x261.png 300w\" data-sizes=\"(max-width: 494px) 100vw, 494px\" src=\"data:image\/svg+xml;base64,PHN2ZyB3aWR0aD0iMSIgaGVpZ2h0PSIxIiB4bWxucz0iaHR0cDovL3d3dy53My5vcmcvMjAwMC9zdmciPjwvc3ZnPg==\" style=\"--smush-placeholder-width: 494px; --smush-placeholder-aspect-ratio: 494\/430;\" \/> <\/div><div class=\"inner-post-content\"><div class=\"post-meta post-meta-category below\"><div class=\"post-meta-time-author\"><div class=\"time_meta\"><time datetime=\"2026-03-02T17:14:11+01:00\">Mar 2, 2026<\/time><\/div><\/div><\/div><h2 class=\"post-title\"><a href=\"https:\/\/ibecbarcelona.eu\/es\/un-hito-en-la-monitorizacion-del-metabolismo-a-tiempo-real-el-equipo-de-rmn-del-proyecto-bloc-sale-a-la-luz\/\" target=\"_self\" rel=\"bookmark\">Un hito en la monitorizaci\u00f3n del metabolismo a tiempo real: el equipo de RMN del Proyecto BLOC sale a la luz<\/a><\/h2><\/div><\/div><\/article><div class=\"gutentastic-pagination-loading-container\"><\/div><\/div><div class=\"gutentastic-pagination center gutentastic-navigation gutentastic-pagination-style1 ajax 6\" data-paged=\"1\"><span aria-current=\"page\" class=\"page-numbers current\">1<\/span>\n<a class=\"page-numbers\" href=\"https:\/\/ibecbarcelona.eu\/es\/wp-json\/wp\/v2\/pages\/91999\/?paged6=2\">2<\/a>\n<a class=\"page-numbers\" href=\"https:\/\/ibecbarcelona.eu\/es\/wp-json\/wp\/v2\/pages\/91999\/?paged6=3\">3<\/a>\n<span class=\"page-numbers dots\">&hellip;<\/span>\n<a class=\"page-numbers\" href=\"https:\/\/ibecbarcelona.eu\/es\/wp-json\/wp\/v2\/pages\/91999\/?paged6=95\">95<\/a>\n<a class=\"next page-numbers\" href=\"https:\/\/ibecbarcelona.eu\/es\/wp-json\/wp\/v2\/pages\/91999\/?paged6=2\">Next<i class=\"dashicons dashicons-arrow-right-alt2\"><\/i><\/a><\/div><\/div>","protected":false},"excerpt":{"rendered":"","protected":false},"author":26,"featured_media":0,"parent":0,"menu_order":0,"comment_status":"closed","ping_status":"closed","template":"","meta":{"footnotes":""},"tags":[],"class_list":["post-91999","page","type-page","status-publish"],"yoast_head":"<!-- This site is optimized with the Yoast SEO plugin v27.5 - https:\/\/yoast.com\/product\/yoast-seo-wordpress\/ -->\n<title>News - Institute for Bioengineering of Catalonia<\/title>\n<meta name=\"robots\" content=\"index, follow, max-snippet:-1, max-image-preview:large, max-video-preview:-1\" \/>\n<link rel=\"canonical\" href=\"https:\/\/ibecbarcelona.eu\/es\/news\/\" \/>\n<meta property=\"og:locale\" content=\"es_ES\" \/>\n<meta property=\"og:type\" content=\"article\" \/>\n<meta property=\"og:title\" content=\"News - Institute for Bioengineering of Catalonia\" \/>\n<meta property=\"og:url\" content=\"https:\/\/ibecbarcelona.eu\/es\/news\/\" \/>\n<meta property=\"og:site_name\" content=\"Institute for Bioengineering of Catalonia\" \/>\n<meta property=\"article:modified_time\" content=\"2022-07-16T12:09:02+00:00\" \/>\n<meta name=\"twitter:card\" content=\"summary_large_image\" \/>\n<script type=\"application\/ld+json\" class=\"yoast-schema-graph\">{\"@context\":\"https:\\\/\\\/schema.org\",\"@graph\":[{\"@type\":\"WebPage\",\"@id\":\"https:\\\/\\\/ibecbarcelona.eu\\\/es\\\/news\\\/\",\"url\":\"https:\\\/\\\/ibecbarcelona.eu\\\/es\\\/news\\\/\",\"name\":\"News - Institute for Bioengineering of Catalonia\",\"isPartOf\":{\"@id\":\"https:\\\/\\\/ibecbarcelona.eu\\\/#website\"},\"datePublished\":\"2022-01-19T16:36:29+00:00\",\"dateModified\":\"2022-07-16T12:09:02+00:00\",\"breadcrumb\":{\"@id\":\"https:\\\/\\\/ibecbarcelona.eu\\\/es\\\/news\\\/#breadcrumb\"},\"inLanguage\":\"es\",\"potentialAction\":[{\"@type\":\"ReadAction\",\"target\":[\"https:\\\/\\\/ibecbarcelona.eu\\\/es\\\/news\\\/\"]}]},{\"@type\":\"BreadcrumbList\",\"@id\":\"https:\\\/\\\/ibecbarcelona.eu\\\/es\\\/news\\\/#breadcrumb\",\"itemListElement\":[{\"@type\":\"ListItem\",\"position\":1,\"name\":\"Home\",\"item\":\"https:\\\/\\\/ibecbarcelona.eu\\\/es\\\/\"},{\"@type\":\"ListItem\",\"position\":2,\"name\":\"News\"}]},{\"@type\":\"WebSite\",\"@id\":\"https:\\\/\\\/ibecbarcelona.eu\\\/#website\",\"url\":\"https:\\\/\\\/ibecbarcelona.eu\\\/\",\"name\":\"Institute for Bioengineering of Catalonia\",\"description\":\"Bioengineering solutions for health\",\"publisher\":{\"@id\":\"https:\\\/\\\/ibecbarcelona.eu\\\/#organization\"},\"potentialAction\":[{\"@type\":\"SearchAction\",\"target\":{\"@type\":\"EntryPoint\",\"urlTemplate\":\"https:\\\/\\\/ibecbarcelona.eu\\\/?s={search_term_string}\"},\"query-input\":{\"@type\":\"PropertyValueSpecification\",\"valueRequired\":true,\"valueName\":\"search_term_string\"}}],\"inLanguage\":\"es\"},{\"@type\":\"Organization\",\"@id\":\"https:\\\/\\\/ibecbarcelona.eu\\\/#organization\",\"name\":\"Institute for Bioengineering of Catalonia\",\"url\":\"https:\\\/\\\/ibecbarcelona.eu\\\/\",\"logo\":{\"@type\":\"ImageObject\",\"inLanguage\":\"es\",\"@id\":\"https:\\\/\\\/ibecbarcelona.eu\\\/#\\\/schema\\\/logo\\\/image\\\/\",\"url\":\"https:\\\/\\\/ibecbarcelona.eu\\\/wp-content\\\/uploads\\\/2026\\\/01\\\/cropped-IBEC_20ANYS_GRIS.png\",\"contentUrl\":\"https:\\\/\\\/ibecbarcelona.eu\\\/wp-content\\\/uploads\\\/2026\\\/01\\\/cropped-IBEC_20ANYS_GRIS.png\",\"width\":696,\"height\":257,\"caption\":\"Institute for Bioengineering of Catalonia\"},\"image\":{\"@id\":\"https:\\\/\\\/ibecbarcelona.eu\\\/#\\\/schema\\\/logo\\\/image\\\/\"}}]}<\/script>\n<!-- \/ Yoast SEO plugin. -->","yoast_head_json":{"title":"News - Institute for Bioengineering of Catalonia","robots":{"index":"index","follow":"follow","max-snippet":"max-snippet:-1","max-image-preview":"max-image-preview:large","max-video-preview":"max-video-preview:-1"},"canonical":"https:\/\/ibecbarcelona.eu\/es\/news\/","og_locale":"es_ES","og_type":"article","og_title":"News - Institute for Bioengineering of Catalonia","og_url":"https:\/\/ibecbarcelona.eu\/es\/news\/","og_site_name":"Institute for Bioengineering of Catalonia","article_modified_time":"2022-07-16T12:09:02+00:00","twitter_card":"summary_large_image","schema":{"@context":"https:\/\/schema.org","@graph":[{"@type":"WebPage","@id":"https:\/\/ibecbarcelona.eu\/es\/news\/","url":"https:\/\/ibecbarcelona.eu\/es\/news\/","name":"News - Institute for Bioengineering of Catalonia","isPartOf":{"@id":"https:\/\/ibecbarcelona.eu\/#website"},"datePublished":"2022-01-19T16:36:29+00:00","dateModified":"2022-07-16T12:09:02+00:00","breadcrumb":{"@id":"https:\/\/ibecbarcelona.eu\/es\/news\/#breadcrumb"},"inLanguage":"es","potentialAction":[{"@type":"ReadAction","target":["https:\/\/ibecbarcelona.eu\/es\/news\/"]}]},{"@type":"BreadcrumbList","@id":"https:\/\/ibecbarcelona.eu\/es\/news\/#breadcrumb","itemListElement":[{"@type":"ListItem","position":1,"name":"Home","item":"https:\/\/ibecbarcelona.eu\/es\/"},{"@type":"ListItem","position":2,"name":"News"}]},{"@type":"WebSite","@id":"https:\/\/ibecbarcelona.eu\/#website","url":"https:\/\/ibecbarcelona.eu\/","name":"Institute for Bioengineering of Catalonia","description":"Bioengineering solutions for health","publisher":{"@id":"https:\/\/ibecbarcelona.eu\/#organization"},"potentialAction":[{"@type":"SearchAction","target":{"@type":"EntryPoint","urlTemplate":"https:\/\/ibecbarcelona.eu\/?s={search_term_string}"},"query-input":{"@type":"PropertyValueSpecification","valueRequired":true,"valueName":"search_term_string"}}],"inLanguage":"es"},{"@type":"Organization","@id":"https:\/\/ibecbarcelona.eu\/#organization","name":"Institute for Bioengineering of Catalonia","url":"https:\/\/ibecbarcelona.eu\/","logo":{"@type":"ImageObject","inLanguage":"es","@id":"https:\/\/ibecbarcelona.eu\/#\/schema\/logo\/image\/","url":"https:\/\/ibecbarcelona.eu\/wp-content\/uploads\/2026\/01\/cropped-IBEC_20ANYS_GRIS.png","contentUrl":"https:\/\/ibecbarcelona.eu\/wp-content\/uploads\/2026\/01\/cropped-IBEC_20ANYS_GRIS.png","width":696,"height":257,"caption":"Institute for Bioengineering of Catalonia"},"image":{"@id":"https:\/\/ibecbarcelona.eu\/#\/schema\/logo\/image\/"}}]}},"AFP_featured_media_urls":{"full":false,"thumbnail":false,"medium":false,"medium_large":false,"large":false},"AFP_attachments":[],"AFP_videos":[],"AFP_video_blocks":"","AFP_category_names":[],"_links":{"self":[{"href":"https:\/\/ibecbarcelona.eu\/es\/wp-json\/wp\/v2\/pages\/91999","targetHints":{"allow":["GET"]}}],"collection":[{"href":"https:\/\/ibecbarcelona.eu\/es\/wp-json\/wp\/v2\/pages"}],"about":[{"href":"https:\/\/ibecbarcelona.eu\/es\/wp-json\/wp\/v2\/types\/page"}],"author":[{"embeddable":true,"href":"https:\/\/ibecbarcelona.eu\/es\/wp-json\/wp\/v2\/users\/26"}],"replies":[{"embeddable":true,"href":"https:\/\/ibecbarcelona.eu\/es\/wp-json\/wp\/v2\/comments?post=91999"}],"version-history":[{"count":5,"href":"https:\/\/ibecbarcelona.eu\/es\/wp-json\/wp\/v2\/pages\/91999\/revisions"}],"predecessor-version":[{"id":95766,"href":"https:\/\/ibecbarcelona.eu\/es\/wp-json\/wp\/v2\/pages\/91999\/revisions\/95766"}],"wp:attachment":[{"href":"https:\/\/ibecbarcelona.eu\/es\/wp-json\/wp\/v2\/media?parent=91999"}],"wp:term":[{"taxonomy":"post_tag","embeddable":true,"href":"https:\/\/ibecbarcelona.eu\/es\/wp-json\/wp\/v2\/tags?post=91999"}],"curies":[{"name":"wp","href":"https:\/\/api.w.org\/{rel}","templated":true}]}}